{"id":1250,"date":"2015-03-10T16:35:43","date_gmt":"2015-03-10T15:35:43","guid":{"rendered":"http:\/\/www.aphyllanthe.fr\/association\/?page_id=1250"},"modified":"2015-03-10T16:45:48","modified_gmt":"2015-03-10T15:45:48","slug":"memoire-des-charbonniers","status":"publish","type":"page","link":"https:\/\/www.aphyllanthe.fr\/association\/enfance\/memoire-des-charbonniers\/","title":{"rendered":"M\u00e9moire des charbonniers"},"content":{"rendered":"<p><figure id=\"attachment_1253\" aria-describedby=\"caption-attachment-1253\" style=\"width: 300px\" class=\"wp-caption alignright\"><a href=\"http:\/\/www.aphyllanthe.fr\/association\/wp-content\/uploads\/2015\/03\/charbon.jpg\"><img loading=\"lazy\" decoding=\"async\" src=\"http:\/\/www.aphyllanthe.fr\/association\/wp-content\/uploads\/2015\/03\/charbon-300x206.jpg\" alt=\"charbon de bois\" width=\"300\" height=\"206\" class=\"size-medium wp-image-1253\" srcset=\"https:\/\/www.aphyllanthe.fr\/association\/wp-content\/uploads\/2015\/03\/charbon-300x206.jpg 300w, https:\/\/www.aphyllanthe.fr\/association\/wp-content\/uploads\/2015\/03\/charbon-1024x703.jpg 1024w, https:\/\/www.aphyllanthe.fr\/association\/wp-content\/uploads\/2015\/03\/charbon-600x412.jpg 600w, https:\/\/www.aphyllanthe.fr\/association\/wp-content\/uploads\/2015\/03\/charbon.jpg 1204w\" sizes=\"auto, (max-width: 300px) 100vw, 300px\" \/><\/a><figcaption id=\"caption-attachment-1253\" class=\"wp-caption-text\">charbon de bois, m\u00e9moire des charbonniers<\/figcaption><\/figure>En 2005, le conseil municipal d\u2019Aigaliers a propos\u00e9 \u00e0 l\u2019association Aphyllanthe de travailler sur la m\u00e9moire des anciens charbonniers, d\u00e9sireux de transmettre leur histoire. Les partenaires institutionnels du Contrat Educatif Local, le Conseil G\u00e9n\u00e9ral et Jeunesse et Sport se sont engag\u00e9s dans le projet et l\u2019ont financ\u00e9. Le pays Uz\u00e8ge Pont du Gard a apport\u00e9 son aide technique par l\u2019interm\u00e9diaire de Jennifer Gomez, charg\u00e9e de mission patrimoine et le recrutement d\u2019une stagiaire du Master Valorisation et M\u00e9diation des Patrimoines de l\u2019Universit\u00e9 Paul Val\u00e9ry de Montpellier. Devant l\u2019ampleur et l\u2019int\u00e9r\u00eat grandissant pour le projet, le Contrat Educatif Local d\u2019Aigaliers, Baron, Foissac a pris le relais pour la coordination, entra\u00eenant ainsi la participation des associations, Aphyllanthe, ABA, les Lutins et les Escoules, des enseignants et des \u00e9lus locaux d\u2019Aigaliers, Baron, Foissac auxquels se sont joints l\u2019association du patrimoine de Baron et la biblioth\u00e8que de Foissac.<\/p>\n<p>Ce vaste travail de collecte de la m\u00e9moire, s\u2019est bas\u00e9 en tout premier lieu sur la r\u00e9colte de t\u00e9moignages ; \u00e0 la fois des anciens charbonniers et des habitants qui les ont c\u00f4toy\u00e9s quand ils exer\u00e7aient encore leur profession. Des b\u00e9n\u00e9voles se sont charg\u00e9s de r\u00e9colter les t\u00e9moignages des anciens charbonniers et des adolescents ont photographi\u00e9 les anciens outils, afin de mieux conna\u00eetre leurs conditions de vie et leurs techniques de travail. L\u2019association Aphyllanthe et les b\u00e9n\u00e9voles ont pu recueillir treize t\u00e9moignages. Huit enfants de charbonniers ont accept\u00e9s de raconter leur histoire : Edigio Cavagna, Ange Galizzi, Bernard Galizzi, Jean Galizzi, Dominique Licini, Claire Scanzi, Nathalie Scanzi, Albert Rondelli. Cinq t\u00e9moins, des personnes qui ont v\u00e9cu \u00e0 la m\u00eame \u00e9poque que les charbonniers, ont \u00e9t\u00e9 interview\u00e9s : Andr\u00e9 Balmassi\u00e8re, Lucien Esp\u00e9randieu, Claude Girard, G\u00e9rard Joffre, Gilbert Grandjean. La r\u00e9colte de la m\u00e9moire s\u2019est faite gr\u00e2ce \u00e0 des entretiens oraux enregistr\u00e9s, mais les b\u00e9n\u00e9voles ont aussi recueilli des objets, surtout des outils, et des photographies. Une fois les entretiens retranscrits, un travail de synth\u00e8se des donn\u00e9es a \u00e9t\u00e9 r\u00e9alis\u00e9, en suivant une organisation th\u00e9matique. La synth\u00e8se est le premier travail d\u2019explication des sources, permettant d\u2019avoir les donn\u00e9es et les connaissances n\u00e9cessaires pour de futures pistes de valorisation du projet. Le dossier pr\u00e9sente \u00e0 la fois la synth\u00e8se de ces sources, le canevas d\u2019enqu\u00eate, les partenaires du projet, des fiches d\u2019identit\u00e9 des t\u00e9moins, les photographies d\u2019\u00e9poque des anciens charbonniers, les photographies des outils r\u00e9alis\u00e9es par les enfants.<br \/>\n<figure id=\"attachment_1252\" aria-describedby=\"caption-attachment-1252\" style=\"width: 1013px\" class=\"wp-caption aligncenter\"><a href=\"http:\/\/www.aphyllanthe.fr\/association\/wp-content\/uploads\/2015\/03\/carte.jpg\"><img loading=\"lazy\" decoding=\"async\" src=\"http:\/\/www.aphyllanthe.fr\/association\/wp-content\/uploads\/2015\/03\/carte.jpg\" alt=\"projet &quot;m\u00e9moire des charbonniers&quot;\" width=\"1013\" height=\"718\" class=\"size-full wp-image-1252\" srcset=\"https:\/\/www.aphyllanthe.fr\/association\/wp-content\/uploads\/2015\/03\/carte.jpg 1013w, https:\/\/www.aphyllanthe.fr\/association\/wp-content\/uploads\/2015\/03\/carte-300x213.jpg 300w, https:\/\/www.aphyllanthe.fr\/association\/wp-content\/uploads\/2015\/03\/carte-600x425.jpg 600w\" sizes=\"auto, (max-width: 1013px) 100vw, 1013px\" \/><\/a><figcaption id=\"caption-attachment-1252\" class=\"wp-caption-text\">rayon d&rsquo;action du projet \u00ab\u00a0m\u00e9moire des charbonniers\u00a0\u00bb<\/figcaption><\/figure><br \/>\nJusqu\u2019au milieu du XIX\u00e8me si\u00e8cle, l\u2019activit\u00e9 de charbonnage est surtout pratiqu\u00e9e par les paysans et les artisans qui exploitent la for\u00eat selon leur besoin et n\u2019est pas encore consid\u00e9r\u00e9e comme un m\u00e9tier \u00e0 part enti\u00e8re. L\u2019activit\u00e9 des charbonniers devient une sp\u00e9cialit\u00e9 au cours du XIX\u00e8me si\u00e8cle, d\u2019abord aux mains des Auvergnats, puis \u00e0 celle des Italiens. Cette sp\u00e9cialisation du travail par les italiens doit \u00eatre mise en parall\u00e8le avec la vague d\u2019immigration europ\u00e9enne, et plus particuli\u00e8rement italienne entre les ann\u00e9es 1870 et 1914. Les immigr\u00e9s italiens de la commune d\u2019Aigaliers, sont majoritairement issus de la r\u00e9gion de Bergame. Les \u00ab Bergamasques \u00bb sont sp\u00e9cialis\u00e9s dans le b\u00fbcheronnage depuis des si\u00e8cles. Un seul des anciens charbonniers est originaire de la r\u00e9gion de Toscane, \u00e0 c\u00f4t\u00e9 de Trente. La plupart des p\u00e8res de famille sont venus au d\u00e9but du XX\u00e8me si\u00e8cle pour trouver du travail et faire les saisons. Ils repartent en Italie lors de la premi\u00e8re guerre mondiale pour combattre dans l\u2019arm\u00e9e italienne et fonder une famille. La mis\u00e8re li\u00e9e \u00e0 la crise sociale et \u00e9conomique italienne au d\u00e9but des ann\u00e9es 1920 et l\u2019instauration du r\u00e9gime fasciste par Mussolini les poussent \u00e0 revenir en France.<\/p>\n<p><a href=\"http:\/\/www.aphyllanthe.fr\/association\/wp-content\/uploads\/2015\/03\/memoire-des-charbonniers.pdf\" target=\"_blank\">Lire la suite dans le rapport d\u00e9taill\u00e9 du projet (4Mo)<\/a><\/p>\n","protected":false},"excerpt":{"rendered":"<p>En 2005, le conseil municipal d\u2019Aigaliers a propos\u00e9 \u00e0 l\u2019association Aphyllanthe de travailler sur la m\u00e9moire des anciens charbonniers, d\u00e9sireux de transmettre leur histoire. Les partenaires institutionnels du Contrat Educatif Local, le Conseil G\u00e9n\u00e9ral et Jeunesse et Sport se sont engag\u00e9s dans le projet et l\u2019ont financ\u00e9. Le pays Uz\u00e8ge Pont du Gard a apport\u00e9 &hellip; <a href=\"https:\/\/www.aphyllanthe.fr\/association\/enfance\/memoire-des-charbonniers\/\" class=\"more-link\">Continuer la lecture de <span class=\"screen-reader-text\">M\u00e9moire des charbonniers<\/span>  <span class=\"meta-nav\">&rarr;<\/span><\/a><\/p>\n","protected":false},"author":1,"featured_media":0,"parent":388,"menu_order":3,"comment_status":"open","ping_status":"open","template":"","meta":{"footnotes":""},"class_list":["post-1250","page","type-page","status-publish","hentry"],"_links":{"self":[{"href":"https:\/\/www.aphyllanthe.fr\/association\/wp-json\/wp\/v2\/pages\/1250","targetHints":{"allow":["GET"]}}],"collection":[{"href":"https:\/\/www.aphyllanthe.fr\/association\/wp-json\/wp\/v2\/pages"}],"about":[{"href":"https:\/\/www.aphyllanthe.fr\/association\/wp-json\/wp\/v2\/types\/page"}],"author":[{"embeddable":true,"href":"https:\/\/www.aphyllanthe.fr\/association\/wp-json\/wp\/v2\/users\/1"}],"replies":[{"embeddable":true,"href":"https:\/\/www.aphyllanthe.fr\/association\/wp-json\/wp\/v2\/comments?post=1250"}],"version-history":[{"count":0,"href":"https:\/\/www.aphyllanthe.fr\/association\/wp-json\/wp\/v2\/pages\/1250\/revisions"}],"up":[{"embeddable":true,"href":"https:\/\/www.aphyllanthe.fr\/association\/wp-json\/wp\/v2\/pages\/388"}],"wp:attachment":[{"href":"https:\/\/www.aphyllanthe.fr\/association\/wp-json\/wp\/v2\/media?parent=1250"}],"curies":[{"name":"wp","href":"https:\/\/api.w.org\/{rel}","templated":true}]}}