{"id":18641,"date":"2023-05-05T11:03:56","date_gmt":"2023-05-05T10:03:56","guid":{"rendered":"https:\/\/www.aphyllanthe.fr\/association\/?page_id=18641"},"modified":"2026-04-20T11:49:53","modified_gmt":"2026-04-20T10:49:53","slug":"la-revue-de-presse-laphyllanthe","status":"publish","type":"page","link":"https:\/\/www.aphyllanthe.fr\/association\/la-revue-de-presse-laphyllanthe\/","title":{"rendered":"La revue de presse de l&rsquo;Aphyllanthe"},"content":{"rendered":"\n<p>La presse parle r\u00e9guli\u00e8rement des activit\u00e9s de l&rsquo;Association, notamment <em>le Midi Libre<\/em> et <em>le R\u00e9publicain d&rsquo;Uz\u00e8s<\/em>.<\/p>\n\n\n\n<h5 class=\"wp-block-heading has-text-align-center has-text-color has-link-color wp-elements-98441dbc32332d3967cee0633c5c3d37\" style=\"color:#120b7d\">Assembl\u00e9e G\u00e9n\u00e9rale<br \/>27 mars 2026<\/h5>\n\n\n<div class=\"wp-block-image\">\n<figure class=\"aligncenter size-large\"><a href=\"https:\/\/www.aphyllanthe.fr\/association\/wp-content\/uploads\/2026\/04\/repu-2026-04-02-ag-scaled.webp\"><img loading=\"lazy\" decoding=\"async\" width=\"1024\" height=\"990\" src=\"https:\/\/www.aphyllanthe.fr\/association\/wp-content\/uploads\/2026\/04\/repu-2026-04-02-ag-1024x990.webp\" alt=\"\" class=\"wp-image-26265\" srcset=\"https:\/\/www.aphyllanthe.fr\/association\/wp-content\/uploads\/2026\/04\/repu-2026-04-02-ag-1024x990.webp 1024w, https:\/\/www.aphyllanthe.fr\/association\/wp-content\/uploads\/2026\/04\/repu-2026-04-02-ag-300x290.webp 300w, https:\/\/www.aphyllanthe.fr\/association\/wp-content\/uploads\/2026\/04\/repu-2026-04-02-ag-768x742.webp 768w, https:\/\/www.aphyllanthe.fr\/association\/wp-content\/uploads\/2026\/04\/repu-2026-04-02-ag-1536x1484.webp 1536w, https:\/\/www.aphyllanthe.fr\/association\/wp-content\/uploads\/2026\/04\/repu-2026-04-02-ag-2048x1979.webp 2048w, https:\/\/www.aphyllanthe.fr\/association\/wp-content\/uploads\/2026\/04\/repu-2026-04-02-ag-1320x1276.webp 1320w\" sizes=\"auto, (max-width: 1024px) 100vw, 1024px\" \/><\/a><\/figure>\n<\/div>\n\n\n<h5 class=\"wp-block-heading has-text-align-center has-text-color has-link-color wp-elements-e7b98cbd59158d29e132a83d158f1512\" style=\"color:#120b7d\">Atelier boutures<br \/>21 mars 2026<\/h5>\n\n\n<div class=\"wp-block-image\">\n<figure class=\"aligncenter size-full is-resized\"><a href=\"https:\/\/www.aphyllanthe.fr\/association\/wp-content\/uploads\/2026\/04\/repu-2026-04-02-boutures.webp\"><img loading=\"lazy\" decoding=\"async\" width=\"824\" height=\"869\" src=\"https:\/\/www.aphyllanthe.fr\/association\/wp-content\/uploads\/2026\/04\/repu-2026-04-02-boutures.webp\" alt=\"\" class=\"wp-image-26264\" style=\"aspect-ratio:0.9482299153836958;width:453px;height:auto\" srcset=\"https:\/\/www.aphyllanthe.fr\/association\/wp-content\/uploads\/2026\/04\/repu-2026-04-02-boutures.webp 824w, https:\/\/www.aphyllanthe.fr\/association\/wp-content\/uploads\/2026\/04\/repu-2026-04-02-boutures-284x300.webp 284w, https:\/\/www.aphyllanthe.fr\/association\/wp-content\/uploads\/2026\/04\/repu-2026-04-02-boutures-768x810.webp 768w\" sizes=\"auto, (max-width: 824px) 100vw, 824px\" \/><\/a><\/figure>\n<\/div>\n\n\n<h5 class=\"wp-block-heading has-text-align-center has-text-color has-link-color wp-elements-4bcff79d7cbad7124d84e7297f1b3143\" style=\"color:#120b7d\">Partage de la galette<br \/>11 janvier 2026<\/h5>\n\n\n\n<figure class=\"wp-block-gallery has-nested-images columns-default is-cropped wp-block-gallery-2 is-layout-flex wp-block-gallery-is-layout-flex\">\n<figure class=\"wp-block-image size-large\"><a href=\"https:\/\/www.aphyllanthe.fr\/association\/wp-content\/uploads\/2026\/01\/repu-2026-01-galette.webp\"><img loading=\"lazy\" decoding=\"async\" width=\"591\" height=\"1017\" data-id=\"25946\" src=\"https:\/\/www.aphyllanthe.fr\/association\/wp-content\/uploads\/2026\/01\/repu-2026-01-galette.webp\" alt=\"\" class=\"wp-image-25946\" srcset=\"https:\/\/www.aphyllanthe.fr\/association\/wp-content\/uploads\/2026\/01\/repu-2026-01-galette.webp 591w, https:\/\/www.aphyllanthe.fr\/association\/wp-content\/uploads\/2026\/01\/repu-2026-01-galette-174x300.webp 174w\" sizes=\"auto, (max-width: 591px) 100vw, 591px\" \/><\/a><\/figure>\n\n\n\n<figure class=\"wp-block-image size-large\"><a href=\"https:\/\/www.aphyllanthe.fr\/association\/wp-content\/uploads\/2026\/02\/repu-2026-02-galette.webp\"><img loading=\"lazy\" decoding=\"async\" width=\"501\" height=\"923\" data-id=\"26052\" src=\"https:\/\/www.aphyllanthe.fr\/association\/wp-content\/uploads\/2026\/02\/repu-2026-02-galette.webp\" alt=\"\" class=\"wp-image-26052\" srcset=\"https:\/\/www.aphyllanthe.fr\/association\/wp-content\/uploads\/2026\/02\/repu-2026-02-galette.webp 501w, https:\/\/www.aphyllanthe.fr\/association\/wp-content\/uploads\/2026\/02\/repu-2026-02-galette-163x300.webp 163w\" sizes=\"auto, (max-width: 501px) 100vw, 501px\" \/><\/a><\/figure>\n<\/figure>\n\n\n\n<h5 class=\"wp-block-heading has-text-align-center\">L&rsquo;ancienne pr\u00e9sidente Claire Lasserre<br \/>\u00e0 l&rsquo;honneur dans le R\u00e9publicain<\/h5>\n\n\n<div class=\"wp-block-image\">\n<figure class=\"aligncenter size-full is-resized\"><a href=\"https:\/\/www.aphyllanthe.fr\/association\/wp-content\/uploads\/2025\/12\/repu-2025-12-claire.webp\"><img loading=\"lazy\" decoding=\"async\" width=\"761\" height=\"993\" src=\"https:\/\/www.aphyllanthe.fr\/association\/wp-content\/uploads\/2025\/12\/repu-2025-12-claire.webp\" alt=\"\" class=\"wp-image-25765\" style=\"aspect-ratio:0.7663650593627546;width:458px;height:auto\" srcset=\"https:\/\/www.aphyllanthe.fr\/association\/wp-content\/uploads\/2025\/12\/repu-2025-12-claire.webp 761w, https:\/\/www.aphyllanthe.fr\/association\/wp-content\/uploads\/2025\/12\/repu-2025-12-claire-230x300.webp 230w\" sizes=\"auto, (max-width: 761px) 100vw, 761px\" \/><\/a><\/figure>\n<\/div>\n\n\n<h5 class=\"wp-block-heading has-text-align-center\">Les vacances de Toussaint avec l&rsquo;Aphyllanthe<br \/>du 25 oct. au 2 nov.<\/h5>\n\n\n<div class=\"wp-block-image\">\n<figure class=\"aligncenter size-large\"><a href=\"https:\/\/www.aphyllanthe.fr\/association\/wp-content\/uploads\/2025\/11\/ML-2025-1-12-chan.webp\"><img loading=\"lazy\" decoding=\"async\" width=\"659\" height=\"1024\" src=\"https:\/\/www.aphyllanthe.fr\/association\/wp-content\/uploads\/2025\/11\/ML-2025-1-12-chan-659x1024.webp\" alt=\"\" class=\"wp-image-25523\" srcset=\"https:\/\/www.aphyllanthe.fr\/association\/wp-content\/uploads\/2025\/11\/ML-2025-1-12-chan-659x1024.webp 659w, https:\/\/www.aphyllanthe.fr\/association\/wp-content\/uploads\/2025\/11\/ML-2025-1-12-chan-193x300.webp 193w, https:\/\/www.aphyllanthe.fr\/association\/wp-content\/uploads\/2025\/11\/ML-2025-1-12-chan.webp 734w\" sizes=\"auto, (max-width: 659px) 100vw, 659px\" \/><\/a><figcaption class=\"wp-element-caption\">Midi Libre du 12 nov. 2025<\/figcaption><\/figure>\n<\/div>\n\n\n<h5 class=\"wp-block-heading has-text-align-center\">Conf\u00e9rence : le top 10 des champignons<br \/>Vendredi 19 septembre 2025<\/h5>\n\n\n<div class=\"wp-block-image\">\n<figure class=\"aligncenter size-full is-resized\"><a href=\"https:\/\/www.aphyllanthe.fr\/association\/wp-content\/uploads\/2025\/09\/REPU-2025-09-11-CHAMPI.webp\"><img loading=\"lazy\" decoding=\"async\" width=\"457\" height=\"779\" src=\"https:\/\/www.aphyllanthe.fr\/association\/wp-content\/uploads\/2025\/09\/REPU-2025-09-11-CHAMPI.webp\" alt=\"\" class=\"wp-image-25231\" style=\"width:306px;height:auto\" srcset=\"https:\/\/www.aphyllanthe.fr\/association\/wp-content\/uploads\/2025\/09\/REPU-2025-09-11-CHAMPI.webp 457w, https:\/\/www.aphyllanthe.fr\/association\/wp-content\/uploads\/2025\/09\/REPU-2025-09-11-CHAMPI-176x300.webp 176w\" sizes=\"auto, (max-width: 457px) 100vw, 457px\" \/><\/a><\/figure>\n<\/div>\n\n\n<h5 class=\"wp-block-heading has-text-align-center\">Journ\u00e9e des inscriptions<br \/>Samedi 13 septembre 2025<\/h5>\n\n\n<div class=\"wp-block-image\">\n<figure class=\"aligncenter size-full is-resized\"><a href=\"https:\/\/www.aphyllanthe.fr\/association\/wp-content\/uploads\/2025\/09\/REPU-2025-09-18-INSCRIPTIONS.webp\"><img loading=\"lazy\" decoding=\"async\" width=\"396\" height=\"780\" src=\"https:\/\/www.aphyllanthe.fr\/association\/wp-content\/uploads\/2025\/09\/REPU-2025-09-18-INSCRIPTIONS.webp\" alt=\"\" class=\"wp-image-25232\" style=\"width:293px;height:auto\" srcset=\"https:\/\/www.aphyllanthe.fr\/association\/wp-content\/uploads\/2025\/09\/REPU-2025-09-18-INSCRIPTIONS.webp 396w, https:\/\/www.aphyllanthe.fr\/association\/wp-content\/uploads\/2025\/09\/REPU-2025-09-18-INSCRIPTIONS-152x300.webp 152w\" sizes=\"auto, (max-width: 396px) 100vw, 396px\" \/><\/a><\/figure>\n<\/div>\n\n\n<h5 class=\"wp-block-heading has-text-align-center\">Interventions de G\u00e9rard Bellaiche<br \/>au centre de loisirs &#8211; Mois de juillet 2025<\/h5>\n\n\n\n<figure class=\"wp-block-gallery has-nested-images columns-default is-cropped wp-block-gallery-3 is-layout-flex wp-block-gallery-is-layout-flex\">\n<figure class=\"wp-block-image size-large\"><a href=\"https:\/\/www.aphyllanthe.fr\/association\/wp-content\/uploads\/2025\/08\/ML-2025-07-31-LOISIRS.webp\"><img loading=\"lazy\" decoding=\"async\" width=\"459\" height=\"755\" data-id=\"24988\" src=\"https:\/\/www.aphyllanthe.fr\/association\/wp-content\/uploads\/2025\/08\/ML-2025-07-31-LOISIRS.webp\" alt=\"\" class=\"wp-image-24988\" srcset=\"https:\/\/www.aphyllanthe.fr\/association\/wp-content\/uploads\/2025\/08\/ML-2025-07-31-LOISIRS.webp 459w, https:\/\/www.aphyllanthe.fr\/association\/wp-content\/uploads\/2025\/08\/ML-2025-07-31-LOISIRS-182x300.webp 182w\" sizes=\"auto, (max-width: 459px) 100vw, 459px\" \/><\/a><figcaption class=\"wp-element-caption\">Midi Libre du 31\/07\/25<\/figcaption><\/figure>\n\n\n\n<figure class=\"wp-block-image size-large\"><a href=\"https:\/\/www.aphyllanthe.fr\/association\/wp-content\/uploads\/2025\/08\/REPU-2025-08-LOISIRS-scaled.webp\"><img loading=\"lazy\" decoding=\"async\" width=\"826\" height=\"1024\" data-id=\"25028\" src=\"https:\/\/www.aphyllanthe.fr\/association\/wp-content\/uploads\/2025\/08\/REPU-2025-08-LOISIRS-826x1024.webp\" alt=\"\" class=\"wp-image-25028\" srcset=\"https:\/\/www.aphyllanthe.fr\/association\/wp-content\/uploads\/2025\/08\/REPU-2025-08-LOISIRS-826x1024.webp 826w, https:\/\/www.aphyllanthe.fr\/association\/wp-content\/uploads\/2025\/08\/REPU-2025-08-LOISIRS-242x300.webp 242w, https:\/\/www.aphyllanthe.fr\/association\/wp-content\/uploads\/2025\/08\/REPU-2025-08-LOISIRS-768x953.webp 768w, https:\/\/www.aphyllanthe.fr\/association\/wp-content\/uploads\/2025\/08\/REPU-2025-08-LOISIRS-1238x1536.webp 1238w, https:\/\/www.aphyllanthe.fr\/association\/wp-content\/uploads\/2025\/08\/REPU-2025-08-LOISIRS-1651x2048.webp 1651w, https:\/\/www.aphyllanthe.fr\/association\/wp-content\/uploads\/2025\/08\/REPU-2025-08-LOISIRS-1320x1637.webp 1320w\" sizes=\"auto, (max-width: 826px) 100vw, 826px\" \/><\/a><figcaption class=\"wp-element-caption\"><strong><mark style=\"background-color:#fff\" class=\"has-inline-color has-dark-gray-color\">Le R\u00e9publicain du 14\/08\/25<\/mark><\/strong><\/figcaption><\/figure>\n<\/figure>\n\n\n\n<h5 class=\"wp-block-heading has-text-align-center\">F\u00eate de l&rsquo;Aphyllanthe<br \/>Dimanche 22 juin 2025<\/h5>\n\n\n<div class=\"wp-block-image\">\n<figure class=\"aligncenter size-full\"><a href=\"https:\/\/www.aphyllanthe.fr\/association\/wp-content\/uploads\/2025\/07\/REPU-2025-07-FETE.webp\"><img loading=\"lazy\" decoding=\"async\" width=\"318\" height=\"758\" src=\"https:\/\/www.aphyllanthe.fr\/association\/wp-content\/uploads\/2025\/07\/REPU-2025-07-FETE.webp\" alt=\"\" class=\"wp-image-24982\" srcset=\"https:\/\/www.aphyllanthe.fr\/association\/wp-content\/uploads\/2025\/07\/REPU-2025-07-FETE.webp 318w, https:\/\/www.aphyllanthe.fr\/association\/wp-content\/uploads\/2025\/07\/REPU-2025-07-FETE-126x300.webp 126w\" sizes=\"auto, (max-width: 318px) 100vw, 318px\" \/><\/a><\/figure>\n<\/div>\n\n\n<h5 class=\"wp-block-heading has-text-align-center\">Caf\u00e9-jardin \u00e0 Gattigues<br \/>Dimanche 1er juin 2025<\/h5>\n\n\n<div class=\"wp-block-image\">\n<figure class=\"aligncenter size-full\"><a href=\"https:\/\/www.aphyllanthe.fr\/association\/wp-content\/uploads\/2025\/06\/REPU-2025-06-CAFE-JARDIN.webp\"><img loading=\"lazy\" decoding=\"async\" width=\"1575\" height=\"1682\" src=\"https:\/\/www.aphyllanthe.fr\/association\/wp-content\/uploads\/2025\/06\/REPU-2025-06-CAFE-JARDIN.webp\" alt=\"\" class=\"wp-image-24738\" srcset=\"https:\/\/www.aphyllanthe.fr\/association\/wp-content\/uploads\/2025\/06\/REPU-2025-06-CAFE-JARDIN.webp 1575w, https:\/\/www.aphyllanthe.fr\/association\/wp-content\/uploads\/2025\/06\/REPU-2025-06-CAFE-JARDIN-281x300.webp 281w, https:\/\/www.aphyllanthe.fr\/association\/wp-content\/uploads\/2025\/06\/REPU-2025-06-CAFE-JARDIN-959x1024.webp 959w, https:\/\/www.aphyllanthe.fr\/association\/wp-content\/uploads\/2025\/06\/REPU-2025-06-CAFE-JARDIN-768x820.webp 768w, https:\/\/www.aphyllanthe.fr\/association\/wp-content\/uploads\/2025\/06\/REPU-2025-06-CAFE-JARDIN-1438x1536.webp 1438w, https:\/\/www.aphyllanthe.fr\/association\/wp-content\/uploads\/2025\/06\/REPU-2025-06-CAFE-JARDIN-1320x1410.webp 1320w\" sizes=\"auto, (max-width: 1575px) 100vw, 1575px\" \/><\/a><figcaption class=\"wp-element-caption\">Midi-Libre du 9 mai 2025<\/figcaption><\/figure>\n<\/div>\n\n\n<h5 class=\"wp-block-heading has-text-align-center\">R\u00e9cital \u00e0 l&rsquo;\u00e9glise de Gattigues<br \/>Samedi 24 mai 2025<\/h5>\n\n\n<div class=\"wp-block-image\">\n<figure class=\"aligncenter size-full is-resized\"><a href=\"https:\/\/www.aphyllanthe.fr\/association\/wp-content\/uploads\/2025\/06\/REPU-2025-06-RECITAL.webp\"><img loading=\"lazy\" decoding=\"async\" width=\"943\" height=\"2195\" src=\"https:\/\/www.aphyllanthe.fr\/association\/wp-content\/uploads\/2025\/06\/REPU-2025-06-RECITAL.webp\" alt=\"\" class=\"wp-image-24620\" style=\"width:326px;height:auto\" srcset=\"https:\/\/www.aphyllanthe.fr\/association\/wp-content\/uploads\/2025\/06\/REPU-2025-06-RECITAL.webp 943w, https:\/\/www.aphyllanthe.fr\/association\/wp-content\/uploads\/2025\/06\/REPU-2025-06-RECITAL-129x300.webp 129w, https:\/\/www.aphyllanthe.fr\/association\/wp-content\/uploads\/2025\/06\/REPU-2025-06-RECITAL-440x1024.webp 440w, https:\/\/www.aphyllanthe.fr\/association\/wp-content\/uploads\/2025\/06\/REPU-2025-06-RECITAL-768x1788.webp 768w, https:\/\/www.aphyllanthe.fr\/association\/wp-content\/uploads\/2025\/06\/REPU-2025-06-RECITAL-660x1536.webp 660w, https:\/\/www.aphyllanthe.fr\/association\/wp-content\/uploads\/2025\/06\/REPU-2025-06-RECITAL-880x2048.webp 880w\" sizes=\"auto, (max-width: 943px) 100vw, 943px\" \/><\/a><\/figure>\n<\/div>\n\n\n<h5 class=\"wp-block-heading has-text-align-center\">D\u00e9fi 10 jours sans \u00e9crans &#8211; les Olympiades<br \/>Mercredi 14 mai 2025<\/h5>\n\n\n<div class=\"wp-block-image\">\n<figure class=\"aligncenter size-large\"><a href=\"https:\/\/www.aphyllanthe.fr\/association\/wp-content\/uploads\/2025\/05\/ML-2025-05-OLYMPIADES.webp\"><img loading=\"lazy\" decoding=\"async\" width=\"1024\" height=\"483\" src=\"https:\/\/www.aphyllanthe.fr\/association\/wp-content\/uploads\/2025\/05\/ML-2025-05-OLYMPIADES-1024x483.webp\" alt=\"\" class=\"wp-image-24331\" srcset=\"https:\/\/www.aphyllanthe.fr\/association\/wp-content\/uploads\/2025\/05\/ML-2025-05-OLYMPIADES-1024x483.webp 1024w, https:\/\/www.aphyllanthe.fr\/association\/wp-content\/uploads\/2025\/05\/ML-2025-05-OLYMPIADES-300x142.webp 300w, https:\/\/www.aphyllanthe.fr\/association\/wp-content\/uploads\/2025\/05\/ML-2025-05-OLYMPIADES-768x362.webp 768w, https:\/\/www.aphyllanthe.fr\/association\/wp-content\/uploads\/2025\/05\/ML-2025-05-OLYMPIADES.webp 1200w\" sizes=\"auto, (max-width: 1024px) 100vw, 1024px\" \/><\/a><figcaption class=\"wp-element-caption\">Midi Libre du 9 mai 2025<\/figcaption><\/figure>\n<\/div>\n\n\n<h5 class=\"wp-block-heading has-text-align-center\">Conf\u00e9rence du gardien des abeilles \u00e0 l&rsquo;Aphyllanthe<br \/>Mardi 13 mai 2025<\/h5>\n\n\n<div class=\"wp-block-image\">\n<figure class=\"aligncenter size-full\"><a href=\"https:\/\/www.aphyllanthe.fr\/association\/wp-content\/uploads\/2025\/06\/REPU-2025-05-ABEILLES.webp\"><img loading=\"lazy\" decoding=\"async\" width=\"469\" height=\"722\" src=\"https:\/\/www.aphyllanthe.fr\/association\/wp-content\/uploads\/2025\/06\/REPU-2025-05-ABEILLES.webp\" alt=\"\" class=\"wp-image-24556\" srcset=\"https:\/\/www.aphyllanthe.fr\/association\/wp-content\/uploads\/2025\/06\/REPU-2025-05-ABEILLES.webp 469w, https:\/\/www.aphyllanthe.fr\/association\/wp-content\/uploads\/2025\/06\/REPU-2025-05-ABEILLES-195x300.webp 195w\" sizes=\"auto, (max-width: 469px) 100vw, 469px\" \/><\/a><\/figure>\n<\/div>\n\n\n<h5 class=\"wp-block-heading has-text-align-center\">Marche nordique \u00e0 l&rsquo;Aphyllanthe 2025<\/h5>\n\n\n\n<div class=\"wp-block-columns is-layout-flex wp-container-core-columns-is-layout-9d6595d7 wp-block-columns-is-layout-flex\">\n<div class=\"wp-block-column is-layout-flow wp-block-column-is-layout-flow\">\n<figure class=\"wp-block-image size-full\"><a href=\"https:\/\/www.aphyllanthe.fr\/association\/wp-content\/uploads\/2025\/04\/REPU-2025-04-24-MARCHE-NORD.webp\"><img loading=\"lazy\" decoding=\"async\" width=\"658\" height=\"616\" src=\"https:\/\/www.aphyllanthe.fr\/association\/wp-content\/uploads\/2025\/04\/REPU-2025-04-24-MARCHE-NORD.webp\" alt=\"\" class=\"wp-image-24167\" srcset=\"https:\/\/www.aphyllanthe.fr\/association\/wp-content\/uploads\/2025\/04\/REPU-2025-04-24-MARCHE-NORD.webp 658w, https:\/\/www.aphyllanthe.fr\/association\/wp-content\/uploads\/2025\/04\/REPU-2025-04-24-MARCHE-NORD-300x281.webp 300w\" sizes=\"auto, (max-width: 658px) 100vw, 658px\" \/><\/a><\/figure>\n<\/div>\n\n\n\n<div class=\"wp-block-column is-layout-flow wp-block-column-is-layout-flow\">\n<figure class=\"wp-block-image size-large\"><a href=\"https:\/\/www.aphyllanthe.fr\/association\/wp-content\/uploads\/2025\/04\/ML-2025.04.webp\"><img loading=\"lazy\" decoding=\"async\" width=\"833\" height=\"1024\" src=\"https:\/\/www.aphyllanthe.fr\/association\/wp-content\/uploads\/2025\/04\/ML-2025.04-833x1024.webp\" alt=\"\" class=\"wp-image-24176\" srcset=\"https:\/\/www.aphyllanthe.fr\/association\/wp-content\/uploads\/2025\/04\/ML-2025.04-833x1024.webp 833w, https:\/\/www.aphyllanthe.fr\/association\/wp-content\/uploads\/2025\/04\/ML-2025.04-244x300.webp 244w, https:\/\/www.aphyllanthe.fr\/association\/wp-content\/uploads\/2025\/04\/ML-2025.04-768x944.webp 768w, https:\/\/www.aphyllanthe.fr\/association\/wp-content\/uploads\/2025\/04\/ML-2025.04.webp 836w\" sizes=\"auto, (max-width: 833px) 100vw, 833px\" \/><\/a><figcaption class=\"wp-element-caption\">Midi Libre du 30 avril 2025<\/figcaption><\/figure>\n<\/div>\n<\/div>\n\n\n\n<h5 class=\"wp-block-heading has-text-align-center\">Concert hommage \u00e0 Brassens<br \/>Vendredi 11 avril 2025<\/h5>\n\n\n\n<div class=\"wp-block-columns is-layout-flex wp-container-core-columns-is-layout-9d6595d7 wp-block-columns-is-layout-flex\">\n<div class=\"wp-block-column is-layout-flow wp-block-column-is-layout-flow\">\n<figure class=\"wp-block-image size-full\"><a href=\"https:\/\/www.aphyllanthe.fr\/association\/wp-content\/uploads\/2025\/04\/REPU-2025-04-17-C2T.webp\"><img loading=\"lazy\" decoding=\"async\" width=\"300\" height=\"700\" src=\"https:\/\/www.aphyllanthe.fr\/association\/wp-content\/uploads\/2025\/04\/REPU-2025-04-17-C2T.webp\" alt=\"\" class=\"wp-image-24049\" srcset=\"https:\/\/www.aphyllanthe.fr\/association\/wp-content\/uploads\/2025\/04\/REPU-2025-04-17-C2T.webp 300w, https:\/\/www.aphyllanthe.fr\/association\/wp-content\/uploads\/2025\/04\/REPU-2025-04-17-C2T-129x300.webp 129w\" sizes=\"auto, (max-width: 300px) 100vw, 300px\" \/><\/a><\/figure>\n<\/div>\n\n\n\n<div class=\"wp-block-column is-layout-flow wp-block-column-is-layout-flow\">\n<figure class=\"wp-block-image size-large\"><a href=\"https:\/\/www.aphyllanthe.fr\/association\/wp-content\/uploads\/2026\/04\/ML-2026-04-20-brassens.webp\"><img loading=\"lazy\" decoding=\"async\" width=\"733\" height=\"1024\" src=\"https:\/\/www.aphyllanthe.fr\/association\/wp-content\/uploads\/2026\/04\/ML-2026-04-20-brassens-733x1024.webp\" alt=\"\" class=\"wp-image-26375\" srcset=\"https:\/\/www.aphyllanthe.fr\/association\/wp-content\/uploads\/2026\/04\/ML-2026-04-20-brassens-733x1024.webp 733w, https:\/\/www.aphyllanthe.fr\/association\/wp-content\/uploads\/2026\/04\/ML-2026-04-20-brassens-215x300.webp 215w, https:\/\/www.aphyllanthe.fr\/association\/wp-content\/uploads\/2026\/04\/ML-2026-04-20-brassens-768x1073.webp 768w, https:\/\/www.aphyllanthe.fr\/association\/wp-content\/uploads\/2026\/04\/ML-2026-04-20-brassens.webp 811w\" sizes=\"auto, (max-width: 733px) 100vw, 733px\" \/><\/a><figcaption class=\"wp-element-caption\">Midi Libre du 20 avril 2026<\/figcaption><\/figure>\n<\/div>\n<\/div>\n\n\n\n<h5 class=\"wp-block-heading has-text-align-center\">Assembl\u00e9e g\u00e9n\u00e9rale de l&rsquo;Aphyllanthe<br \/>Vendredi 28 mars 2025<\/h5>\n\n\n<div class=\"wp-block-image\">\n<figure class=\"aligncenter size-full is-resized\"><a href=\"https:\/\/www.aphyllanthe.fr\/association\/wp-content\/uploads\/2025\/04\/REPU-2025-04-10-AG.webp\"><img loading=\"lazy\" decoding=\"async\" width=\"526\" height=\"744\" src=\"https:\/\/www.aphyllanthe.fr\/association\/wp-content\/uploads\/2025\/04\/REPU-2025-04-10-AG.webp\" alt=\"\" class=\"wp-image-23959\" style=\"width:310px;height:auto\" srcset=\"https:\/\/www.aphyllanthe.fr\/association\/wp-content\/uploads\/2025\/04\/REPU-2025-04-10-AG.webp 526w, https:\/\/www.aphyllanthe.fr\/association\/wp-content\/uploads\/2025\/04\/REPU-2025-04-10-AG-212x300.webp 212w\" sizes=\"auto, (max-width: 526px) 100vw, 526px\" \/><\/a><\/figure>\n<\/div>\n\n\n<h5 class=\"wp-block-heading has-text-align-center\">Soir\u00e9e contes \u00e0 la maternelle<br \/>Mardi 18 mars 2025<\/h5>\n\n\n<div class=\"wp-block-image\">\n<figure class=\"aligncenter size-full is-resized\"><a href=\"https:\/\/www.aphyllanthe.fr\/association\/wp-content\/uploads\/2025\/04\/REPU-2025-04-03-SOIREE-CONTES.webp\"><img loading=\"lazy\" decoding=\"async\" width=\"370\" height=\"744\" src=\"https:\/\/www.aphyllanthe.fr\/association\/wp-content\/uploads\/2025\/04\/REPU-2025-04-03-SOIREE-CONTES.webp\" alt=\"\" class=\"wp-image-23936\" style=\"width:290px;height:auto\" srcset=\"https:\/\/www.aphyllanthe.fr\/association\/wp-content\/uploads\/2025\/04\/REPU-2025-04-03-SOIREE-CONTES.webp 370w, https:\/\/www.aphyllanthe.fr\/association\/wp-content\/uploads\/2025\/04\/REPU-2025-04-03-SOIREE-CONTES-149x300.webp 149w\" sizes=\"auto, (max-width: 370px) 100vw, 370px\" \/><\/a><\/figure>\n<\/div>\n\n\n<h5 class=\"wp-block-heading has-text-align-center\">Galette pour les adh\u00e9rents<br \/>Dimanche 5 janvier 2025<\/h5>\n\n\n<div class=\"wp-block-image\">\n<figure class=\"aligncenter size-full is-resized\"><a href=\"https:\/\/www.aphyllanthe.fr\/association\/wp-content\/uploads\/2025\/01\/repu-2025-01-galette.webp\"><img loading=\"lazy\" decoding=\"async\" width=\"387\" height=\"769\" src=\"https:\/\/www.aphyllanthe.fr\/association\/wp-content\/uploads\/2025\/01\/repu-2025-01-galette.webp\" alt=\"\" class=\"wp-image-23308\" style=\"width:303px;height:auto\" srcset=\"https:\/\/www.aphyllanthe.fr\/association\/wp-content\/uploads\/2025\/01\/repu-2025-01-galette.webp 387w, https:\/\/www.aphyllanthe.fr\/association\/wp-content\/uploads\/2025\/01\/repu-2025-01-galette-151x300.webp 151w\" sizes=\"auto, (max-width: 387px) 100vw, 387px\" \/><\/a><\/figure>\n<\/div>\n\n\n<h5 class=\"wp-block-heading has-text-align-center\">Soir\u00e9e contes \u00e0 l&rsquo;\u00e9cole maternelle<br \/>Mardi 10 d\u00e9cembre 2024<\/h5>\n\n\n<div class=\"wp-block-image\">\n<figure class=\"aligncenter size-full\"><a href=\"https:\/\/www.aphyllanthe.fr\/association\/wp-content\/uploads\/2025\/01\/REPU-2024-12-26-SOIREE-CONTES.webp\"><img loading=\"lazy\" decoding=\"async\" width=\"668\" height=\"703\" src=\"https:\/\/www.aphyllanthe.fr\/association\/wp-content\/uploads\/2025\/01\/REPU-2024-12-26-SOIREE-CONTES.webp\" alt=\"\" class=\"wp-image-23132\" srcset=\"https:\/\/www.aphyllanthe.fr\/association\/wp-content\/uploads\/2025\/01\/REPU-2024-12-26-SOIREE-CONTES.webp 668w, https:\/\/www.aphyllanthe.fr\/association\/wp-content\/uploads\/2025\/01\/REPU-2024-12-26-SOIREE-CONTES-285x300.webp 285w\" sizes=\"auto, (max-width: 668px) 100vw, 668px\" \/><\/a><\/figure>\n<\/div>\n\n\n<h5 class=\"wp-block-heading has-text-align-center\">F\u00eate de No\u00ebl de l&rsquo;APE<br \/>Samedi 7 d\u00e9cembre 2024<\/h5>\n\n\n<div class=\"wp-block-image\">\n<figure class=\"aligncenter size-full is-resized\"><a href=\"https:\/\/www.aphyllanthe.fr\/association\/wp-content\/uploads\/2024\/12\/REPU-2024-12-APE-NOEL.webp\"><img loading=\"lazy\" decoding=\"async\" width=\"436\" height=\"709\" src=\"https:\/\/www.aphyllanthe.fr\/association\/wp-content\/uploads\/2024\/12\/REPU-2024-12-APE-NOEL.webp\" alt=\"\" class=\"wp-image-22957\" style=\"width:328px;height:auto\" srcset=\"https:\/\/www.aphyllanthe.fr\/association\/wp-content\/uploads\/2024\/12\/REPU-2024-12-APE-NOEL.webp 436w, https:\/\/www.aphyllanthe.fr\/association\/wp-content\/uploads\/2024\/12\/REPU-2024-12-APE-NOEL-184x300.webp 184w\" sizes=\"auto, (max-width: 436px) 100vw, 436px\" \/><\/a><\/figure>\n<\/div>\n\n\n<h5 class=\"wp-block-heading has-text-align-center\">Le club d&rsquo;\u00e9checs<\/h5>\n\n\n<div class=\"wp-block-image\">\n<figure class=\"aligncenter size-large is-resized\"><a href=\"https:\/\/www.aphyllanthe.fr\/association\/wp-content\/uploads\/2024\/12\/ML-2024-10-ECHECS-scaled.webp\"><img loading=\"lazy\" decoding=\"async\" width=\"685\" height=\"1024\" src=\"https:\/\/www.aphyllanthe.fr\/association\/wp-content\/uploads\/2024\/12\/ML-2024-10-ECHECS-685x1024.webp\" alt=\"\" class=\"wp-image-22960\" style=\"width:405px;height:auto\" srcset=\"https:\/\/www.aphyllanthe.fr\/association\/wp-content\/uploads\/2024\/12\/ML-2024-10-ECHECS-685x1024.webp 685w, https:\/\/www.aphyllanthe.fr\/association\/wp-content\/uploads\/2024\/12\/ML-2024-10-ECHECS-201x300.webp 201w, https:\/\/www.aphyllanthe.fr\/association\/wp-content\/uploads\/2024\/12\/ML-2024-10-ECHECS-768x1148.webp 768w, https:\/\/www.aphyllanthe.fr\/association\/wp-content\/uploads\/2024\/12\/ML-2024-10-ECHECS-1028x1536.webp 1028w, https:\/\/www.aphyllanthe.fr\/association\/wp-content\/uploads\/2024\/12\/ML-2024-10-ECHECS-1370x2048.webp 1370w, https:\/\/www.aphyllanthe.fr\/association\/wp-content\/uploads\/2024\/12\/ML-2024-10-ECHECS-1320x1973.webp 1320w, https:\/\/www.aphyllanthe.fr\/association\/wp-content\/uploads\/2024\/12\/ML-2024-10-ECHECS-scaled.webp 1713w\" sizes=\"auto, (max-width: 685px) 100vw, 685px\" \/><\/a><figcaption class=\"wp-element-caption\">Cr\u00e9dit photo Patricia Barsotti &#8211; Midi Libre semaine 43<\/figcaption><\/figure>\n<\/div>\n\n\n<h5 class=\"wp-block-heading has-text-align-center\">F\u00eate de l&rsquo;Aphyllanthe<br \/>Dimanche 23 juin 2024<\/h5>\n\n\n<div class=\"wp-block-image\">\n<figure class=\"aligncenter size-full is-resized\"><a href=\"https:\/\/www.aphyllanthe.fr\/association\/wp-content\/uploads\/2025\/01\/REPU-2024-07-25-FETE-APHYLLANTHE.webp\"><img loading=\"lazy\" decoding=\"async\" width=\"565\" height=\"808\" src=\"https:\/\/www.aphyllanthe.fr\/association\/wp-content\/uploads\/2025\/01\/REPU-2024-07-25-FETE-APHYLLANTHE.webp\" alt=\"\" class=\"wp-image-23372\" style=\"width:279px;height:auto\" srcset=\"https:\/\/www.aphyllanthe.fr\/association\/wp-content\/uploads\/2025\/01\/REPU-2024-07-25-FETE-APHYLLANTHE.webp 565w, https:\/\/www.aphyllanthe.fr\/association\/wp-content\/uploads\/2025\/01\/REPU-2024-07-25-FETE-APHYLLANTHE-210x300.webp 210w\" sizes=\"auto, (max-width: 565px) 100vw, 565px\" \/><\/a><figcaption class=\"wp-element-caption\">Le R\u00e9publicain du 25 juillet 2024<\/figcaption><\/figure>\n<\/div>\n\n\n<figure class=\"wp-block-gallery has-nested-images columns-default is-cropped wp-block-gallery-4 is-layout-flex wp-block-gallery-is-layout-flex\">\n<figure class=\"wp-block-image size-large\"><a href=\"https:\/\/www.aphyllanthe.fr\/association\/wp-content\/uploads\/2024\/07\/2024-07-03-ML-fete.webp\"><img loading=\"lazy\" decoding=\"async\" width=\"532\" height=\"1024\" data-id=\"22153\" src=\"https:\/\/www.aphyllanthe.fr\/association\/wp-content\/uploads\/2024\/07\/2024-07-03-ML-fete-532x1024.webp\" alt=\"\" class=\"wp-image-22153\" srcset=\"https:\/\/www.aphyllanthe.fr\/association\/wp-content\/uploads\/2024\/07\/2024-07-03-ML-fete-532x1024.webp 532w, https:\/\/www.aphyllanthe.fr\/association\/wp-content\/uploads\/2024\/07\/2024-07-03-ML-fete-156x300.webp 156w, https:\/\/www.aphyllanthe.fr\/association\/wp-content\/uploads\/2024\/07\/2024-07-03-ML-fete.webp 586w\" sizes=\"auto, (max-width: 532px) 100vw, 532px\" \/><\/a><figcaption class=\"wp-element-caption\"><strong>Midi Libre du 3 juillet 2024<\/strong><\/figcaption><\/figure>\n\n\n\n<figure class=\"wp-block-image size-large\"><a href=\"https:\/\/www.aphyllanthe.fr\/association\/wp-content\/uploads\/2024\/06\/2024-06-20-REPU-FETE-scaled.webp\"><img loading=\"lazy\" decoding=\"async\" width=\"545\" height=\"1024\" data-id=\"21954\" src=\"https:\/\/www.aphyllanthe.fr\/association\/wp-content\/uploads\/2024\/06\/2024-06-20-REPU-FETE-545x1024.webp\" alt=\"\" class=\"wp-image-21954\" srcset=\"https:\/\/www.aphyllanthe.fr\/association\/wp-content\/uploads\/2024\/06\/2024-06-20-REPU-FETE-545x1024.webp 545w, https:\/\/www.aphyllanthe.fr\/association\/wp-content\/uploads\/2024\/06\/2024-06-20-REPU-FETE-160x300.webp 160w, https:\/\/www.aphyllanthe.fr\/association\/wp-content\/uploads\/2024\/06\/2024-06-20-REPU-FETE-768x1443.webp 768w, https:\/\/www.aphyllanthe.fr\/association\/wp-content\/uploads\/2024\/06\/2024-06-20-REPU-FETE-818x1536.webp 818w, https:\/\/www.aphyllanthe.fr\/association\/wp-content\/uploads\/2024\/06\/2024-06-20-REPU-FETE-1090x2048.webp 1090w, https:\/\/www.aphyllanthe.fr\/association\/wp-content\/uploads\/2024\/06\/2024-06-20-REPU-FETE-1320x2479.webp 1320w, https:\/\/www.aphyllanthe.fr\/association\/wp-content\/uploads\/2024\/06\/2024-06-20-REPU-FETE-scaled.webp 1363w\" sizes=\"auto, (max-width: 545px) 100vw, 545px\" \/><\/a><figcaption class=\"wp-element-caption\"><strong>Le R\u00e9publicain du 20 juin 2024<\/strong><\/figcaption><\/figure>\n<\/figure>\n\n\n\n<h5 class=\"wp-block-heading has-text-align-center\">Th\u00e9 au jardin d&rsquo;un adh\u00e9rent<br \/>Lundi 20 mai 2024<\/h5>\n\n\n<div class=\"wp-block-image\">\n<figure class=\"aligncenter size-large\"><a href=\"https:\/\/www.aphyllanthe.fr\/association\/wp-content\/uploads\/2024\/05\/2024-05-25-MIDI-LIBRE-JARDIN.webp\"><img loading=\"lazy\" decoding=\"async\" width=\"1024\" height=\"608\" src=\"https:\/\/www.aphyllanthe.fr\/association\/wp-content\/uploads\/2024\/05\/2024-05-25-MIDI-LIBRE-JARDIN-1024x608.webp\" alt=\"\" class=\"wp-image-21747\" srcset=\"https:\/\/www.aphyllanthe.fr\/association\/wp-content\/uploads\/2024\/05\/2024-05-25-MIDI-LIBRE-JARDIN-1024x608.webp 1024w, https:\/\/www.aphyllanthe.fr\/association\/wp-content\/uploads\/2024\/05\/2024-05-25-MIDI-LIBRE-JARDIN-300x178.webp 300w, https:\/\/www.aphyllanthe.fr\/association\/wp-content\/uploads\/2024\/05\/2024-05-25-MIDI-LIBRE-JARDIN-768x456.webp 768w, https:\/\/www.aphyllanthe.fr\/association\/wp-content\/uploads\/2024\/05\/2024-05-25-MIDI-LIBRE-JARDIN-1320x783.webp 1320w, https:\/\/www.aphyllanthe.fr\/association\/wp-content\/uploads\/2024\/05\/2024-05-25-MIDI-LIBRE-JARDIN.webp 1515w\" sizes=\"auto, (max-width: 1024px) 100vw, 1024px\" \/><\/a><figcaption class=\"wp-element-caption\">Midi Libre du 23 mai 2024<\/figcaption><\/figure>\n<\/div>\n\n\n<h5 class=\"wp-block-heading has-text-align-center\">Assembl\u00e9e G\u00e9n\u00e9rale de l&rsquo;Aphyllanthe<br \/>Vendredi 22 mars 2024<\/h5>\n\n\n<div class=\"wp-block-image\">\n<figure class=\"aligncenter size-large is-resized\"><a href=\"https:\/\/www.aphyllanthe.fr\/association\/wp-content\/uploads\/2024\/04\/2024-03-28-REPU-AG.webp\"><img loading=\"lazy\" decoding=\"async\" width=\"475\" height=\"1024\" src=\"https:\/\/www.aphyllanthe.fr\/association\/wp-content\/uploads\/2024\/04\/2024-03-28-REPU-AG-475x1024.webp\" alt=\"\" class=\"wp-image-21553\" style=\"width:350px;height:auto\" srcset=\"https:\/\/www.aphyllanthe.fr\/association\/wp-content\/uploads\/2024\/04\/2024-03-28-REPU-AG-475x1024.webp 475w, https:\/\/www.aphyllanthe.fr\/association\/wp-content\/uploads\/2024\/04\/2024-03-28-REPU-AG-139x300.webp 139w, https:\/\/www.aphyllanthe.fr\/association\/wp-content\/uploads\/2024\/04\/2024-03-28-REPU-AG-768x1656.webp 768w, https:\/\/www.aphyllanthe.fr\/association\/wp-content\/uploads\/2024\/04\/2024-03-28-REPU-AG-712x1536.webp 712w, https:\/\/www.aphyllanthe.fr\/association\/wp-content\/uploads\/2024\/04\/2024-03-28-REPU-AG.webp 889w\" sizes=\"auto, (max-width: 475px) 100vw, 475px\" \/><\/a><\/figure>\n<\/div>\n\n\n<h5 class=\"wp-block-heading has-text-align-center\">Soir\u00e9e musicale avec Pascal Lerebours<br \/>Vendredi 23 f\u00e9vrier 2024<\/h5>\n\n\n<div class=\"wp-block-image\">\n<figure class=\"aligncenter size-full\"><a href=\"https:\/\/www.aphyllanthe.fr\/association\/wp-content\/uploads\/2024\/03\/2024-02-29-REPU-CONCERT.webp\"><img loading=\"lazy\" decoding=\"async\" width=\"308\" height=\"671\" src=\"https:\/\/www.aphyllanthe.fr\/association\/wp-content\/uploads\/2024\/03\/2024-02-29-REPU-CONCERT.webp\" alt=\"\" class=\"wp-image-21053\" srcset=\"https:\/\/www.aphyllanthe.fr\/association\/wp-content\/uploads\/2024\/03\/2024-02-29-REPU-CONCERT.webp 308w, https:\/\/www.aphyllanthe.fr\/association\/wp-content\/uploads\/2024\/03\/2024-02-29-REPU-CONCERT-138x300.webp 138w\" sizes=\"auto, (max-width: 308px) 100vw, 308px\" \/><\/a><\/figure>\n<\/div>\n\n\n<h5 class=\"wp-block-heading has-text-align-center\">Lecture de contes pour le centre de loisirs<br \/>Pendant les vacances de f\u00e9vrier 2024<\/h5>\n\n\n<div class=\"wp-block-image\">\n<figure class=\"aligncenter size-full\"><a href=\"https:\/\/www.aphyllanthe.fr\/association\/wp-content\/uploads\/2024\/02\/2024-02-22-REPU-VACANCES.webp\"><img loading=\"lazy\" decoding=\"async\" width=\"337\" height=\"688\" src=\"https:\/\/www.aphyllanthe.fr\/association\/wp-content\/uploads\/2024\/02\/2024-02-22-REPU-VACANCES.webp\" alt=\"\" class=\"wp-image-20901\" srcset=\"https:\/\/www.aphyllanthe.fr\/association\/wp-content\/uploads\/2024\/02\/2024-02-22-REPU-VACANCES.webp 337w, https:\/\/www.aphyllanthe.fr\/association\/wp-content\/uploads\/2024\/02\/2024-02-22-REPU-VACANCES-147x300.webp 147w\" sizes=\"auto, (max-width: 337px) 100vw, 337px\" \/><\/a><\/figure>\n<\/div>\n\n\n<h5 class=\"wp-block-heading has-text-align-center\">Soir\u00e9e musicale 23 f\u00e9vrier 2024<br \/><\/h5>\n\n\n<div class=\"wp-block-image\">\n<figure class=\"aligncenter size-full is-resized\"><a href=\"https:\/\/www.aphyllanthe.fr\/association\/wp-content\/uploads\/2024\/02\/2024-02-15-REPU-SOIREE-MUSICALE-1.webp\"><img loading=\"lazy\" decoding=\"async\" width=\"297\" height=\"672\" src=\"https:\/\/www.aphyllanthe.fr\/association\/wp-content\/uploads\/2024\/02\/2024-02-15-REPU-SOIREE-MUSICALE-1.webp\" alt=\"\" class=\"wp-image-20852\" style=\"width:283px;height:auto\" srcset=\"https:\/\/www.aphyllanthe.fr\/association\/wp-content\/uploads\/2024\/02\/2024-02-15-REPU-SOIREE-MUSICALE-1.webp 297w, https:\/\/www.aphyllanthe.fr\/association\/wp-content\/uploads\/2024\/02\/2024-02-15-REPU-SOIREE-MUSICALE-1-133x300.webp 133w\" sizes=\"auto, (max-width: 297px) 100vw, 297px\" \/><\/a><\/figure>\n<\/div>\n\n\n<h5 class=\"wp-block-heading has-text-align-center\">La galette 7 janvier 2024<br \/><\/h5>\n\n\n<div class=\"wp-block-image\">\n<figure class=\"aligncenter size-full is-resized\"><a href=\"https:\/\/www.aphyllanthe.fr\/association\/wp-content\/uploads\/2024\/02\/2024-01-25-REPU-GALETTE.webp\"><img loading=\"lazy\" decoding=\"async\" width=\"460\" height=\"674\" src=\"https:\/\/www.aphyllanthe.fr\/association\/wp-content\/uploads\/2024\/02\/2024-01-25-REPU-GALETTE.webp\" alt=\"\" class=\"wp-image-20714\" style=\"width:295px;height:auto\" srcset=\"https:\/\/www.aphyllanthe.fr\/association\/wp-content\/uploads\/2024\/02\/2024-01-25-REPU-GALETTE.webp 460w, https:\/\/www.aphyllanthe.fr\/association\/wp-content\/uploads\/2024\/02\/2024-01-25-REPU-GALETTE-205x300.webp 205w\" sizes=\"auto, (max-width: 460px) 100vw, 460px\" \/><\/a><\/figure>\n<\/div>\n\n\n<h5 class=\"wp-block-heading has-text-align-center\">Les enfants du centre de loisirs<br \/>vont \u00e0 la biblioth\u00e8que le mercredi<\/h5>\n\n\n<div class=\"wp-block-image\">\n<figure class=\"aligncenter size-large is-resized\"><a href=\"https:\/\/www.aphyllanthe.fr\/association\/wp-content\/uploads\/2024\/02\/2024-02.webp\"><img loading=\"lazy\" decoding=\"async\" width=\"571\" height=\"1024\" src=\"https:\/\/www.aphyllanthe.fr\/association\/wp-content\/uploads\/2024\/02\/2024-02-571x1024.webp\" alt=\"\" class=\"wp-image-20712\" style=\"width:287px;height:auto\" srcset=\"https:\/\/www.aphyllanthe.fr\/association\/wp-content\/uploads\/2024\/02\/2024-02-571x1024.webp 571w, https:\/\/www.aphyllanthe.fr\/association\/wp-content\/uploads\/2024\/02\/2024-02-167x300.webp 167w, https:\/\/www.aphyllanthe.fr\/association\/wp-content\/uploads\/2024\/02\/2024-02.webp 756w\" sizes=\"auto, (max-width: 571px) 100vw, 571px\" \/><\/a><figcaption class=\"wp-element-caption\">Midi Libre du 18 d\u00e9cembre 2023<\/figcaption><\/figure>\n<\/div>\n\n\n<h5 class=\"wp-block-heading has-text-align-center\">La Ludoth\u00e8que \u00e0 Aigaliers<br \/>Samedi 18 novembre 2023<\/h5>\n\n\n<div class=\"wp-block-image\">\n<figure class=\"aligncenter size-large is-resized\"><a href=\"https:\/\/www.aphyllanthe.fr\/association\/wp-content\/uploads\/2023\/12\/2023-11-30-repu-ludo.webp\"><img loading=\"lazy\" decoding=\"async\" width=\"574\" height=\"1024\" src=\"https:\/\/www.aphyllanthe.fr\/association\/wp-content\/uploads\/2023\/12\/2023-11-30-repu-ludo-574x1024.webp\" alt=\"\" class=\"wp-image-20285\" style=\"width:294px;height:auto\" srcset=\"https:\/\/www.aphyllanthe.fr\/association\/wp-content\/uploads\/2023\/12\/2023-11-30-repu-ludo-574x1024.webp 574w, https:\/\/www.aphyllanthe.fr\/association\/wp-content\/uploads\/2023\/12\/2023-11-30-repu-ludo-168x300.webp 168w, https:\/\/www.aphyllanthe.fr\/association\/wp-content\/uploads\/2023\/12\/2023-11-30-repu-ludo-768x1371.webp 768w, https:\/\/www.aphyllanthe.fr\/association\/wp-content\/uploads\/2023\/12\/2023-11-30-repu-ludo-861x1536.webp 861w, https:\/\/www.aphyllanthe.fr\/association\/wp-content\/uploads\/2023\/12\/2023-11-30-repu-ludo.webp 1004w\" sizes=\"auto, (max-width: 574px) 100vw, 574px\" \/><\/a><\/figure>\n<\/div>\n\n\n<h5 class=\"wp-block-heading has-text-align-center\">Atelier d&rsquo;art postal par Eric Babaud<br \/>jeudi 2 novembre 2023<\/h5>\n\n\n<div class=\"wp-block-image\">\n<figure class=\"aligncenter size-large is-resized\"><a href=\"https:\/\/www.aphyllanthe.fr\/association\/wp-content\/uploads\/2023\/11\/2023-11-12-ML-ART-POSTAL.webp\"><img loading=\"lazy\" decoding=\"async\" width=\"595\" height=\"1024\" src=\"https:\/\/www.aphyllanthe.fr\/association\/wp-content\/uploads\/2023\/11\/2023-11-12-ML-ART-POSTAL-595x1024.webp\" alt=\"\" class=\"wp-image-19995\" style=\"width:302px;height:auto\" srcset=\"https:\/\/www.aphyllanthe.fr\/association\/wp-content\/uploads\/2023\/11\/2023-11-12-ML-ART-POSTAL-595x1024.webp 595w, https:\/\/www.aphyllanthe.fr\/association\/wp-content\/uploads\/2023\/11\/2023-11-12-ML-ART-POSTAL-174x300.webp 174w, https:\/\/www.aphyllanthe.fr\/association\/wp-content\/uploads\/2023\/11\/2023-11-12-ML-ART-POSTAL.webp 683w\" sizes=\"auto, (max-width: 595px) 100vw, 595px\" \/><\/a><figcaption class=\"wp-element-caption\">Midi Libre du 12 novembre 2023<\/figcaption><\/figure>\n<\/div>\n\n<div class=\"wp-block-image\">\n<figure class=\"aligncenter size-large is-resized\"><a href=\"https:\/\/www.aphyllanthe.fr\/association\/wp-content\/uploads\/2023\/11\/2023-11-12-REPU-ART-POSTAL.webp\"><img loading=\"lazy\" decoding=\"async\" width=\"1024\" height=\"799\" src=\"https:\/\/www.aphyllanthe.fr\/association\/wp-content\/uploads\/2023\/11\/2023-11-12-REPU-ART-POSTAL-1024x799.webp\" alt=\"\" class=\"wp-image-19994\" style=\"width:525px;height:auto\" srcset=\"https:\/\/www.aphyllanthe.fr\/association\/wp-content\/uploads\/2023\/11\/2023-11-12-REPU-ART-POSTAL-1024x799.webp 1024w, https:\/\/www.aphyllanthe.fr\/association\/wp-content\/uploads\/2023\/11\/2023-11-12-REPU-ART-POSTAL-300x234.webp 300w, https:\/\/www.aphyllanthe.fr\/association\/wp-content\/uploads\/2023\/11\/2023-11-12-REPU-ART-POSTAL-768x600.webp 768w, https:\/\/www.aphyllanthe.fr\/association\/wp-content\/uploads\/2023\/11\/2023-11-12-REPU-ART-POSTAL.webp 1099w\" sizes=\"auto, (max-width: 1024px) 100vw, 1024px\" \/><\/a><figcaption class=\"wp-element-caption\">Le R\u00e9publicain du 9 novembre 2023<\/figcaption><\/figure>\n<\/div>\n\n\n<h5 class=\"wp-block-heading has-text-align-center\">Lecture de contes pour le centre de loisirs<br \/>jeudi 26 octobre 2023<\/h5>\n\n\n<div class=\"wp-block-image\">\n<figure class=\"aligncenter size-large is-resized\"><a href=\"https:\/\/www.aphyllanthe.fr\/association\/wp-content\/uploads\/2023\/11\/2023-11-02-REPU-LOISIRS-scaled.webp\"><img loading=\"lazy\" decoding=\"async\" width=\"1024\" height=\"951\" src=\"https:\/\/www.aphyllanthe.fr\/association\/wp-content\/uploads\/2023\/11\/2023-11-02-REPU-LOISIRS-1024x951.webp\" alt=\"\" class=\"wp-image-19999\" style=\"width:503px;height:auto\" srcset=\"https:\/\/www.aphyllanthe.fr\/association\/wp-content\/uploads\/2023\/11\/2023-11-02-REPU-LOISIRS-1024x951.webp 1024w, https:\/\/www.aphyllanthe.fr\/association\/wp-content\/uploads\/2023\/11\/2023-11-02-REPU-LOISIRS-300x279.webp 300w, https:\/\/www.aphyllanthe.fr\/association\/wp-content\/uploads\/2023\/11\/2023-11-02-REPU-LOISIRS-768x713.webp 768w, https:\/\/www.aphyllanthe.fr\/association\/wp-content\/uploads\/2023\/11\/2023-11-02-REPU-LOISIRS-1536x1427.webp 1536w, https:\/\/www.aphyllanthe.fr\/association\/wp-content\/uploads\/2023\/11\/2023-11-02-REPU-LOISIRS-2048x1902.webp 2048w, https:\/\/www.aphyllanthe.fr\/association\/wp-content\/uploads\/2023\/11\/2023-11-02-REPU-LOISIRS-1320x1226.webp 1320w\" sizes=\"auto, (max-width: 1024px) 100vw, 1024px\" \/><\/a><\/figure>\n<\/div>\n\n\n<h5 class=\"wp-block-heading has-text-align-center\">Conf\u00e9rence : <em>Picasso, la peinture souveraine<\/em><br \/>vendredi 13 octobre 2023<\/h5>\n\n\n<div class=\"wp-block-image\">\n<figure class=\"aligncenter size-large is-resized\"><a href=\"https:\/\/www.aphyllanthe.fr\/association\/wp-content\/uploads\/2023\/10\/2023-10-12-REPU-PICASSO.webp\"><img loading=\"lazy\" decoding=\"async\" width=\"483\" height=\"1024\" src=\"https:\/\/www.aphyllanthe.fr\/association\/wp-content\/uploads\/2023\/10\/2023-10-12-REPU-PICASSO-483x1024.webp\" alt=\"\" class=\"wp-image-19897\" style=\"aspect-ratio:0.4716796875;width:317px;height:auto\" srcset=\"https:\/\/www.aphyllanthe.fr\/association\/wp-content\/uploads\/2023\/10\/2023-10-12-REPU-PICASSO-483x1024.webp 483w, https:\/\/www.aphyllanthe.fr\/association\/wp-content\/uploads\/2023\/10\/2023-10-12-REPU-PICASSO-142x300.webp 142w, https:\/\/www.aphyllanthe.fr\/association\/wp-content\/uploads\/2023\/10\/2023-10-12-REPU-PICASSO-768x1628.webp 768w, https:\/\/www.aphyllanthe.fr\/association\/wp-content\/uploads\/2023\/10\/2023-10-12-REPU-PICASSO-725x1536.webp 725w, https:\/\/www.aphyllanthe.fr\/association\/wp-content\/uploads\/2023\/10\/2023-10-12-REPU-PICASSO.webp 811w\" sizes=\"auto, (max-width: 483px) 100vw, 483px\" \/><\/a><\/figure>\n<\/div>\n\n\n<h5 class=\"wp-block-heading has-text-align-center\">Vernissage de l&rsquo;expo d&rsquo;art postal<br \/>vendredi 8 septembre 2023<\/h5>\n\n\n\n<div class=\"wp-block-columns is-layout-flex wp-container-core-columns-is-layout-9d6595d7 wp-block-columns-is-layout-flex\">\n<div class=\"wp-block-column is-layout-flow wp-block-column-is-layout-flow\">\n<figure class=\"wp-block-image size-full\"><a href=\"https:\/\/www.aphyllanthe.fr\/association\/wp-content\/uploads\/2023\/09\/2023-09-14-REPU-VERNISSAGE-1.webp\"><img loading=\"lazy\" decoding=\"async\" width=\"684\" height=\"621\" src=\"https:\/\/www.aphyllanthe.fr\/association\/wp-content\/uploads\/2023\/09\/2023-09-14-REPU-VERNISSAGE-1.webp\" alt=\"\" class=\"wp-image-19495\" srcset=\"https:\/\/www.aphyllanthe.fr\/association\/wp-content\/uploads\/2023\/09\/2023-09-14-REPU-VERNISSAGE-1.webp 684w, https:\/\/www.aphyllanthe.fr\/association\/wp-content\/uploads\/2023\/09\/2023-09-14-REPU-VERNISSAGE-1-300x272.webp 300w\" sizes=\"auto, (max-width: 684px) 100vw, 684px\" \/><\/a><\/figure>\n<\/div>\n\n\n\n<div class=\"wp-block-column is-layout-flow wp-block-column-is-layout-flow\">\n<figure class=\"wp-block-image size-large\"><a href=\"https:\/\/www.aphyllanthe.fr\/association\/wp-content\/uploads\/2023\/09\/2023-09-14-ML-vernissage-1.jpg\"><img loading=\"lazy\" decoding=\"async\" width=\"1024\" height=\"801\" src=\"https:\/\/www.aphyllanthe.fr\/association\/wp-content\/uploads\/2023\/09\/2023-09-14-ML-vernissage-1-1024x801.jpg\" alt=\"\" class=\"wp-image-19499\" srcset=\"https:\/\/www.aphyllanthe.fr\/association\/wp-content\/uploads\/2023\/09\/2023-09-14-ML-vernissage-1-1024x801.jpg 1024w, https:\/\/www.aphyllanthe.fr\/association\/wp-content\/uploads\/2023\/09\/2023-09-14-ML-vernissage-1-300x235.jpg 300w, https:\/\/www.aphyllanthe.fr\/association\/wp-content\/uploads\/2023\/09\/2023-09-14-ML-vernissage-1-768x601.jpg 768w, https:\/\/www.aphyllanthe.fr\/association\/wp-content\/uploads\/2023\/09\/2023-09-14-ML-vernissage-1.jpg 1132w\" sizes=\"auto, (max-width: 1024px) 100vw, 1024px\" \/><\/a><figcaption class=\"wp-element-caption\">Midi Libre du 14 sept. 2023<\/figcaption><\/figure>\n<\/div>\n<\/div>\n\n\n\n<h5 class=\"wp-block-heading has-text-align-center\">Adh\u00e9sions et inscriptions \u00e0 l&rsquo;Aphyllanthe<br \/>samedi 2 septembre 2023<\/h5>\n\n\n<div class=\"wp-block-image\">\n<figure class=\"aligncenter size-large is-resized\"><a href=\"https:\/\/www.aphyllanthe.fr\/association\/wp-content\/uploads\/2023\/09\/2023-09-07-REPU-INSCRIPTIONS.webp\"><img loading=\"lazy\" decoding=\"async\" width=\"751\" height=\"1024\" src=\"https:\/\/www.aphyllanthe.fr\/association\/wp-content\/uploads\/2023\/09\/2023-09-07-REPU-INSCRIPTIONS-751x1024.webp\" alt=\"\" class=\"wp-image-19471\" style=\"width:360px;height:491px\" srcset=\"https:\/\/www.aphyllanthe.fr\/association\/wp-content\/uploads\/2023\/09\/2023-09-07-REPU-INSCRIPTIONS-751x1024.webp 751w, https:\/\/www.aphyllanthe.fr\/association\/wp-content\/uploads\/2023\/09\/2023-09-07-REPU-INSCRIPTIONS-220x300.webp 220w, https:\/\/www.aphyllanthe.fr\/association\/wp-content\/uploads\/2023\/09\/2023-09-07-REPU-INSCRIPTIONS-768x1047.webp 768w, https:\/\/www.aphyllanthe.fr\/association\/wp-content\/uploads\/2023\/09\/2023-09-07-REPU-INSCRIPTIONS-1127x1536.webp 1127w, https:\/\/www.aphyllanthe.fr\/association\/wp-content\/uploads\/2023\/09\/2023-09-07-REPU-INSCRIPTIONS.webp 1304w\" sizes=\"auto, (max-width: 751px) 100vw, 751px\" \/><\/a><\/figure>\n<\/div>\n\n\n<h5 class=\"wp-block-heading has-text-align-center\">Exposition d&rsquo;art postal \u00e0 la biblioth\u00e8que par Eric Babaud<br \/>du 2 au 22 septembre 2023<\/h5>\n\n\n\n<div class=\"wp-block-columns is-layout-flex wp-container-core-columns-is-layout-9d6595d7 wp-block-columns-is-layout-flex\">\n<div class=\"wp-block-column is-layout-flow wp-block-column-is-layout-flow\" style=\"flex-basis:66.66%\">\n<figure class=\"wp-block-image size-full\"><a href=\"https:\/\/www.aphyllanthe.fr\/association\/wp-content\/uploads\/2023\/08\/2023-08-29-ML-ART-POSTAL.webp\"><img loading=\"lazy\" decoding=\"async\" width=\"649\" height=\"788\" src=\"https:\/\/www.aphyllanthe.fr\/association\/wp-content\/uploads\/2023\/08\/2023-08-29-ML-ART-POSTAL.webp\" alt=\"\" class=\"wp-image-19380\" srcset=\"https:\/\/www.aphyllanthe.fr\/association\/wp-content\/uploads\/2023\/08\/2023-08-29-ML-ART-POSTAL.webp 649w, https:\/\/www.aphyllanthe.fr\/association\/wp-content\/uploads\/2023\/08\/2023-08-29-ML-ART-POSTAL-247x300.webp 247w\" sizes=\"auto, (max-width: 649px) 100vw, 649px\" \/><\/a><figcaption class=\"wp-element-caption\"><strong><em>Midi Libre du 29 ao\u00fbt 2023<\/em><\/strong><\/figcaption><\/figure>\n<\/div>\n\n\n\n<div class=\"wp-block-column is-layout-flow wp-block-column-is-layout-flow\" style=\"flex-basis:33.33%\">\n<figure class=\"wp-block-image size-large\"><a href=\"https:\/\/www.aphyllanthe.fr\/association\/wp-content\/uploads\/2023\/08\/2023-08-31-REPU-INSCRIPTIONS-scaled.webp\"><img loading=\"lazy\" decoding=\"async\" width=\"526\" height=\"1024\" src=\"https:\/\/www.aphyllanthe.fr\/association\/wp-content\/uploads\/2023\/08\/2023-08-31-REPU-INSCRIPTIONS-526x1024.webp\" alt=\"\" class=\"wp-image-19382\" srcset=\"https:\/\/www.aphyllanthe.fr\/association\/wp-content\/uploads\/2023\/08\/2023-08-31-REPU-INSCRIPTIONS-526x1024.webp 526w, https:\/\/www.aphyllanthe.fr\/association\/wp-content\/uploads\/2023\/08\/2023-08-31-REPU-INSCRIPTIONS-154x300.webp 154w, https:\/\/www.aphyllanthe.fr\/association\/wp-content\/uploads\/2023\/08\/2023-08-31-REPU-INSCRIPTIONS-768x1495.webp 768w, https:\/\/www.aphyllanthe.fr\/association\/wp-content\/uploads\/2023\/08\/2023-08-31-REPU-INSCRIPTIONS-789x1536.webp 789w, https:\/\/www.aphyllanthe.fr\/association\/wp-content\/uploads\/2023\/08\/2023-08-31-REPU-INSCRIPTIONS-1052x2048.webp 1052w, https:\/\/www.aphyllanthe.fr\/association\/wp-content\/uploads\/2023\/08\/2023-08-31-REPU-INSCRIPTIONS-1320x2569.webp 1320w, https:\/\/www.aphyllanthe.fr\/association\/wp-content\/uploads\/2023\/08\/2023-08-31-REPU-INSCRIPTIONS-scaled.webp 1316w\" sizes=\"auto, (max-width: 526px) 100vw, 526px\" \/><\/a><\/figure>\n<\/div>\n<\/div>\n\n\n\n<h5 class=\"wp-block-heading has-text-align-center\">La 2\u00e8me \u00e9dition du Forum des association se fait \u00e0 Foissac<br \/>le 9 septembre.<\/h5>\n\n\n\n<div class=\"wp-block-columns is-layout-flex wp-container-core-columns-is-layout-9d6595d7 wp-block-columns-is-layout-flex\">\n<div class=\"wp-block-column is-layout-flow wp-block-column-is-layout-flow\">\n<figure class=\"wp-block-image size-large\"><a href=\"https:\/\/www.aphyllanthe.fr\/association\/wp-content\/uploads\/2023\/08\/2023-08-24-REPU-FORUM.webp\"><img loading=\"lazy\" decoding=\"async\" width=\"629\" height=\"1024\" src=\"https:\/\/www.aphyllanthe.fr\/association\/wp-content\/uploads\/2023\/08\/2023-08-24-REPU-FORUM-629x1024.webp\" alt=\"\" class=\"wp-image-19315\" srcset=\"https:\/\/www.aphyllanthe.fr\/association\/wp-content\/uploads\/2023\/08\/2023-08-24-REPU-FORUM-629x1024.webp 629w, https:\/\/www.aphyllanthe.fr\/association\/wp-content\/uploads\/2023\/08\/2023-08-24-REPU-FORUM-184x300.webp 184w, https:\/\/www.aphyllanthe.fr\/association\/wp-content\/uploads\/2023\/08\/2023-08-24-REPU-FORUM-768x1251.webp 768w, https:\/\/www.aphyllanthe.fr\/association\/wp-content\/uploads\/2023\/08\/2023-08-24-REPU-FORUM-943x1536.webp 943w, https:\/\/www.aphyllanthe.fr\/association\/wp-content\/uploads\/2023\/08\/2023-08-24-REPU-FORUM.webp 1163w\" sizes=\"auto, (max-width: 629px) 100vw, 629px\" \/><\/a><\/figure>\n<\/div>\n\n\n\n<div class=\"wp-block-column is-layout-flow wp-block-column-is-layout-flow\">\n<figure class=\"wp-block-image size-large is-resized\"><a href=\"https:\/\/www.aphyllanthe.fr\/association\/wp-content\/uploads\/2023\/09\/2023-09-21-REPU-FORUM-1.webp\"><img loading=\"lazy\" decoding=\"async\" width=\"697\" height=\"1024\" src=\"https:\/\/www.aphyllanthe.fr\/association\/wp-content\/uploads\/2023\/09\/2023-09-21-REPU-FORUM-1-697x1024.webp\" alt=\"\" class=\"wp-image-19525\" style=\"width:259px;height:381px\" srcset=\"https:\/\/www.aphyllanthe.fr\/association\/wp-content\/uploads\/2023\/09\/2023-09-21-REPU-FORUM-1-697x1024.webp 697w, https:\/\/www.aphyllanthe.fr\/association\/wp-content\/uploads\/2023\/09\/2023-09-21-REPU-FORUM-1-204x300.webp 204w, https:\/\/www.aphyllanthe.fr\/association\/wp-content\/uploads\/2023\/09\/2023-09-21-REPU-FORUM-1-768x1128.webp 768w, https:\/\/www.aphyllanthe.fr\/association\/wp-content\/uploads\/2023\/09\/2023-09-21-REPU-FORUM-1.webp 1038w\" sizes=\"auto, (max-width: 697px) 100vw, 697px\" \/><\/a><\/figure>\n<\/div>\n<\/div>\n\n\n\n<h5 class=\"wp-block-heading\">Grande f\u00eate de fin de saison pour l&rsquo;anniversaire des 20 ans de l&rsquo;Aphyllanthe le 2 juillet.<\/h5>\n\n\n<div class=\"wp-block-image\">\n<figure class=\"aligncenter size-large is-resized\"><a href=\"https:\/\/www.aphyllanthe.fr\/association\/wp-content\/uploads\/2023\/08\/2023-07-20-REPU-FETE-APHYLLANTHE-scaled.webp\"><img loading=\"lazy\" decoding=\"async\" width=\"618\" height=\"1024\" src=\"https:\/\/www.aphyllanthe.fr\/association\/wp-content\/uploads\/2023\/08\/2023-07-20-REPU-FETE-APHYLLANTHE-618x1024.webp\" alt=\"\" class=\"wp-image-19225\" style=\"width:438px;height:725px\" srcset=\"https:\/\/www.aphyllanthe.fr\/association\/wp-content\/uploads\/2023\/08\/2023-07-20-REPU-FETE-APHYLLANTHE-618x1024.webp 618w, https:\/\/www.aphyllanthe.fr\/association\/wp-content\/uploads\/2023\/08\/2023-07-20-REPU-FETE-APHYLLANTHE-181x300.webp 181w, https:\/\/www.aphyllanthe.fr\/association\/wp-content\/uploads\/2023\/08\/2023-07-20-REPU-FETE-APHYLLANTHE-768x1273.webp 768w, https:\/\/www.aphyllanthe.fr\/association\/wp-content\/uploads\/2023\/08\/2023-07-20-REPU-FETE-APHYLLANTHE-927x1536.webp 927w, https:\/\/www.aphyllanthe.fr\/association\/wp-content\/uploads\/2023\/08\/2023-07-20-REPU-FETE-APHYLLANTHE-1236x2048.webp 1236w, https:\/\/www.aphyllanthe.fr\/association\/wp-content\/uploads\/2023\/08\/2023-07-20-REPU-FETE-APHYLLANTHE-1320x2188.webp 1320w, https:\/\/www.aphyllanthe.fr\/association\/wp-content\/uploads\/2023\/08\/2023-07-20-REPU-FETE-APHYLLANTHE-scaled.webp 1545w\" sizes=\"auto, (max-width: 618px) 100vw, 618px\" \/><\/a><\/figure>\n<\/div>\n\n\n<h5 class=\"wp-block-heading\">Jim Cluchey, membre du conseil d&rsquo;administration, ouvre les portes de son jardin au public et exposition d&rsquo;art postal dimanche 14 mai.<\/h5>\n\n\n\n<div class=\"wp-block-columns is-layout-flex wp-container-core-columns-is-layout-9d6595d7 wp-block-columns-is-layout-flex\">\n<div class=\"wp-block-column is-layout-flow wp-block-column-is-layout-flow\">\n<figure class=\"wp-block-image size-large is-resized\"><a href=\"https:\/\/www.aphyllanthe.fr\/association\/wp-content\/uploads\/2023\/06\/2023-05-18-JARDIN-JIM-REPU.webp\"><img loading=\"lazy\" decoding=\"async\" width=\"724\" height=\"1024\" src=\"https:\/\/www.aphyllanthe.fr\/association\/wp-content\/uploads\/2023\/06\/2023-05-18-JARDIN-JIM-REPU-724x1024.webp\" alt=\"\" class=\"wp-image-18791\" style=\"width:265px;height:375px\" srcset=\"https:\/\/www.aphyllanthe.fr\/association\/wp-content\/uploads\/2023\/06\/2023-05-18-JARDIN-JIM-REPU-724x1024.webp 724w, https:\/\/www.aphyllanthe.fr\/association\/wp-content\/uploads\/2023\/06\/2023-05-18-JARDIN-JIM-REPU-212x300.webp 212w, https:\/\/www.aphyllanthe.fr\/association\/wp-content\/uploads\/2023\/06\/2023-05-18-JARDIN-JIM-REPU-768x1086.webp 768w, https:\/\/www.aphyllanthe.fr\/association\/wp-content\/uploads\/2023\/06\/2023-05-18-JARDIN-JIM-REPU-1086x1536.webp 1086w, https:\/\/www.aphyllanthe.fr\/association\/wp-content\/uploads\/2023\/06\/2023-05-18-JARDIN-JIM-REPU-1320x1867.webp 1320w, https:\/\/www.aphyllanthe.fr\/association\/wp-content\/uploads\/2023\/06\/2023-05-18-JARDIN-JIM-REPU.webp 1414w\" sizes=\"auto, (max-width: 724px) 100vw, 724px\" \/><\/a><\/figure>\n<\/div>\n\n\n\n<div class=\"wp-block-column is-layout-flow wp-block-column-is-layout-flow\">\n<figure class=\"wp-block-image size-large\"><a href=\"https:\/\/www.aphyllanthe.fr\/association\/wp-content\/uploads\/2023\/06\/ART-POSTAL-2.webp\"><img loading=\"lazy\" decoding=\"async\" width=\"1024\" height=\"797\" src=\"https:\/\/www.aphyllanthe.fr\/association\/wp-content\/uploads\/2023\/06\/ART-POSTAL-2-1024x797.webp\" alt=\"\" class=\"wp-image-18796\" srcset=\"https:\/\/www.aphyllanthe.fr\/association\/wp-content\/uploads\/2023\/06\/ART-POSTAL-2-1024x797.webp 1024w, https:\/\/www.aphyllanthe.fr\/association\/wp-content\/uploads\/2023\/06\/ART-POSTAL-2-300x234.webp 300w, https:\/\/www.aphyllanthe.fr\/association\/wp-content\/uploads\/2023\/06\/ART-POSTAL-2-768x598.webp 768w, https:\/\/www.aphyllanthe.fr\/association\/wp-content\/uploads\/2023\/06\/ART-POSTAL-2.webp 1044w\" sizes=\"auto, (max-width: 1024px) 100vw, 1024px\" \/><\/a><\/figure>\n<\/div>\n<\/div>\n\n\n\n<div class=\"wp-block-columns is-layout-flex wp-container-core-columns-is-layout-9d6595d7 wp-block-columns-is-layout-flex\">\n<div class=\"wp-block-column is-layout-flow wp-block-column-is-layout-flow\">\n<h4 class=\"wp-block-heading has-text-align-center\"><a href=\"https:\/\/www.aphyllanthe.fr\/association\/?s=stylo\" target=\"_blank\" rel=\"noreferrer noopener\"><strong><em>Un stylo dans la t\u00eate<\/em><\/strong><\/a>, soir\u00e9e th\u00e9\u00e2tre le 13 mai :<\/h4>\n<\/div>\n\n\n\n<div class=\"wp-block-column is-layout-flow wp-block-column-is-layout-flow\">\n<figure class=\"wp-block-image size-large\"><a href=\"https:\/\/www.aphyllanthe.fr\/association\/wp-content\/uploads\/2023\/05\/2023-05-04-REPU-THEATRE.webp\"><img loading=\"lazy\" decoding=\"async\" width=\"1024\" height=\"693\" src=\"https:\/\/www.aphyllanthe.fr\/association\/wp-content\/uploads\/2023\/05\/2023-05-04-REPU-THEATRE-1024x693.webp\" alt=\"\" class=\"wp-image-18644\" srcset=\"https:\/\/www.aphyllanthe.fr\/association\/wp-content\/uploads\/2023\/05\/2023-05-04-REPU-THEATRE-1024x693.webp 1024w, https:\/\/www.aphyllanthe.fr\/association\/wp-content\/uploads\/2023\/05\/2023-05-04-REPU-THEATRE-300x203.webp 300w, https:\/\/www.aphyllanthe.fr\/association\/wp-content\/uploads\/2023\/05\/2023-05-04-REPU-THEATRE-768x520.webp 768w, https:\/\/www.aphyllanthe.fr\/association\/wp-content\/uploads\/2023\/05\/2023-05-04-REPU-THEATRE.webp 1314w\" sizes=\"auto, (max-width: 1024px) 100vw, 1024px\" \/><\/a><figcaption class=\"wp-element-caption\">Le R\u00e9publicain du 04\/05\/23<\/figcaption><\/figure>\n<\/div>\n<\/div>\n\n\n\n<h4 class=\"wp-block-heading\">Conf\u00e9rence du vendredi 12 mai <a href=\"https:\/\/www.aphyllanthe.fr\/association\/conference-du-vendredi-12-mai\/\" target=\"_blank\" rel=\"noreferrer noopener\"><em>C&rsquo;est quoi Internet au juste ?<\/em><\/a> par G\u00e9rard Berry<\/h4>\n\n\n\n<figure class=\"wp-block-gallery has-nested-images columns-default is-cropped wp-block-gallery-5 is-layout-flex wp-block-gallery-is-layout-flex\">\n<figure class=\"wp-block-image size-large\"><a href=\"https:\/\/www.aphyllanthe.fr\/association\/wp-content\/uploads\/2023\/05\/2023-05-04-REPU-CONF-INTERNET-ARTICLE.webp\"><img loading=\"lazy\" decoding=\"async\" width=\"958\" height=\"1024\" data-id=\"18645\" src=\"https:\/\/www.aphyllanthe.fr\/association\/wp-content\/uploads\/2023\/05\/2023-05-04-REPU-CONF-INTERNET-ARTICLE-958x1024.webp\" alt=\"\" class=\"wp-image-18645\" srcset=\"https:\/\/www.aphyllanthe.fr\/association\/wp-content\/uploads\/2023\/05\/2023-05-04-REPU-CONF-INTERNET-ARTICLE-958x1024.webp 958w, https:\/\/www.aphyllanthe.fr\/association\/wp-content\/uploads\/2023\/05\/2023-05-04-REPU-CONF-INTERNET-ARTICLE-281x300.webp 281w, https:\/\/www.aphyllanthe.fr\/association\/wp-content\/uploads\/2023\/05\/2023-05-04-REPU-CONF-INTERNET-ARTICLE-768x821.webp 768w, https:\/\/www.aphyllanthe.fr\/association\/wp-content\/uploads\/2023\/05\/2023-05-04-REPU-CONF-INTERNET-ARTICLE-1320x1411.webp 1320w, https:\/\/www.aphyllanthe.fr\/association\/wp-content\/uploads\/2023\/05\/2023-05-04-REPU-CONF-INTERNET-ARTICLE.webp 1326w\" sizes=\"auto, (max-width: 958px) 100vw, 958px\" \/><\/a><\/figure>\n\n\n\n<figure class=\"wp-block-image size-large\"><a href=\"https:\/\/www.aphyllanthe.fr\/association\/wp-content\/uploads\/2023\/05\/2023-05-04-REPU-CONF-INTERNET-PUB.webp\"><img loading=\"lazy\" decoding=\"async\" width=\"658\" height=\"1024\" data-id=\"18646\" src=\"https:\/\/www.aphyllanthe.fr\/association\/wp-content\/uploads\/2023\/05\/2023-05-04-REPU-CONF-INTERNET-PUB-658x1024.webp\" alt=\"\" class=\"wp-image-18646\" srcset=\"https:\/\/www.aphyllanthe.fr\/association\/wp-content\/uploads\/2023\/05\/2023-05-04-REPU-CONF-INTERNET-PUB-658x1024.webp 658w, https:\/\/www.aphyllanthe.fr\/association\/wp-content\/uploads\/2023\/05\/2023-05-04-REPU-CONF-INTERNET-PUB-193x300.webp 193w, https:\/\/www.aphyllanthe.fr\/association\/wp-content\/uploads\/2023\/05\/2023-05-04-REPU-CONF-INTERNET-PUB-768x1195.webp 768w, https:\/\/www.aphyllanthe.fr\/association\/wp-content\/uploads\/2023\/05\/2023-05-04-REPU-CONF-INTERNET-PUB-987x1536.webp 987w, https:\/\/www.aphyllanthe.fr\/association\/wp-content\/uploads\/2023\/05\/2023-05-04-REPU-CONF-INTERNET-PUB.webp 1026w\" sizes=\"auto, (max-width: 658px) 100vw, 658px\" \/><\/a><\/figure>\n<\/figure>\n\n\n\n<h4 class=\"wp-block-heading\">Assembl\u00e9e g\u00e9n\u00e9rale le 31 mars :<\/h4>\n\n\n<div class=\"wp-block-image\">\n<figure class=\"aligncenter size-large is-resized\"><a href=\"https:\/\/www.aphyllanthe.fr\/association\/wp-content\/uploads\/2023\/05\/2023-04-06-REPU-AG.webp\"><img loading=\"lazy\" decoding=\"async\" width=\"915\" height=\"1024\" src=\"https:\/\/www.aphyllanthe.fr\/association\/wp-content\/uploads\/2023\/05\/2023-04-06-REPU-AG-915x1024.webp\" alt=\"\" class=\"wp-image-18680\" style=\"width:352px;height:394px\" srcset=\"https:\/\/www.aphyllanthe.fr\/association\/wp-content\/uploads\/2023\/05\/2023-04-06-REPU-AG-915x1024.webp 915w, https:\/\/www.aphyllanthe.fr\/association\/wp-content\/uploads\/2023\/05\/2023-04-06-REPU-AG-268x300.webp 268w, https:\/\/www.aphyllanthe.fr\/association\/wp-content\/uploads\/2023\/05\/2023-04-06-REPU-AG-768x859.webp 768w, https:\/\/www.aphyllanthe.fr\/association\/wp-content\/uploads\/2023\/05\/2023-04-06-REPU-AG.webp 1054w\" sizes=\"auto, (max-width: 915px) 100vw, 915px\" \/><\/a><\/figure>\n<\/div>\n\n\n<h4 class=\"wp-block-heading\">Conf\u00e9rence de Paul Privat sur <a href=\"https:\/\/www.aphyllanthe.fr\/association\/les-conferences-du-vendredi-2\/\" target=\"_blank\" rel=\"noreferrer noopener\">la sylviculture du ch\u00eane vert \u00e0 Aigaliers et sa r\u00e9gion<\/a> le 24 mars :<\/h4>\n\n\n<div class=\"wp-block-image\">\n<figure class=\"aligncenter size-large\"><a href=\"https:\/\/www.aphyllanthe.fr\/association\/wp-content\/uploads\/2023\/05\/2023-03-16-REPU-ONF.webp\"><img loading=\"lazy\" decoding=\"async\" width=\"1024\" height=\"965\" src=\"https:\/\/www.aphyllanthe.fr\/association\/wp-content\/uploads\/2023\/05\/2023-03-16-REPU-ONF-1024x965.webp\" alt=\"\" class=\"wp-image-18684\" srcset=\"https:\/\/www.aphyllanthe.fr\/association\/wp-content\/uploads\/2023\/05\/2023-03-16-REPU-ONF-1024x965.webp 1024w, https:\/\/www.aphyllanthe.fr\/association\/wp-content\/uploads\/2023\/05\/2023-03-16-REPU-ONF-300x283.webp 300w, https:\/\/www.aphyllanthe.fr\/association\/wp-content\/uploads\/2023\/05\/2023-03-16-REPU-ONF-768x724.webp 768w, https:\/\/www.aphyllanthe.fr\/association\/wp-content\/uploads\/2023\/05\/2023-03-16-REPU-ONF.webp 1211w\" sizes=\"auto, (max-width: 1024px) 100vw, 1024px\" \/><\/a><\/figure>\n<\/div>\n\n\n<h4 class=\"wp-block-heading\"><a href=\"https:\/\/www.aphyllanthe.fr\/association\/les-conferences-du-vendredi\/\" target=\"_blank\" rel=\"noreferrer noopener\">Conf\u00e9rence de Jean-Paul L\u00e9vy sur la justice transitionnelle,<\/a> 17 f\u00e9vrier :<\/h4>\n\n\n<div class=\"wp-block-image\">\n<figure class=\"aligncenter size-large is-resized\"><a href=\"https:\/\/www.aphyllanthe.fr\/association\/wp-content\/uploads\/2023\/02\/2023-02-09-JPLEVY-REPU.webp\"><img loading=\"lazy\" decoding=\"async\" width=\"913\" height=\"1024\" src=\"https:\/\/www.aphyllanthe.fr\/association\/wp-content\/uploads\/2023\/02\/2023-02-09-JPLEVY-REPU-913x1024.webp\" alt=\"\" class=\"wp-image-18164\" style=\"width:409px;height:459px\" srcset=\"https:\/\/www.aphyllanthe.fr\/association\/wp-content\/uploads\/2023\/02\/2023-02-09-JPLEVY-REPU-913x1024.webp 913w, https:\/\/www.aphyllanthe.fr\/association\/wp-content\/uploads\/2023\/02\/2023-02-09-JPLEVY-REPU-267x300.webp 267w, https:\/\/www.aphyllanthe.fr\/association\/wp-content\/uploads\/2023\/02\/2023-02-09-JPLEVY-REPU-768x862.webp 768w, https:\/\/www.aphyllanthe.fr\/association\/wp-content\/uploads\/2023\/02\/2023-02-09-JPLEVY-REPU-1369x1536.webp 1369w, https:\/\/www.aphyllanthe.fr\/association\/wp-content\/uploads\/2023\/02\/2023-02-09-JPLEVY-REPU-1320x1481.webp 1320w, https:\/\/www.aphyllanthe.fr\/association\/wp-content\/uploads\/2023\/02\/2023-02-09-JPLEVY-REPU.webp 1442w\" sizes=\"auto, (max-width: 913px) 100vw, 913px\" \/><\/a><figcaption class=\"wp-element-caption\">Le R\u00e9publicain du 9 f\u00e9vrier 2023<\/figcaption><\/figure>\n<\/div>\n\n\n<h2 class=\"wp-block-heading has-text-align-center has-white-color has-text-color has-background\" style=\"background-color:#4dac89\">Ann\u00e9e 2022<\/h2>\n\n\n\n<h4 class=\"wp-block-heading\"><a href=\"https:\/\/www.aphyllanthe.fr\/association\/grand-forum-des-associations\/\" target=\"_blank\" rel=\"noreferrer noopener\">Forum des associations 2022<\/a> (voir notre article <a href=\"https:\/\/www.aphyllanthe.fr\/association\/beau-succes-pour-le-forum-des-associations\/\" target=\"_blank\" rel=\"noreferrer noopener\"><strong>ici<\/strong><\/a>) :<\/h4>\n\n\n\n<figure class=\"wp-block-gallery has-nested-images columns-default is-cropped wp-block-gallery-6 is-layout-flex wp-block-gallery-is-layout-flex\">\n<figure class=\"wp-block-image size-large\"><a href=\"https:\/\/www.aphyllanthe.fr\/association\/wp-content\/uploads\/2022\/08\/2022-08-25-ML-FORUM-ASSOCIATIONS.webp\"><img loading=\"lazy\" decoding=\"async\" width=\"498\" height=\"652\" data-id=\"17117\" src=\"https:\/\/www.aphyllanthe.fr\/association\/wp-content\/uploads\/2022\/08\/2022-08-25-ML-FORUM-ASSOCIATIONS.webp\" alt=\"\" class=\"wp-image-17117\" srcset=\"https:\/\/www.aphyllanthe.fr\/association\/wp-content\/uploads\/2022\/08\/2022-08-25-ML-FORUM-ASSOCIATIONS.webp 498w, https:\/\/www.aphyllanthe.fr\/association\/wp-content\/uploads\/2022\/08\/2022-08-25-ML-FORUM-ASSOCIATIONS-229x300.webp 229w\" sizes=\"auto, (max-width: 498px) 100vw, 498px\" \/><\/a><figcaption class=\"wp-element-caption\">Midi Libre du 25\/08\/2022<\/figcaption><\/figure>\n\n\n\n<figure class=\"wp-block-image size-large\"><a href=\"https:\/\/www.aphyllanthe.fr\/association\/wp-content\/uploads\/2022\/09\/FORUM-ASSOCIATIONS-REPU-2022-09-01-.webp\"><img loading=\"lazy\" decoding=\"async\" width=\"383\" height=\"1024\" data-id=\"17171\" src=\"https:\/\/www.aphyllanthe.fr\/association\/wp-content\/uploads\/2022\/09\/FORUM-ASSOCIATIONS-REPU-2022-09-01--383x1024.webp\" alt=\"\" class=\"wp-image-17171\" srcset=\"https:\/\/www.aphyllanthe.fr\/association\/wp-content\/uploads\/2022\/09\/FORUM-ASSOCIATIONS-REPU-2022-09-01--383x1024.webp 383w, https:\/\/www.aphyllanthe.fr\/association\/wp-content\/uploads\/2022\/09\/FORUM-ASSOCIATIONS-REPU-2022-09-01--112x300.webp 112w, https:\/\/www.aphyllanthe.fr\/association\/wp-content\/uploads\/2022\/09\/FORUM-ASSOCIATIONS-REPU-2022-09-01-.webp 391w\" sizes=\"auto, (max-width: 383px) 100vw, 383px\" \/><\/a><figcaption class=\"wp-element-caption\">Le R\u00e9publicain du 01\/09\/22<\/figcaption><\/figure>\n\n\n\n<figure class=\"wp-block-image size-large\"><a href=\"https:\/\/www.aphyllanthe.fr\/association\/wp-content\/uploads\/2022\/09\/2022-09-15-forum-associations-repu.webp\"><img loading=\"lazy\" decoding=\"async\" width=\"621\" height=\"714\" data-id=\"17266\" src=\"https:\/\/www.aphyllanthe.fr\/association\/wp-content\/uploads\/2022\/09\/2022-09-15-forum-associations-repu.webp\" alt=\"\" class=\"wp-image-17266\" srcset=\"https:\/\/www.aphyllanthe.fr\/association\/wp-content\/uploads\/2022\/09\/2022-09-15-forum-associations-repu.webp 621w, https:\/\/www.aphyllanthe.fr\/association\/wp-content\/uploads\/2022\/09\/2022-09-15-forum-associations-repu-261x300.webp 261w\" sizes=\"auto, (max-width: 621px) 100vw, 621px\" \/><\/a><figcaption class=\"wp-element-caption\">Le R\u00e9publicain du 15\/09\/22<\/figcaption><\/figure>\n<\/figure>\n\n\n\n<h4 class=\"wp-block-heading\">Jardin p\u00e9dagogique de l&rsquo;\u00e9cole de Foissac :<\/h4>\n\n\n<div class=\"wp-block-image\">\n<figure class=\"aligncenter size-large is-resized\"><a href=\"https:\/\/www.aphyllanthe.fr\/association\/wp-content\/uploads\/2022\/08\/2022-08-16-REPU-JARDIN-PEDAGO.webp\"><img loading=\"lazy\" decoding=\"async\" width=\"1024\" height=\"870\" src=\"https:\/\/www.aphyllanthe.fr\/association\/wp-content\/uploads\/2022\/08\/2022-08-16-REPU-JARDIN-PEDAGO-1024x870.webp\" alt=\"\" class=\"wp-image-17088\" style=\"width:405px;height:343px\" srcset=\"https:\/\/www.aphyllanthe.fr\/association\/wp-content\/uploads\/2022\/08\/2022-08-16-REPU-JARDIN-PEDAGO-1024x870.webp 1024w, https:\/\/www.aphyllanthe.fr\/association\/wp-content\/uploads\/2022\/08\/2022-08-16-REPU-JARDIN-PEDAGO-300x255.webp 300w, https:\/\/www.aphyllanthe.fr\/association\/wp-content\/uploads\/2022\/08\/2022-08-16-REPU-JARDIN-PEDAGO-768x653.webp 768w, https:\/\/www.aphyllanthe.fr\/association\/wp-content\/uploads\/2022\/08\/2022-08-16-REPU-JARDIN-PEDAGO-1536x1305.webp 1536w, https:\/\/www.aphyllanthe.fr\/association\/wp-content\/uploads\/2022\/08\/2022-08-16-REPU-JARDIN-PEDAGO-2048x1740.webp 2048w, https:\/\/www.aphyllanthe.fr\/association\/wp-content\/uploads\/2022\/08\/2022-08-16-REPU-JARDIN-PEDAGO-1320x1122.webp 1320w\" sizes=\"auto, (max-width: 1024px) 100vw, 1024px\" \/><\/a><figcaption class=\"wp-element-caption\">Le R\u00e9publicain 08\/2022<\/figcaption><\/figure>\n<\/div>\n\n\n<h4 class=\"wp-block-heading\">F\u00eate de l&rsquo;Aphyllanthe. <a href=\"https:\/\/www.aphyllanthe.fr\/association\/cetait-la-fete\/\" target=\"_blank\" rel=\"noreferrer noopener\">Voir notre article ici<\/a>.<\/h4>\n\n\n<div class=\"wp-block-image\">\n<figure class=\"aligncenter size-full is-resized\"><a href=\"https:\/\/www.aphyllanthe.fr\/association\/wp-content\/uploads\/2022\/06\/2022-06-21-FETE-APHYL.webp\"><img loading=\"lazy\" decoding=\"async\" width=\"320\" height=\"844\" src=\"https:\/\/www.aphyllanthe.fr\/association\/wp-content\/uploads\/2022\/06\/2022-06-21-FETE-APHYL.webp\" alt=\"\" class=\"wp-image-16723\" style=\"width:174px;height:460px\" srcset=\"https:\/\/www.aphyllanthe.fr\/association\/wp-content\/uploads\/2022\/06\/2022-06-21-FETE-APHYL.webp 320w, https:\/\/www.aphyllanthe.fr\/association\/wp-content\/uploads\/2022\/06\/2022-06-21-FETE-APHYL-114x300.webp 114w\" sizes=\"auto, (max-width: 320px) 100vw, 320px\" \/><\/a><\/figure>\n<\/div>\n\n\n<h4 class=\"wp-block-heading\">Atelier d&rsquo;\u00e9criture de janvier 2022,  voir notre article<strong> <a href=\"https:\/\/www.aphyllanthe.fr\/association\/premier-atelier-decriture-de-lannee-a-laphyllanthe\/\" target=\"_blank\" rel=\"noreferrer noopener\">ici<\/a><\/strong>.<\/h4>\n\n\n<div class=\"wp-block-image\">\n<figure class=\"aligncenter size-large is-resized\"><a href=\"https:\/\/www.aphyllanthe.fr\/association\/wp-content\/uploads\/2022\/02\/ECRITURE-01-22-scaled.webp\"><img loading=\"lazy\" decoding=\"async\" width=\"727\" height=\"1024\" src=\"https:\/\/www.aphyllanthe.fr\/association\/wp-content\/uploads\/2022\/02\/ECRITURE-01-22-727x1024.webp\" alt=\"\" class=\"wp-image-15878\" style=\"width:235px;height:331px\" srcset=\"https:\/\/www.aphyllanthe.fr\/association\/wp-content\/uploads\/2022\/02\/ECRITURE-01-22-727x1024.webp 727w, https:\/\/www.aphyllanthe.fr\/association\/wp-content\/uploads\/2022\/02\/ECRITURE-01-22-213x300.webp 213w, https:\/\/www.aphyllanthe.fr\/association\/wp-content\/uploads\/2022\/02\/ECRITURE-01-22-768x1082.webp 768w, https:\/\/www.aphyllanthe.fr\/association\/wp-content\/uploads\/2022\/02\/ECRITURE-01-22-1091x1536.webp 1091w, https:\/\/www.aphyllanthe.fr\/association\/wp-content\/uploads\/2022\/02\/ECRITURE-01-22-1454x2048.webp 1454w, https:\/\/www.aphyllanthe.fr\/association\/wp-content\/uploads\/2022\/02\/ECRITURE-01-22-1320x1859.webp 1320w, https:\/\/www.aphyllanthe.fr\/association\/wp-content\/uploads\/2022\/02\/ECRITURE-01-22-scaled.webp 1818w\" sizes=\"auto, (max-width: 727px) 100vw, 727px\" \/><\/a><figcaption class=\"wp-element-caption\">Atelier d&rsquo;\u00e9criture janvier 2022<\/figcaption><\/figure>\n<\/div>\n\n\n<h4 class=\"wp-block-heading\"><strong><a href=\"https:\/\/www.aphyllanthe.fr\/association\/le-petit-prix-litteraire\/\" target=\"_blank\" rel=\"noreferrer noopener\">Petit prix litt\u00e9raire<\/a> pour les classes de la maternelle d&rsquo;Aigaliers :<\/strong><\/h4>\n\n\n\n<figure class=\"wp-block-gallery has-nested-images columns-default is-cropped wp-block-gallery-7 is-layout-flex wp-block-gallery-is-layout-flex\">\n<figure class=\"wp-block-image size-large\"><a href=\"https:\/\/www.aphyllanthe.fr\/association\/wp-content\/uploads\/2021\/07\/prix-litteraire-ml.jpg\"><img loading=\"lazy\" decoding=\"async\" width=\"868\" height=\"740\" data-id=\"14634\" src=\"https:\/\/www.aphyllanthe.fr\/association\/wp-content\/uploads\/2021\/07\/prix-litteraire-ml.jpg\" alt=\"\" class=\"wp-image-14634\" srcset=\"https:\/\/www.aphyllanthe.fr\/association\/wp-content\/uploads\/2021\/07\/prix-litteraire-ml.jpg 868w, https:\/\/www.aphyllanthe.fr\/association\/wp-content\/uploads\/2021\/07\/prix-litteraire-ml-300x256.jpg 300w, https:\/\/www.aphyllanthe.fr\/association\/wp-content\/uploads\/2021\/07\/prix-litteraire-ml-768x655.jpg 768w\" sizes=\"auto, (max-width: 868px) 100vw, 868px\" \/><\/a><figcaption class=\"wp-element-caption\">Midi Libre 5 juillet 2021<\/figcaption><\/figure>\n\n\n\n<figure class=\"wp-block-image size-large\"><a href=\"https:\/\/www.aphyllanthe.fr\/association\/wp-content\/uploads\/2021\/07\/petit-prix-litteraire-repu-15-07-21.jpeg\"><img loading=\"lazy\" decoding=\"async\" width=\"1024\" height=\"987\" data-id=\"14635\" src=\"https:\/\/www.aphyllanthe.fr\/association\/wp-content\/uploads\/2021\/07\/petit-prix-litteraire-repu-15-07-21-1024x987.jpeg\" alt=\"\" class=\"wp-image-14635\" srcset=\"https:\/\/www.aphyllanthe.fr\/association\/wp-content\/uploads\/2021\/07\/petit-prix-litteraire-repu-15-07-21-1024x987.jpeg 1024w, https:\/\/www.aphyllanthe.fr\/association\/wp-content\/uploads\/2021\/07\/petit-prix-litteraire-repu-15-07-21-300x289.jpeg 300w, https:\/\/www.aphyllanthe.fr\/association\/wp-content\/uploads\/2021\/07\/petit-prix-litteraire-repu-15-07-21-768x740.jpeg 768w, https:\/\/www.aphyllanthe.fr\/association\/wp-content\/uploads\/2021\/07\/petit-prix-litteraire-repu-15-07-21-1536x1480.jpeg 1536w, https:\/\/www.aphyllanthe.fr\/association\/wp-content\/uploads\/2021\/07\/petit-prix-litteraire-repu-15-07-21-1320x1272.jpeg 1320w, https:\/\/www.aphyllanthe.fr\/association\/wp-content\/uploads\/2021\/07\/petit-prix-litteraire-repu-15-07-21.jpeg 1731w\" sizes=\"auto, (max-width: 1024px) 100vw, 1024px\" \/><\/a><figcaption class=\"wp-element-caption\">Le R\u00e9publicain 15 juillet 2021<\/figcaption><\/figure>\n<\/figure>\n\n\n\n<h4 class=\"wp-block-heading\"><strong>Soir\u00e9e festive \u00e0 l&rsquo;occasion de la f\u00eate de la musique le 21 juin <\/strong>:<\/h4>\n\n\n<div class=\"wp-block-image\">\n<figure class=\"aligncenter size-full is-resized\"><a href=\"https:\/\/www.aphyllanthe.fr\/association\/wp-content\/uploads\/2021\/06\/2021-06-21-rotated.jpg\"><img loading=\"lazy\" decoding=\"async\" width=\"621\" height=\"822\" src=\"https:\/\/www.aphyllanthe.fr\/association\/wp-content\/uploads\/2021\/06\/2021-06-21-rotated.jpg\" alt=\"\" class=\"wp-image-14519\" style=\"width:280px;height:371px\" srcset=\"https:\/\/www.aphyllanthe.fr\/association\/wp-content\/uploads\/2021\/06\/2021-06-21-rotated.jpg 621w, https:\/\/www.aphyllanthe.fr\/association\/wp-content\/uploads\/2021\/06\/2021-06-21-227x300.jpg 227w\" sizes=\"auto, (max-width: 621px) 100vw, 621px\" \/><\/a><figcaption class=\"wp-element-caption\">Le r\u00e9publicain 24 juin 2021<\/figcaption><\/figure>\n<\/div>\n\n\n<h4 class=\"wp-block-heading has-text-align-center\"><strong>Reprise partielle des activit\u00e9s en mars 2021 :<\/strong><\/h4>\n\n\n<div class=\"wp-block-image\">\n<figure class=\"aligncenter size-full\"><a href=\"https:\/\/www.aphyllanthe.fr\/association\/wp-content\/uploads\/2021\/03\/2021-03-17_repise-cours-enfants1.jpg\"><img loading=\"lazy\" decoding=\"async\" width=\"500\" height=\"268\" src=\"https:\/\/www.aphyllanthe.fr\/association\/wp-content\/uploads\/2021\/03\/2021-03-17_repise-cours-enfants1.jpg\" alt=\"\" class=\"wp-image-14048\" srcset=\"https:\/\/www.aphyllanthe.fr\/association\/wp-content\/uploads\/2021\/03\/2021-03-17_repise-cours-enfants1.jpg 500w, https:\/\/www.aphyllanthe.fr\/association\/wp-content\/uploads\/2021\/03\/2021-03-17_repise-cours-enfants1-300x161.jpg 300w\" sizes=\"auto, (max-width: 500px) 100vw, 500px\" \/><\/a><figcaption class=\"wp-element-caption\">Midi Libre 17 mars 2021<\/figcaption><\/figure>\n<\/div>","protected":false},"excerpt":{"rendered":"<p>La presse parle r\u00e9guli\u00e8rement des activit\u00e9s de l&rsquo;Association, notamment le Midi Libre et le R\u00e9publicain d&rsquo;Uz\u00e8s. Assembl\u00e9e G\u00e9n\u00e9rale27 mars 2026 Atelier boutures21 mars 2026 Partage de la galette11 janvier 2026 L&rsquo;ancienne pr\u00e9sidente Claire Lasserre\u00e0 l&rsquo;honneur dans le R\u00e9publicain Les vacances de Toussaint avec l&rsquo;Aphyllanthedu 25 oct. au 2 nov. Conf\u00e9rence : le top 10 des &hellip; <a href=\"https:\/\/www.aphyllanthe.fr\/association\/la-revue-de-presse-laphyllanthe\/\" class=\"more-link\">Continuer la lecture de <span class=\"screen-reader-text\">La revue de presse de l&rsquo;Aphyllanthe<\/span>  <span class=\"meta-nav\">&rarr;<\/span><\/a><\/p>\n","protected":false},"author":10,"featured_media":0,"parent":0,"menu_order":0,"comment_status":"closed","ping_status":"closed","template":"","meta":{"footnotes":""},"class_list":["post-18641","page","type-page","status-publish","hentry"],"_links":{"self":[{"href":"https:\/\/www.aphyllanthe.fr\/association\/wp-json\/wp\/v2\/pages\/18641","targetHints":{"allow":["GET"]}}],"collection":[{"href":"https:\/\/www.aphyllanthe.fr\/association\/wp-json\/wp\/v2\/pages"}],"about":[{"href":"https:\/\/www.aphyllanthe.fr\/association\/wp-json\/wp\/v2\/types\/page"}],"author":[{"embeddable":true,"href":"https:\/\/www.aphyllanthe.fr\/association\/wp-json\/wp\/v2\/users\/10"}],"replies":[{"embeddable":true,"href":"https:\/\/www.aphyllanthe.fr\/association\/wp-json\/wp\/v2\/comments?post=18641"}],"version-history":[{"count":85,"href":"https:\/\/www.aphyllanthe.fr\/association\/wp-json\/wp\/v2\/pages\/18641\/revisions"}],"predecessor-version":[{"id":26374,"href":"https:\/\/www.aphyllanthe.fr\/association\/wp-json\/wp\/v2\/pages\/18641\/revisions\/26374"}],"wp:attachment":[{"href":"https:\/\/www.aphyllanthe.fr\/association\/wp-json\/wp\/v2\/media?parent=18641"}],"curies":[{"name":"wp","href":"https:\/\/api.w.org\/{rel}","templated":true}]}}