{"id":1903,"date":"2015-05-13T10:08:33","date_gmt":"2015-05-13T09:08:33","guid":{"rendered":"http:\/\/www.aphyllanthe.fr\/association\/?page_id=1903"},"modified":"2019-10-29T22:11:47","modified_gmt":"2019-10-29T21:11:47","slug":"albums-photo","status":"publish","type":"page","link":"https:\/\/www.aphyllanthe.fr\/association\/accueil\/albums-photo\/","title":{"rendered":"Albums Photo"},"content":{"rendered":"<p>A l&rsquo;Aphyllanthe, plusieurs adh\u00e9rents pratiquent de la photo.  Nous proposons ici une collection de photos couvrant nos activit\u00e9s sur les quelques derni\u00e8res ann\u00e9es. A feuilleter \u00e0 volont\u00e9.<\/p>\n<figure id=\"attachment_6639\" aria-describedby=\"caption-attachment-6639\" style=\"width: 300px\" class=\"wp-caption aligncenter\"><a href=\"https:\/\/photos.app.goo.gl\/1epy3z8f98Fhy4pEA\" target=\"_blank\" rel=\"noopener noreferrer\"><img loading=\"lazy\" decoding=\"async\" src=\"\/association\/wp-content\/uploads\/2017\/08\/elze-e1503232291466-300x106.jpg\" alt=\"\" width=\"300\" height=\"225\" class=\"size-medium wp-image-6639\" \/><\/a><figcaption id=\"caption-attachment-6639\" class=\"wp-caption-text\">Saison de randonn\u00e9e 2019-2020<\/figcaption><\/figure>\n<figure id=\"attachment_6639\" aria-describedby=\"caption-attachment-6639\" style=\"width: 300px\" class=\"wp-caption aligncenter\"><a href=\"https:\/\/photos.app.goo.gl\/Qx49K38ErcEjsEhB8\" target=\"_blank\" rel=\"noopener noreferrer\"><img loading=\"lazy\" decoding=\"async\" src=\"\/association\/wp-content\/uploads\/2018\/10\/au-sommet-du-suc-de-bauzon.jpg\" alt=\"\" width=\"300\" height=\"225\" class=\"size-medium wp-image-6639\" \/><\/a><figcaption id=\"caption-attachment-6639\" class=\"wp-caption-text\">Saison de randonn\u00e9e 2018-2019<\/figcaption><\/figure>\n<figure id=\"attachment_6639\" aria-describedby=\"caption-attachment-6639\" style=\"width: 300px\" class=\"wp-caption aligncenter\"><a href=\"https:\/\/photos.app.goo.gl\/Qx49K38ErcEjsEhB8\" target=\"_blank\" rel=\"noopener noreferrer\"><img loading=\"lazy\" decoding=\"async\" src=\"\/association\/wp-content\/uploads\/2018\/10\/dans-les-gorges-du-granzon.jpg\" alt=\"\" width=\"300\" height=\"225\" class=\"size-medium wp-image-6639\" \/><\/a><figcaption id=\"caption-attachment-6639\" class=\"wp-caption-text\">Weekend randonn\u00e9e d&rsquo;automne 2018<\/figcaption><\/figure>\n<figure id=\"attachment_6639\" aria-describedby=\"caption-attachment-6639\" style=\"width: 300px\" class=\"wp-caption aligncenter\"><a href=\"https:\/\/photos.app.goo.gl\/yrObPwGyXd6cIBWf2\" target=\"_blank\" rel=\"noopener noreferrer\"><img loading=\"lazy\" decoding=\"async\" src=\"\/association\/wp-content\/uploads\/2017\/12\/vezenobres-05-300x225.jpg\" alt=\"\" width=\"300\" height=\"225\" class=\"size-medium wp-image-6639\" srcset=\"https:\/\/www.aphyllanthe.fr\/association\/wp-content\/uploads\/2017\/12\/vezenobres-05-300x225.jpg 300w, https:\/\/www.aphyllanthe.fr\/association\/wp-content\/uploads\/2017\/12\/vezenobres-05-768x576.jpg 768w, https:\/\/www.aphyllanthe.fr\/association\/wp-content\/uploads\/2017\/12\/vezenobres-05.jpg 1024w, https:\/\/www.aphyllanthe.fr\/association\/wp-content\/uploads\/2017\/12\/vezenobres-05-600x450.jpg 600w\" sizes=\"auto, (max-width: 300px) 100vw, 300px\" \/><\/a><figcaption id=\"caption-attachment-6639\" class=\"wp-caption-text\">Saison de randonn\u00e9e 2017-2018<\/figcaption><\/figure>\n<figure id=\"attachment_6646\" aria-describedby=\"caption-attachment-6646\" style=\"width: 300px\" class=\"wp-caption aligncenter\"><a href=\"https:\/\/photos.app.goo.gl\/Doqw9FH5g1OrYSQK2\" target=\"_blank\" rel=\"noopener noreferrer\"><img loading=\"lazy\" decoding=\"async\" src=\"\/association\/wp-content\/uploads\/2017\/12\/weekend-2017-10-01-007-300x225.jpg\" alt=\"\" width=\"300\" height=\"225\" class=\"size-medium wp-image-6646\" srcset=\"https:\/\/www.aphyllanthe.fr\/association\/wp-content\/uploads\/2017\/12\/weekend-2017-10-01-007-300x225.jpg 300w, https:\/\/www.aphyllanthe.fr\/association\/wp-content\/uploads\/2017\/12\/weekend-2017-10-01-007-768x576.jpg 768w, https:\/\/www.aphyllanthe.fr\/association\/wp-content\/uploads\/2017\/12\/weekend-2017-10-01-007-1024x768.jpg 1024w, https:\/\/www.aphyllanthe.fr\/association\/wp-content\/uploads\/2017\/12\/weekend-2017-10-01-007-600x450.jpg 600w, https:\/\/www.aphyllanthe.fr\/association\/wp-content\/uploads\/2017\/12\/weekend-2017-10-01-007-1320x990.jpg 1320w, https:\/\/www.aphyllanthe.fr\/association\/wp-content\/uploads\/2017\/12\/weekend-2017-10-01-007.jpg 1440w\" sizes=\"auto, (max-width: 300px) 100vw, 300px\" \/><\/a><figcaption id=\"caption-attachment-6646\" class=\"wp-caption-text\">week-end de randonn\u00e9e Octobre 2017<\/figcaption><\/figure>\n<div style=\"clear:both;\"><\/div>\n<div style=\"float:center;\"><a href=\"https:\/\/goo.gl\/photos\/mbgjhziUjYEWfWXV9\" target=\"_blank\" rel=\"noopener noreferrer\"><figure id=\"attachment_4389\" aria-describedby=\"caption-attachment-4389\" style=\"width: 150px\" class=\"wp-caption alignleft\"><img loading=\"lazy\" decoding=\"async\" src=\"https:\/\/www.aphyllanthe.fr\/association\/wp-content\/uploads\/2016\/09\/f2948096-un-raccourci-150x150.jpg\" alt=\"sur le Tanargue\" width=\"150\" height=\"150\" class=\"size-medium wp-image-4389\" \/><figcaption id=\"caption-attachment-4389\" class=\"wp-caption-text\">Saison de randonn\u00e9e 2016-17<\/figcaption><\/figure>   <\/a><\/div>\n<div style=\"float:left;margin-left:20px;\"><a href=\"https:\/\/goo.gl\/photos\/vJViTs6ttU5Sp2NW7\" target=\"_blank\" rel=\"noopener noreferrer\"><figure id=\"attachment_1945\" aria-describedby=\"caption-attachment-1945\" style=\"width: 150px\" class=\"wp-caption alignnone\"><img loading=\"lazy\" decoding=\"async\" src=\"https:\/\/www.aphyllanthe.fr\/association\/wp-content\/uploads\/2015\/06\/tricot-the-150x150.jpg\" alt=\"Atelier tricot-th\u00e9\" width=\"150\" height=\"150\" class=\"aligncenter size-thumbnail wp-image-2059\" \/><figcaption id=\"caption-attachment-1945\" class=\"wp-caption-text\">Sorties et et \u00e9v\u00e8nements 2011-2012<\/figcaption><\/figure><\/a><\/div>\n<div style=\"float:left;margin-left:20px;\"><a href=\"https:\/\/plus.google.com\/photos\/116762685206973118439\/albums\/6148830646678364657\" target=\"_blank\" rel=\"noopener noreferrer\"><figure id=\"attachment_1933\" aria-describedby=\"caption-attachment-1933\" style=\"width: 150px\" class=\"wp-caption alignnone\"><img loading=\"lazy\" decoding=\"async\" src=\"\/association\/wp-content\/uploads\/2015\/05\/DSC09859-150x150.jpg\" alt=\"meeting aerien Salon de Provence\" width=\"150\" height=\"150\" class=\"size-thumbnail wp-image-1933\" \/><figcaption id=\"caption-attachment-1933\" class=\"wp-caption-text\">Sorties et \u00e9v\u00e8nements 2012-2013<\/figcaption><\/figure><\/a><\/div>\n<div style=\"float:left;\"><a href=\"https:\/\/plus.google.com\/photos\/116762685206973118439\/albums\/6148292019369991921\" target=\"_blank\" rel=\"noopener noreferrer\"><figure id=\"attachment_1910\" aria-describedby=\"caption-attachment-1910\" style=\"width: 150px\" class=\"wp-caption alignnone\"><img loading=\"lazy\" decoding=\"async\" src=\"\/association\/wp-content\/uploads\/2015\/05\/IMG_0258-150x150.jpg\" alt=\"Dimanche au jardin\" width=\"150\" height=\"150\" class=\"size-thumbnail wp-image-1910\" \/><figcaption id=\"caption-attachment-1910\" class=\"wp-caption-text\">Sorties et \u00e9v\u00e8nements 2013-2014<\/figcaption><\/figure><\/a><\/div>\n<div style=\"float:left;margin-left:20px;\"><a href=\"https:\/\/plus.google.com\/photos\/116762685206973118439\/albums\/6148440251906655409\" target=\"_blank\" rel=\"noopener noreferrer\"><figure id=\"attachment_1923\" aria-describedby=\"caption-attachment-1923\" style=\"width: 150px\" class=\"wp-caption alignnone\"><img loading=\"lazy\" decoding=\"async\" src=\"\/association\/wp-content\/uploads\/2015\/05\/DSC02664-le-portai-150x150.jpg\" alt=\"le portail des Concluses\" width=\"150\" height=\"150\" class=\"size-thumbnail wp-image-1923\" \/><figcaption id=\"caption-attachment-1923\" class=\"wp-caption-text\">Saison de randonn\u00e9e 2008-2009<\/figcaption><\/figure><\/a><\/div>\n<div style=\"float:left;margin-left:20px;\"><a href=\"https:\/\/plus.google.com\/photos\/116762685206973118439\/albums\/6149511847879621729\" target=\"_blank\" rel=\"noopener noreferrer\"><figure id=\"attachment_1931\" aria-describedby=\"caption-attachment-1931\" style=\"width: 150px\" class=\"wp-caption alignnone\"><img loading=\"lazy\" decoding=\"async\" src=\"\/association\/wp-content\/uploads\/2015\/05\/DSC07743-150x150.jpg\" alt=\"La mer des rochers\" width=\"150\" height=\"150\" class=\"size-thumbnail wp-image-1931\" \/><figcaption id=\"caption-attachment-1931\" class=\"wp-caption-text\">Saison de randonn\u00e9e 2009-2010<\/figcaption><\/figure><\/a><\/div>\n<div style=\"float:left;\"><a href=\"https:\/\/plus.google.com\/photos\/116762685206973118439\/albums\/6150309737437426993\" target=\"_blank\" rel=\"noopener noreferrer\"><figure id=\"attachment_1943\" aria-describedby=\"caption-attachment-1943\" style=\"width: 150px\" class=\"wp-caption alignnone\"><img loading=\"lazy\" decoding=\"async\" src=\"\/association\/wp-content\/uploads\/2015\/05\/DSC00429-au-col-des-fosses-150x150.jpg\" alt=\"au col des Fosses\" width=\"150\" height=\"150\" class=\"size-thumbnail wp-image-1943\" \/><figcaption id=\"caption-attachment-1943\" class=\"wp-caption-text\">Saison de randonn\u00e9e 2010-2011<\/figcaption><\/figure><\/a><\/div>\n<div style=\"float:left;margin-left:20px;\"><a href=\"https:\/\/plus.google.com\/photos\/116762685206973118439\/albums\/6150661013787720289\" target=\"_blank\" rel=\"noopener noreferrer\"><figure id=\"attachment_1949\" aria-describedby=\"caption-attachment-1949\" style=\"width: 150px\" class=\"wp-caption alignnone\"><img loading=\"lazy\" decoding=\"async\" src=\"\/association\/wp-content\/uploads\/2015\/05\/020-150x150.jpg\" alt=\"Au pic Cassini\" width=\"150\" height=\"150\" class=\"size-thumbnail wp-image-1949\" \/><figcaption id=\"caption-attachment-1949\" class=\"wp-caption-text\">Saison de randonn\u00e9e 2011-2012<\/figcaption><\/figure><\/a><\/div>\n<div style=\"float:left;margin-left:20px;\"><a href=\"https:\/\/plus.google.com\/photos\/116762685206973118439\/albums\/6148253377491412737\" target=\"_blank\" rel=\"noopener noreferrer\"><figure id=\"attachment_1907\" aria-describedby=\"caption-attachment-1907\" style=\"width: 150px\" class=\"wp-caption alignnone\"><img loading=\"lazy\" decoding=\"async\" src=\"\/association\/wp-content\/uploads\/2015\/05\/DSC09191-150x150.jpg\" alt=\"Le gu\u00e9 du gasbiel\" width=\"150\" height=\"150\" class=\"size-thumbnail wp-image-1907\" \/><figcaption id=\"caption-attachment-1907\" class=\"wp-caption-text\">Saison de randonn\u00e9e 2012-2013<\/figcaption><\/figure><\/a><\/div>\n<div style=\"float:left;\"><a href=\"https:\/\/plus.google.com\/photos\/116762685206973118439\/albums\/6148328362505143585\" target=\"_blank\" rel=\"noopener noreferrer\"><figure id=\"attachment_1919\" aria-describedby=\"caption-attachment-1919\" style=\"width: 150px\" class=\"wp-caption alignnone\"><img loading=\"lazy\" decoding=\"async\" src=\"\/association\/wp-content\/uploads\/2015\/05\/2014-03-04-2014-03-04-Aujac-010-r-150x150.jpg\" alt=\"travers\u00e9e \u00e0 gu\u00e9\" width=\"150\" height=\"150\" class=\"size-thumbnail wp-image-1919\" \/><figcaption id=\"caption-attachment-1919\" class=\"wp-caption-text\">Saison de randonn\u00e9e 2013-2014<\/figcaption><\/figure><\/a><\/div>\n<div style=\"float:left;margin-left:20px;\"><a href=\"https:\/\/plus.google.com\/photos\/116762685206973118439\/albums\/6150555550113838961\" target=\"_blank\" rel=\"noopener noreferrer\"><figure id=\"attachment_1945\" aria-describedby=\"caption-attachment-1945\" style=\"width: 150px\" class=\"wp-caption alignnone\"><img loading=\"lazy\" decoding=\"async\" src=\"\/association\/wp-content\/uploads\/2015\/05\/DSC00453-four-solaire-150x150.jpg\" alt=\"four solaire en Cerdagne\" width=\"150\" height=\"150\" class=\"size-thumbnail wp-image-1945\" \/><figcaption id=\"caption-attachment-1945\" class=\"wp-caption-text\">Une vir\u00e9e en Cerdagne<\/figcaption><\/figure><\/a><\/div>\n<div style=\"float:left;margin-left:20px;\"><a href=\"https:\/\/goo.gl\/photos\/DXKcJXVU5ayjz7Wq9\" target=\"_blank\" rel=\"noopener noreferrer\"><figure id=\"attachment_1945\" aria-describedby=\"caption-attachment-1945\" style=\"width: 150px\" class=\"wp-caption alignnone\"><img loading=\"lazy\" decoding=\"async\" src=\"\/association\/wp-content\/uploads\/2015\/06\/IMG_3285-150x150.jpg\" alt=\"randonn\u00e9e \u00e0 Soudorgues\" width=\"150\" height=\"150\" class=\"alignleft size-thumbnail wp-image-2042\" \/><figcaption id=\"caption-attachment-1945\" class=\"wp-caption-text\">Saison de randonn\u00e9e 2014-2015<\/figcaption><\/figure><\/a><\/div>\n<div style=\"float:left;\"><a href=\"https:\/\/goo.gl\/photos\/ernyn2eY7uyLQNea8\" target=\"_blank\" rel=\"noopener noreferrer\"><figure id=\"attachment_1945\" aria-describedby=\"caption-attachment-1945\" style=\"width: 150px\" class=\"wp-caption alignnone\"><img loading=\"lazy\" decoding=\"async\" src=\"\/association\/wp-content\/uploads\/2015\/06\/au-pic-150x150.jpg\" alt=\"au-pic-st-loup\" width=\"150\" height=\"150\" class=\"aligncenter size-thumbnail wp-image-2052\" \/><figcaption id=\"caption-attachment-1945\" class=\"wp-caption-text\">Au pic Saint-Loup en 2010<\/figcaption><\/figure><\/a><\/div>\n<div style=\"float:left;margin-left:20px;\"><a href=\"https:\/\/goo.gl\/photos\/UGEmXQvk4CL3yp7t6\" target=\"_blank\" rel=\"noopener noreferrer\"><figure id=\"attachment_1945\" aria-describedby=\"caption-attachment-1945\" style=\"width: 150px\" class=\"wp-caption alignnone\"><img loading=\"lazy\" decoding=\"async\" src=\"\/association\/wp-content\/uploads\/2015\/06\/colorado-150x150.jpg\" alt=\"colorado\" width=\"150\" height=\"150\" class=\"aligncenter size-thumbnail wp-image-2055\" \/><figcaption id=\"caption-attachment-1945\" class=\"wp-caption-text\">Sortie au Colorado de Rustrel : 2011<\/figcaption><\/figure><\/a><\/div>\n<div style=\"float:left;margin-left:20px;\"><a href=\"https:\/\/goo.gl\/photos\/7rsMGrEUuXrKTh1t6\" target=\"_blank\" rel=\"noopener noreferrer\"><figure id=\"attachment_1945\" aria-describedby=\"caption-attachment-1945\" style=\"width: 150px\" class=\"wp-caption alignnone\"><img loading=\"lazy\" decoding=\"async\" src=\"\/association\/wp-content\/uploads\/2015\/06\/gourdouze-150x150.jpg\" alt=\"chemin de Gourdouze\" width=\"150\" height=\"150\" class=\"aligncenter size-thumbnail wp-image-2067\" \/><figcaption id=\"caption-attachment-1945\" class=\"wp-caption-text\">Le Chemin de Gourdouze<\/figcaption><\/figure><\/a><\/div>\n<div style=\"clear:both;float:left;\"><a href=\"https:\/\/goo.gl\/photos\/x8drpc4XGrHnroFC7\" target=\"_blank\" rel=\"noopener noreferrer\"><figure id=\"attachment_2443\" aria-describedby=\"caption-attachment-2443\" style=\"width: 150px\" class=\"wp-caption alignnone\"><img loading=\"lazy\" decoding=\"async\" src=\"\/association\/wp-content\/uploads\/2015\/09\/DSC00681-150x150.jpg\" alt=\"Saison de randonn\u00e9e 2015-2016\" width=\"150\" height=\"150\" class=\"size-thumbnail wp-image-2443\" \/><figcaption id=\"caption-attachment-2443\" class=\"wp-caption-text\">Saison de randonn\u00e9e 2015-2016<\/figcaption><\/figure><\/a><\/div>\n","protected":false},"excerpt":{"rendered":"<p>A l&rsquo;Aphyllanthe, plusieurs adh\u00e9rents pratiquent de la photo. Nous proposons ici une collection de photos couvrant nos activit\u00e9s sur les quelques derni\u00e8res ann\u00e9es. A feuilleter \u00e0 volont\u00e9.<\/p>\n","protected":false},"author":1,"featured_media":0,"parent":392,"menu_order":-1,"comment_status":"closed","ping_status":"closed","template":"","meta":{"footnotes":""},"class_list":["post-1903","page","type-page","status-publish","hentry"],"_links":{"self":[{"href":"https:\/\/www.aphyllanthe.fr\/association\/wp-json\/wp\/v2\/pages\/1903","targetHints":{"allow":["GET"]}}],"collection":[{"href":"https:\/\/www.aphyllanthe.fr\/association\/wp-json\/wp\/v2\/pages"}],"about":[{"href":"https:\/\/www.aphyllanthe.fr\/association\/wp-json\/wp\/v2\/types\/page"}],"author":[{"embeddable":true,"href":"https:\/\/www.aphyllanthe.fr\/association\/wp-json\/wp\/v2\/users\/1"}],"replies":[{"embeddable":true,"href":"https:\/\/www.aphyllanthe.fr\/association\/wp-json\/wp\/v2\/comments?post=1903"}],"version-history":[{"count":0,"href":"https:\/\/www.aphyllanthe.fr\/association\/wp-json\/wp\/v2\/pages\/1903\/revisions"}],"up":[{"embeddable":true,"href":"https:\/\/www.aphyllanthe.fr\/association\/wp-json\/wp\/v2\/pages\/392"}],"wp:attachment":[{"href":"https:\/\/www.aphyllanthe.fr\/association\/wp-json\/wp\/v2\/media?parent=1903"}],"curies":[{"name":"wp","href":"https:\/\/api.w.org\/{rel}","templated":true}]}}