{"id":19490,"date":"2023-09-28T10:56:09","date_gmt":"2023-09-28T09:56:09","guid":{"rendered":"https:\/\/www.aphyllanthe.fr\/association\/?page_id=19490"},"modified":"2023-09-28T10:56:10","modified_gmt":"2023-09-28T09:56:10","slug":"yoga-avec-barbara-bisesti","status":"publish","type":"page","link":"https:\/\/www.aphyllanthe.fr\/association\/yoga-avec-barbara-bisesti\/","title":{"rendered":"Yoga avec Barbara Bisesti"},"content":{"rendered":"\n<p class=\"has-white-color has-text-color has-background\" style=\"background-color:#618fbe\">Apr\u00e8s la pause Covid, L&rsquo;Aphyllanthe avait \u00e0 c\u0153ur de proposer \u00e0 nouveau du yoga. C&rsquo;est chose faite gr\u00e2ce \u00e0 Barbara Bisesti, qui vient nous faire partager sa pratique et sa philosophie de cette discipline avec son <em><strong>Happy Yoga<\/strong><\/em>.<\/p>\n\n\n\n<p>J&rsquo;ai d\u00e9couvert le yoga il y a 25 ans avec une amie de San Francisco qui enseignait le <em><strong>yoga Asthanga<\/strong><\/em> (encha\u00eenement de postures tr\u00e8s physiques).<br \/>J&rsquo;ai ensuite pratiqu\u00e9 le <em><strong>Hatha Yoga<\/strong><\/em> \u00e0 Paris (travail de postures accompagn\u00e9es par la respiration, qui favorise la prise de conscience de soi et vitalise le corps en \u00e9liminant tensions et fatigue).<\/p>\n\n\n\n<p>En arrivant \u00e0 Uz\u00e8s, j&rsquo;ai d\u00e9couvert <em><strong>yoga Iyengar<\/strong><\/em> (yoga postural  centr\u00e9 sur l\u2019alignement du corps et l\u2019emploi de supports) avec V\u00e9ro Coeman Darrou au Omm Studio. Ce fut une r\u00e9v\u00e9lation !  Apr\u00e8s avoir suivi les cours de V\u00e9ro pendant 9 ans, tout naturellement inspir\u00e9e par la nature, les massages et mes pr\u00e9c\u00e9dents voyages en Inde, je suis partie me former en Inde \u00e0 Rishikesh (\u00c9cole Gyan Yog Breath avec Vipin Gyan) et j&rsquo;ai d\u00e9couvert la forme spirituelle du Yoga dans son pays d&rsquo;origine.<\/p>\n\n\n\n<div class=\"wp-block-columns is-layout-flex wp-container-core-columns-is-layout-9d6595d7 wp-block-columns-is-layout-flex\">\n<div class=\"wp-block-column is-layout-flow wp-block-column-is-layout-flow\">\n<p>J&rsquo;\u00e9tais \u00e0 l&rsquo;\u00e9poque jardinier paysagiste et masseuse ayurv\u00e9dique en parall\u00e8le. <strong><em>Happy yoga<\/em><\/strong> est n\u00e9 d\u00e8s mon retour en France avec l&rsquo;envie de proposer une pratique joyeuse et respectueuse de tous les \u00e2ges et de tous les corps, avec accessoires (briques, sangles et feetup ), qui s&rsquo;adapte aux saisons, qui invite au regard int\u00e9rieur, est cr\u00e9ative et \u00e9volue au fil des rencontres et des exp\u00e9riences.<br \/>Lien vers la page <a href=\"https:\/\/www.facebook.com\/bBISESTI\" target=\"_blank\" rel=\"noreferrer noopener\">Happy Yoga de Barbara ici<\/a>.<\/p>\n<\/div>\n\n\n\n<div class=\"wp-block-column is-layout-flow wp-block-column-is-layout-flow\">\n<figure class=\"wp-block-image size-full is-resized\"><a href=\"https:\/\/www.aphyllanthe.fr\/association\/wp-content\/uploads\/2023\/09\/BARBARA-1.webp\"><img loading=\"lazy\" decoding=\"async\" src=\"https:\/\/www.aphyllanthe.fr\/association\/wp-content\/uploads\/2023\/09\/BARBARA-1.webp\" alt=\"\" class=\"wp-image-19609\" style=\"width:290px;height:289px\" width=\"290\" height=\"289\" srcset=\"https:\/\/www.aphyllanthe.fr\/association\/wp-content\/uploads\/2023\/09\/BARBARA-1.webp 318w, https:\/\/www.aphyllanthe.fr\/association\/wp-content\/uploads\/2023\/09\/BARBARA-1-300x300.webp 300w, https:\/\/www.aphyllanthe.fr\/association\/wp-content\/uploads\/2023\/09\/BARBARA-1-150x150.webp 150w\" sizes=\"auto, (max-width: 290px) 100vw, 290px\" \/><\/a><\/figure>\n<\/div>\n<\/div>\n","protected":false},"excerpt":{"rendered":"<p>Apr\u00e8s la pause Covid, L&rsquo;Aphyllanthe avait \u00e0 c\u0153ur de proposer \u00e0 nouveau du yoga. C&rsquo;est chose faite gr\u00e2ce \u00e0 Barbara Bisesti, qui vient nous faire partager sa pratique et sa philosophie de cette discipline avec son Happy Yoga. J&rsquo;ai d\u00e9couvert le yoga il y a 25 ans avec une amie de San Francisco qui enseignait &hellip; <a href=\"https:\/\/www.aphyllanthe.fr\/association\/yoga-avec-barbara-bisesti\/\" class=\"more-link\">Continuer la lecture de <span class=\"screen-reader-text\">Yoga avec Barbara Bisesti<\/span>  <span class=\"meta-nav\">&rarr;<\/span><\/a><\/p>\n","protected":false},"author":10,"featured_media":19607,"parent":0,"menu_order":0,"comment_status":"closed","ping_status":"closed","template":"","meta":{"footnotes":""},"class_list":["post-19490","page","type-page","status-publish","has-post-thumbnail","hentry"],"_links":{"self":[{"href":"https:\/\/www.aphyllanthe.fr\/association\/wp-json\/wp\/v2\/pages\/19490","targetHints":{"allow":["GET"]}}],"collection":[{"href":"https:\/\/www.aphyllanthe.fr\/association\/wp-json\/wp\/v2\/pages"}],"about":[{"href":"https:\/\/www.aphyllanthe.fr\/association\/wp-json\/wp\/v2\/types\/page"}],"author":[{"embeddable":true,"href":"https:\/\/www.aphyllanthe.fr\/association\/wp-json\/wp\/v2\/users\/10"}],"replies":[{"embeddable":true,"href":"https:\/\/www.aphyllanthe.fr\/association\/wp-json\/wp\/v2\/comments?post=19490"}],"version-history":[{"count":13,"href":"https:\/\/www.aphyllanthe.fr\/association\/wp-json\/wp\/v2\/pages\/19490\/revisions"}],"predecessor-version":[{"id":19628,"href":"https:\/\/www.aphyllanthe.fr\/association\/wp-json\/wp\/v2\/pages\/19490\/revisions\/19628"}],"wp:featuredmedia":[{"embeddable":true,"href":"https:\/\/www.aphyllanthe.fr\/association\/wp-json\/wp\/v2\/media\/19607"}],"wp:attachment":[{"href":"https:\/\/www.aphyllanthe.fr\/association\/wp-json\/wp\/v2\/media?parent=19490"}],"curies":[{"name":"wp","href":"https:\/\/api.w.org\/{rel}","templated":true}]}}