{"id":25063,"date":"2025-08-27T15:47:59","date_gmt":"2025-08-27T14:47:59","guid":{"rendered":"https:\/\/www.aphyllanthe.fr\/association\/?page_id=25063"},"modified":"2025-09-04T09:50:19","modified_gmt":"2025-09-04T08:50:19","slug":"activites-regulieres-rentree-2025","status":"publish","type":"page","link":"https:\/\/www.aphyllanthe.fr\/association\/activites-regulieres-rentree-2025\/","title":{"rendered":"Activit\u00e9s r\u00e9guli\u00e8res rentr\u00e9e 2025"},"content":{"rendered":"\n<h5 class=\"wp-block-heading has-text-align-center has-text-color has-link-color wp-elements-e81c39f66967feaeb967ddbbd8a20adc\" style=\"color:#6230d8\">Vous trouverez ci-dessous le programme des activit\u00e9s r\u00e9guli\u00e8res de l&rsquo;Aphyllanthe pour la saison 2025\u20132026<\/h5>\n\n\n\n<p class=\"has-text-align-center\">Les activit\u00e9s classiques ont \u00e9t\u00e9 reconduites, avec quelques nouveaut\u00e9s.<\/p>\n\n\n\n<p class=\"has-text-align-center\">Informations et inscriptions \u00e0 partir du 3 septembre<br \/>au secr\u00e9tariat de l\u2019Association<\/p>\n\n\n\n<h5 class=\"wp-block-heading has-text-align-center has-luminous-dusk-gradient-background has-background\">Journ\u00e9e des inscriptions<br \/>samedi 13 septembre de 16h \u00e0 19h<br \/><br \/>Reprise des activit\u00e9s<br \/>adultes : semaine du 15 septembre (sauf \u00e9checs)<br \/>enfants : semaine du 24 septembre (sauf soutien scolaires)<\/h5>\n\n\n\n<p><\/p>\n\n\n\n<h5 class=\"wp-block-heading has-text-color has-link-color wp-elements-6cf849a5f36e189ed9897dd503348130\" style=\"color:#4c3094\">Activit\u00e9s hebdomadaires pour enfants<\/h5>\n\n\n<div class=\"wp-block-image\">\n<figure class=\"aligncenter size-full\"><a href=\"https:\/\/www.aphyllanthe.fr\/association\/wp-content\/uploads\/2025\/09\/ACTIVITES-ENFANTS-2025-09.webp\"><img loading=\"lazy\" decoding=\"async\" width=\"1414\" height=\"2000\" src=\"https:\/\/www.aphyllanthe.fr\/association\/wp-content\/uploads\/2025\/09\/ACTIVITES-ENFANTS-2025-09.webp\" alt=\"\" class=\"wp-image-25176\" srcset=\"https:\/\/www.aphyllanthe.fr\/association\/wp-content\/uploads\/2025\/09\/ACTIVITES-ENFANTS-2025-09.webp 1414w, https:\/\/www.aphyllanthe.fr\/association\/wp-content\/uploads\/2025\/09\/ACTIVITES-ENFANTS-2025-09-212x300.webp 212w, https:\/\/www.aphyllanthe.fr\/association\/wp-content\/uploads\/2025\/09\/ACTIVITES-ENFANTS-2025-09-724x1024.webp 724w, https:\/\/www.aphyllanthe.fr\/association\/wp-content\/uploads\/2025\/09\/ACTIVITES-ENFANTS-2025-09-768x1086.webp 768w, https:\/\/www.aphyllanthe.fr\/association\/wp-content\/uploads\/2025\/09\/ACTIVITES-ENFANTS-2025-09-1086x1536.webp 1086w, https:\/\/www.aphyllanthe.fr\/association\/wp-content\/uploads\/2025\/09\/ACTIVITES-ENFANTS-2025-09-1320x1867.webp 1320w\" sizes=\"auto, (max-width: 1414px) 100vw, 1414px\" \/><\/a><\/figure>\n<\/div>\n\n\n<h5 class=\"wp-block-heading has-text-color has-link-color wp-elements-b979781892aa9b35ba74d9e999c0a34d\" style=\"color:#0d767a\">Activit\u00e9s hebdomadaires pour adultes<\/h5>\n\n\n<div class=\"wp-block-image\">\n<figure class=\"aligncenter size-full\"><img loading=\"lazy\" decoding=\"async\" width=\"737\" height=\"669\" src=\"https:\/\/www.aphyllanthe.fr\/association\/wp-content\/uploads\/2025\/08\/ACTIVITES-ADULTES-2025-09.webp\" alt=\"\" class=\"wp-image-25072\" srcset=\"https:\/\/www.aphyllanthe.fr\/association\/wp-content\/uploads\/2025\/08\/ACTIVITES-ADULTES-2025-09.webp 737w, https:\/\/www.aphyllanthe.fr\/association\/wp-content\/uploads\/2025\/08\/ACTIVITES-ADULTES-2025-09-300x272.webp 300w\" sizes=\"auto, (max-width: 737px) 100vw, 737px\" \/><\/figure>\n<\/div>\n\n\n<p>Mais \u00e9galement :<\/p>\n\n\n<div class=\"wp-block-image\">\n<figure class=\"aligncenter size-full\"><a href=\"https:\/\/www.aphyllanthe.fr\/association\/wp-content\/uploads\/2025\/09\/ACTIVITES-ADULTES-BIS-2025-09.webp\" target=\"_blank\" rel=\"noreferrer noopener\"><img loading=\"lazy\" decoding=\"async\" width=\"985\" height=\"498\" src=\"https:\/\/www.aphyllanthe.fr\/association\/wp-content\/uploads\/2025\/09\/ACTIVITES-ADULTES-BIS-2025-09.webp\" alt=\"\" class=\"wp-image-25173\" srcset=\"https:\/\/www.aphyllanthe.fr\/association\/wp-content\/uploads\/2025\/09\/ACTIVITES-ADULTES-BIS-2025-09.webp 985w, https:\/\/www.aphyllanthe.fr\/association\/wp-content\/uploads\/2025\/09\/ACTIVITES-ADULTES-BIS-2025-09-300x152.webp 300w, https:\/\/www.aphyllanthe.fr\/association\/wp-content\/uploads\/2025\/09\/ACTIVITES-ADULTES-BIS-2025-09-768x388.webp 768w\" sizes=\"auto, (max-width: 985px) 100vw, 985px\" \/><\/a><\/figure>\n<\/div>","protected":false},"excerpt":{"rendered":"<p>Vous trouverez ci-dessous le programme des activit\u00e9s r\u00e9guli\u00e8res de l&rsquo;Aphyllanthe pour la saison 2025\u20132026 Les activit\u00e9s classiques ont \u00e9t\u00e9 reconduites, avec quelques nouveaut\u00e9s. Informations et inscriptions \u00e0 partir du 3 septembreau secr\u00e9tariat de l\u2019Association Journ\u00e9e des inscriptionssamedi 13 septembre de 16h \u00e0 19h Reprise des activit\u00e9sadultes : semaine du 15 septembre (sauf \u00e9checs)enfants : semaine &hellip; <a href=\"https:\/\/www.aphyllanthe.fr\/association\/activites-regulieres-rentree-2025\/\" class=\"more-link\">Continuer la lecture de <span class=\"screen-reader-text\">Activit\u00e9s r\u00e9guli\u00e8res rentr\u00e9e 2025<\/span>  <span class=\"meta-nav\">&rarr;<\/span><\/a><\/p>\n","protected":false},"author":10,"featured_media":24868,"parent":0,"menu_order":0,"comment_status":"closed","ping_status":"closed","template":"","meta":{"footnotes":""},"class_list":["post-25063","page","type-page","status-publish","has-post-thumbnail","hentry"],"_links":{"self":[{"href":"https:\/\/www.aphyllanthe.fr\/association\/wp-json\/wp\/v2\/pages\/25063","targetHints":{"allow":["GET"]}}],"collection":[{"href":"https:\/\/www.aphyllanthe.fr\/association\/wp-json\/wp\/v2\/pages"}],"about":[{"href":"https:\/\/www.aphyllanthe.fr\/association\/wp-json\/wp\/v2\/types\/page"}],"author":[{"embeddable":true,"href":"https:\/\/www.aphyllanthe.fr\/association\/wp-json\/wp\/v2\/users\/10"}],"replies":[{"embeddable":true,"href":"https:\/\/www.aphyllanthe.fr\/association\/wp-json\/wp\/v2\/comments?post=25063"}],"version-history":[{"count":11,"href":"https:\/\/www.aphyllanthe.fr\/association\/wp-json\/wp\/v2\/pages\/25063\/revisions"}],"predecessor-version":[{"id":25177,"href":"https:\/\/www.aphyllanthe.fr\/association\/wp-json\/wp\/v2\/pages\/25063\/revisions\/25177"}],"wp:featuredmedia":[{"embeddable":true,"href":"https:\/\/www.aphyllanthe.fr\/association\/wp-json\/wp\/v2\/media\/24868"}],"wp:attachment":[{"href":"https:\/\/www.aphyllanthe.fr\/association\/wp-json\/wp\/v2\/media?parent=25063"}],"curies":[{"name":"wp","href":"https:\/\/api.w.org\/{rel}","templated":true}]}}