{"id":337,"date":"2014-12-10T16:04:27","date_gmt":"2014-12-10T16:04:27","guid":{"rendered":"http:\/\/www.aphyllanthe.fr\/association\/?page_id=337"},"modified":"2019-08-29T13:39:10","modified_gmt":"2019-08-29T12:39:10","slug":"randonnee","status":"publish","type":"page","link":"https:\/\/www.aphyllanthe.fr\/association\/randonnee\/","title":{"rendered":"Randonn\u00e9e"},"content":{"rendered":"<p><strong>A propos des randonn\u00e9es<\/strong><\/p>\n<p>A partir de 2008, un groupe de randonneurs s&rsquo;est form\u00e9 \u00e0 l&rsquo;Association. Au d\u00e9but, il y avait des randonn\u00e9es tous les vendredi apr\u00e8s-midis en saison (entre mi-septembre et mi-mai). Par la suite, sont venues se greffer des sorties \u00e0 la journ\u00e9e compl\u00e8te le mardi, 2 fois par mois. Et, \u00e0 partir de 2009, le groupe organisait une sortie pendant un weekend au printemps avec 2 \u00e0 3 jours de randonn\u00e9e dans un site int\u00e9ressant. Les responsables de ces randonn\u00e9es sont, depuis 2009, Jean-Claude Trimintin et Jim Cluchey, rejoint depuis 2013 par Yves Engrand.<\/p>\n<p>A la fin de 2010, l&rsquo;Association a ouvert son site internet qui annonce avec quelques jours de pr\u00e9avis les infos sur la randonn\u00e9e \u00e0 venir (profil vertical, distance de marche, heure de d\u00e9part, heure de rdv sur place, etc.). A partir de 2013, l&rsquo;Association a propos\u00e9 un <a href=\"http:\/\/www.aphyllanthe.fr\/randonnees\/\">site de r\u00e9f\u00e9rence documentaire<\/a> pour les randonn\u00e9es avec une cartographie interactive.<br \/>\n<figure id=\"attachment_6169\" aria-describedby=\"caption-attachment-6169\" style=\"width: 1910px\" class=\"wp-caption aligncenter\"><img loading=\"lazy\" decoding=\"async\" src=\"https:\/\/www.aphyllanthe.fr\/association\/wp-content\/uploads\/2017\/08\/elze-e1503232291466.jpg\" alt=\"balises\" width=\"1910\" height=\"676\" class=\"size-full wp-image-6169\" srcset=\"https:\/\/www.aphyllanthe.fr\/association\/wp-content\/uploads\/2017\/08\/elze-e1503232291466.jpg 1910w, https:\/\/www.aphyllanthe.fr\/association\/wp-content\/uploads\/2017\/08\/elze-e1503232291466-300x106.jpg 300w, https:\/\/www.aphyllanthe.fr\/association\/wp-content\/uploads\/2017\/08\/elze-e1503232291466-768x272.jpg 768w, https:\/\/www.aphyllanthe.fr\/association\/wp-content\/uploads\/2017\/08\/elze-e1503232291466-1024x362.jpg 1024w, https:\/\/www.aphyllanthe.fr\/association\/wp-content\/uploads\/2017\/08\/elze-e1503232291466-600x212.jpg 600w\" sizes=\"auto, (max-width: 1910px) 100vw, 1910px\" \/><figcaption id=\"caption-attachment-6169\" class=\"wp-caption-text\">randonn\u00e9e<\/figcaption><\/figure><br \/>\nLes sources documentaires pour pr\u00e9parer ces randonn\u00e9es sont tr\u00e8s diverses. On utilise les Topoguides de la F\u00e9d\u00e9ration Fran\u00e7aise de Randonn\u00e9e, les cartoguides publi\u00e9s dans le Gard en coop\u00e9ration entre le Conseil G\u00e9n\u00e9ral et les Communaut\u00e9s de Communes, les pochettes publi\u00e9es par le Parc National des C\u00e9vennes et diff\u00e9rents livres trouv\u00e9s en librairie. La pr\u00e9paration des randonn\u00e9es implique une pr\u00e9paration du programme 1 ou 2 fois par ann\u00e9e et la pr\u00e9paration du trac\u00e9 et les cartes n\u00e9cessaires pour \u00e9voluer sur les chemins le jour venu. Le responsable ne part jamais sans boussole ni\u00a0cartes. L&rsquo;Association est propri\u00e9taire d&rsquo;un GPS de randonn\u00e9e depuis mi-2014. Plusieurs responsables de randonn\u00e9e poss\u00e8dent \u00e9galement \u00e0 titre personnel un GPS de randonn\u00e9e.<\/p>\n<p><figure id=\"attachment_220\" aria-describedby=\"caption-attachment-220\" style=\"width: 300px\" class=\"wp-caption alignleft\"><img loading=\"lazy\" decoding=\"async\" src=\"https:\/\/www.aphyllanthe.fr\/association\/wp-content\/uploads\/2014\/12\/DSC08826-300x200.jpg\" alt=\"le panorama\" width=\"300\" height=\"200\" class=\"size-medium wp-image-220\" srcset=\"https:\/\/www.aphyllanthe.fr\/association\/wp-content\/uploads\/2014\/12\/DSC08826-300x200.jpg 300w, https:\/\/www.aphyllanthe.fr\/association\/wp-content\/uploads\/2014\/12\/DSC08826-1024x682.jpg 1024w, https:\/\/www.aphyllanthe.fr\/association\/wp-content\/uploads\/2014\/12\/DSC08826.jpg 1152w\" sizes=\"auto, (max-width: 300px) 100vw, 300px\" \/><figcaption id=\"caption-attachment-220\" class=\"wp-caption-text\">randonn\u00e9e : admirant le panorama<\/figcaption><\/figure>Pour les sorties du vendredi, le rendez-vous est \u00e0 la mairie d&rsquo;Aigaliers vers 13h00, ou sur place au point de d\u00e9part \u00e0 pied. Les sorties du vendredi se terminent (c&rsquo;est-\u00e0-dire retour \u00e0 Aigaliers) vers ou avant 18h00. Les circuits propos\u00e9s sont de 8 \u00e0 11 km et de 50 m \u00e0 environ 300 m de d\u00e9nivel\u00e9 cumul\u00e9 \u00e0 la mont\u00e9e. Les participants aux randonn\u00e9es doivent adh\u00e9rer \u00e0 l&rsquo;Association et se conformer aux r\u00e8glements \u00e9dict\u00e9s par le CA de l&rsquo;Association. Le but de ces sorties n&rsquo;est jamais la performance sportive, le groupe marchant \u00e0 une vitesse moyenne de 3 \u00e0 4 km\/h. Ce ne sont donc ni des courses de performance, ni des promenades.<\/p>\n<p>Les frais de participation incluent l\u2019adh\u00e9sion \u00e0 l&rsquo;Association une fois par ann\u00e9e en septembre, une cotisation annuelle de 5 \u20ac pour participer \u00e0 l&rsquo;activit\u00e9 et les frais \u00e9ventuels de covoiturage.<\/p>\n<p><strong>Sorties \u00ab\u00a0weekend pour tous\u00a0\u00bb <\/strong><\/p>\n<p>Ces sorties, le temps d&rsquo;un weekend, sont ouvertes \u00e0 tous les randonneurs de l&rsquo;Association. Les responsables de la sortie pr\u00e9parent les circuits de randonn\u00e9e et les communiquent quelques semaines avant la date choisie. Sur place, un ou plusieurs responsables de l&rsquo;Association sont pr\u00e9sents pour guider et encadrer les sorties. En g\u00e9n\u00e9ral, l&rsquo;Association r\u00e9serve un restaurant pour un repas de groupe un soir. La r\u00e9servation et les frais de l&rsquo;h\u00e9bergement de m\u00eame que les repas sont \u00e0 la charge des participants. Ci-dessous des informations sur les sorties effectu\u00e9es depuis quelques ann\u00e9es.<\/p>\n<ul>\n<\/ul>\n<ul>\n<li>avril 2009 : 2 jours \u00e0 la Garde Gu\u00e9rin : Les gorges du Chassezac et le tour du lac de Villefort<\/li>\n<\/ul>\n<div id=\"metaslider-id-340\" style=\"max-width: 500px; margin: 0 auto;\" class=\"ml-slider-3-108-0 metaslider metaslider-nivo metaslider-340 ml-slider has-dots-nav ms-theme-default\" role=\"region\" aria-label=\"2009-guerin\" data-height=\"350\" data-width=\"500\">\n    <div id=\"metaslider_container_340\">\n        <div class='slider-wrapper theme-default'><div class='ribbon'><\/div><div id='metaslider_340' class='nivoSlider'><img loading=\"lazy\" decoding=\"async\" src=\"https:\/\/www.aphyllanthe.fr\/association\/wp-content\/uploads\/2014\/12\/IMG_2849-500x350.jpg\" height=\"350\" width=\"500\" data-caption=\"gorges du Chassezac : au fond du canyon\" alt=\"gorges du Chassezac : au fond du canyon\" class=\"slider-340 slide-265 msDefaultImage\" \/><img loading=\"lazy\" decoding=\"async\" src=\"https:\/\/www.aphyllanthe.fr\/association\/wp-content\/uploads\/2014\/12\/IMG_2835-500x350.jpg\" height=\"350\" width=\"500\" data-caption=\"la pause au soleil du printemps\" alt=\"la pause au soleil du printemps\" class=\"slider-340 slide-264 msDefaultImage\" \/><img loading=\"lazy\" decoding=\"async\" src=\"https:\/\/www.aphyllanthe.fr\/association\/wp-content\/uploads\/2014\/12\/IMG_2814-500x350.jpg\" height=\"350\" width=\"500\" data-caption=\"le ruissellement\" alt=\"le ruissellement\" class=\"slider-340 slide-263 msDefaultImage\" \/><img loading=\"lazy\" decoding=\"async\" src=\"https:\/\/www.aphyllanthe.fr\/association\/wp-content\/uploads\/2014\/12\/DSC03743-500x350.jpg\" height=\"350\" width=\"500\" data-caption=\"au bord du lac de Villefort\" alt=\"au bord du lac de Villefort\" class=\"slider-340 slide-195 msDefaultImage\" \/><img loading=\"lazy\" decoding=\"async\" src=\"https:\/\/www.aphyllanthe.fr\/association\/wp-content\/uploads\/2014\/12\/DSC03739-500x350.jpg\" height=\"350\" width=\"500\" data-caption=\"la discussion\" alt=\"la discussion\" class=\"slider-340 slide-194 msDefaultImage\" \/><img loading=\"lazy\" decoding=\"async\" src=\"https:\/\/www.aphyllanthe.fr\/association\/wp-content\/uploads\/2014\/12\/DSC03717-500x350.jpg\" height=\"350\" width=\"500\" data-caption=\"le printemps au bord du lac\" alt=\"le printemps au bord du lac\" class=\"slider-340 slide-193 msDefaultImage\" \/><img loading=\"lazy\" decoding=\"async\" src=\"https:\/\/www.aphyllanthe.fr\/association\/wp-content\/uploads\/2014\/12\/DSC03716-500x350.jpg\" height=\"350\" width=\"500\" data-caption=\"longeant le lac\" alt=\"longeant le lac\" class=\"slider-340 slide-192 msDefaultImage\" \/><img loading=\"lazy\" decoding=\"async\" src=\"https:\/\/www.aphyllanthe.fr\/association\/wp-content\/uploads\/2014\/12\/DSC03706-500x350.jpg\" height=\"350\" width=\"500\" data-caption=\"la pointe du lac\" alt=\"la pointe du lac\" class=\"slider-340 slide-191 msDefaultImage\" \/><img loading=\"lazy\" decoding=\"async\" src=\"https:\/\/www.aphyllanthe.fr\/association\/wp-content\/uploads\/2014\/12\/DSC03701-500x350.jpg\" height=\"350\" width=\"500\" data-caption=\"on devine au loin...\" alt=\"on devine au loin...\" class=\"slider-340 slide-190 msDefaultImage\" \/><img loading=\"lazy\" decoding=\"async\" src=\"https:\/\/www.aphyllanthe.fr\/association\/wp-content\/uploads\/2014\/12\/DSC03631-retour-500x350.jpg\" height=\"350\" width=\"500\" data-caption=\"retour &agrave; la Garde Gu&eacute;rin\" alt=\"retour \u00e0 la Garde Gu\u00e9rin\" class=\"slider-340 slide-189 msDefaultImage\" \/><img loading=\"lazy\" decoding=\"async\" src=\"https:\/\/www.aphyllanthe.fr\/association\/wp-content\/uploads\/2014\/12\/DSC03617-carrefour-gr-500x350.jpg\" height=\"350\" width=\"500\" data-caption=\"la signalisation\" alt=\"la signalisation\" class=\"slider-340 slide-188 msDefaultImage\" \/><img loading=\"lazy\" decoding=\"async\" src=\"https:\/\/www.aphyllanthe.fr\/association\/wp-content\/uploads\/2014\/12\/DSC03601-gorges-500x350.jpg\" height=\"350\" width=\"500\" data-caption=\"la lande au bord du canyon\" alt=\"la lande au bord du canyon\" class=\"slider-340 slide-187 msDefaultImage\" \/><img loading=\"lazy\" decoding=\"async\" src=\"https:\/\/www.aphyllanthe.fr\/association\/wp-content\/uploads\/2014\/12\/DSC03598-gorges-500x350.jpg\" height=\"350\" width=\"500\" data-caption=\"canyon du Chassezac devant la garde Gu&eacute;rin\" alt=\"canyon du Chassezac devant la garde Gu\u00e9rin\" class=\"slider-340 slide-186 msDefaultImage\" \/><img loading=\"lazy\" decoding=\"async\" src=\"https:\/\/www.aphyllanthe.fr\/association\/wp-content\/uploads\/2014\/12\/DSC03591-500x350.jpg\" height=\"350\" width=\"500\" data-caption=\"hameau de montagne\" alt=\"hameau de montagne\" class=\"slider-340 slide-185 msDefaultImage\" \/><img loading=\"lazy\" decoding=\"async\" src=\"https:\/\/www.aphyllanthe.fr\/association\/wp-content\/uploads\/2014\/12\/DSC03582-montee-vers-roure-500x350.jpg\" height=\"350\" width=\"500\" data-caption=\"mont&eacute;e &agrave; la Roure\" alt=\"mont\u00e9e \u00e0 la Roure\" class=\"slider-340 slide-184 msDefaultImage\" \/><img loading=\"lazy\" decoding=\"async\" src=\"https:\/\/www.aphyllanthe.fr\/association\/wp-content\/uploads\/2014\/12\/DSC03572-pont-de-la-soufflerie-500x350.jpg\" height=\"350\" width=\"500\" data-caption=\"sur le pont de la Soufflerie\" alt=\"sur le pont de la Soufflerie\" class=\"slider-340 slide-183 msDefaultImage\" \/><img loading=\"lazy\" decoding=\"async\" src=\"https:\/\/www.aphyllanthe.fr\/association\/wp-content\/uploads\/2014\/12\/DSC03570-pont-de-la-soufflerie-500x350.jpg\" height=\"350\" width=\"500\" data-caption=\"sur le pont de la Soufflerie\" alt=\"sur le pont de la Soufflerie\" class=\"slider-340 slide-182 msDefaultImage\" \/><img loading=\"lazy\" decoding=\"async\" src=\"https:\/\/www.aphyllanthe.fr\/association\/wp-content\/uploads\/2014\/12\/DSC03558-500x350.jpg\" height=\"350\" width=\"500\" data-caption=\"solitaire\" alt=\"solitaire\" class=\"slider-340 slide-181 msDefaultImage\" \/><img loading=\"lazy\" decoding=\"async\" src=\"https:\/\/www.aphyllanthe.fr\/association\/wp-content\/uploads\/2014\/12\/IMG_2811-500x350.jpg\" height=\"350\" width=\"500\" data-caption=\"au retour du rando\" alt=\"au retour du rando\" class=\"slider-340 slide-262 msDefaultImage\" \/><\/div><\/div>\n        \n    <\/div>\n<\/div>\n<ul>\n<\/ul>\n<ul>\n<li>avril 2010 : 2 jours dans l&rsquo;Aude : Les ch\u00e2teaux cathares de Qu\u00e9ribus et Peyrepertuse<\/li>\n<\/ul>\n<div id=\"metaslider-id-342\" style=\"max-width: 500px; margin: 0 auto;\" class=\"ml-slider-3-108-0 metaslider metaslider-nivo metaslider-342 ml-slider has-dots-nav ms-theme-default\" role=\"region\" aria-label=\"2010-cathare\" data-height=\"350\" data-width=\"500\">\n    <div id=\"metaslider_container_342\">\n        <div class='slider-wrapper theme-default'><div class='ribbon'><\/div><div id='metaslider_342' class='nivoSlider'><img loading=\"lazy\" decoding=\"async\" src=\"https:\/\/www.aphyllanthe.fr\/association\/wp-content\/uploads\/2014\/12\/DSC08955-500x350.jpg\" height=\"350\" width=\"500\" data-caption=\"apr&egrave;s-rando &agrave; Duilhac-sous-Peyrepertuse\" alt=\"apr\u00e8s-rando \u00e0 Duilhac-sous-Peyrepertuse\" class=\"slider-342 slide-226 msDefaultImage\" \/><img loading=\"lazy\" decoding=\"async\" src=\"https:\/\/www.aphyllanthe.fr\/association\/wp-content\/uploads\/2014\/12\/DSC08945-500x350.jpg\" height=\"350\" width=\"500\" data-caption=\"nid d&#039;aigle : ch&acirc;teau de Peyrepertuse\" alt=\"nid d&#039;aigle : ch\u00e2teau de Peyrepertuse\" class=\"slider-342 slide-225 msDefaultImage\" \/><img loading=\"lazy\" decoding=\"async\" src=\"https:\/\/www.aphyllanthe.fr\/association\/wp-content\/uploads\/2014\/12\/DSC08938-500x350.jpg\" height=\"350\" width=\"500\" data-caption=\"Peyrepertuse\" alt=\"Peyrepertuse\" class=\"slider-342 slide-224 msDefaultImage\" \/><img loading=\"lazy\" decoding=\"async\" src=\"https:\/\/www.aphyllanthe.fr\/association\/wp-content\/uploads\/2014\/12\/DSC08866-500x350.jpg\" height=\"350\" width=\"500\" data-caption=\"descente de Qu&eacute;ribus\" alt=\"descente de Qu\u00e9ribus\" class=\"slider-342 slide-222 msDefaultImage\" \/><img loading=\"lazy\" decoding=\"async\" src=\"https:\/\/www.aphyllanthe.fr\/association\/wp-content\/uploads\/2014\/12\/DSC08839-500x350.jpg\" height=\"350\" width=\"500\" data-caption=\"le rire\" alt=\"le rire\" class=\"slider-342 slide-221 msDefaultImage\" \/><img loading=\"lazy\" decoding=\"async\" src=\"https:\/\/www.aphyllanthe.fr\/association\/wp-content\/uploads\/2014\/12\/DSC08763-500x350.jpg\" height=\"350\" width=\"500\" data-caption=\"devant Cucugnan\" alt=\"devant Cucugnan\" class=\"slider-342 slide-214 msDefaultImage\" \/><img loading=\"lazy\" decoding=\"async\" src=\"https:\/\/www.aphyllanthe.fr\/association\/wp-content\/uploads\/2014\/12\/DSC08800-500x350.jpg\" height=\"350\" width=\"500\" data-caption=\"l&#039;escalier\" alt=\"l&#039;escalier\" class=\"slider-342 slide-219 msDefaultImage\" \/><img loading=\"lazy\" decoding=\"async\" src=\"https:\/\/www.aphyllanthe.fr\/association\/wp-content\/uploads\/2014\/12\/DSC08761-500x350.jpg\" height=\"350\" width=\"500\" data-caption=\"discussions en cours\" alt=\"discussions en cours\" class=\"slider-342 slide-213 msDefaultImage\" \/><img loading=\"lazy\" decoding=\"async\" src=\"https:\/\/www.aphyllanthe.fr\/association\/wp-content\/uploads\/2014\/12\/DSC08773-500x350.jpg\" height=\"350\" width=\"500\" data-caption=\"sur la cr&ecirc;te\" alt=\"sur la cr\u00eate\" class=\"slider-342 slide-215 msDefaultImage\" \/><img loading=\"lazy\" decoding=\"async\" src=\"https:\/\/www.aphyllanthe.fr\/association\/wp-content\/uploads\/2014\/12\/DSC08826-500x350.jpg\" height=\"350\" width=\"500\" data-caption=\"randonn&eacute;e : admirant le panorama\" alt=\"le panorama\" class=\"slider-342 slide-220 msDefaultImage\" \/><img loading=\"lazy\" decoding=\"async\" src=\"https:\/\/www.aphyllanthe.fr\/association\/wp-content\/uploads\/2014\/12\/DSC08782-500x350.jpg\" height=\"350\" width=\"500\" data-caption=\"sommets enneig&eacute;s\" alt=\"sommets enneig\u00e9s\" class=\"slider-342 slide-216 msDefaultImage\" \/><img loading=\"lazy\" decoding=\"async\" src=\"https:\/\/www.aphyllanthe.fr\/association\/wp-content\/uploads\/2014\/12\/DSC08793-500x350.jpg\" height=\"350\" width=\"500\" data-caption=\"Qu&eacute;ribus\" alt=\"Qu\u00e9ribus\" class=\"slider-342 slide-217 msDefaultImage\" \/><img loading=\"lazy\" decoding=\"async\" src=\"https:\/\/www.aphyllanthe.fr\/association\/wp-content\/uploads\/2014\/12\/DSC08794-500x350.jpg\" height=\"350\" width=\"500\" data-caption=\"les remparts : Qu&eacute;ribus\" alt=\"les remparts : Qu\u00e9ribus\" class=\"slider-342 slide-218 msDefaultImage\" \/><\/div><\/div>\n        \n    <\/div>\n<\/div>\n<ul>\n<\/ul>\n<ul>\n<li>avril 2011 : 2 jours dans le Luberon : Le Colorado proven\u00e7al de Rustrel et les environs d&rsquo;Oppedette<\/li>\n<\/ul>\n<div id=\"metaslider-id-343\" style=\"max-width: 500px; margin: 0 auto;\" class=\"ml-slider-3-108-0 metaslider metaslider-nivo metaslider-343 ml-slider has-dots-nav ms-theme-default\" role=\"region\" aria-label=\"2011-luberon\" data-height=\"350\" data-width=\"500\">\n    <div id=\"metaslider_container_343\">\n        <div class='slider-wrapper theme-default'><div class='ribbon'><\/div><div id='metaslider_343' class='nivoSlider'><img loading=\"lazy\" decoding=\"async\" src=\"https:\/\/www.aphyllanthe.fr\/association\/wp-content\/uploads\/2014\/12\/DSC04148-Moyen-500x350.jpg\" height=\"350\" width=\"500\" data-caption=\"au Colorado de Rustrel\" alt=\"au Colorado de Rustrel\" class=\"slider-343 slide-203 msDefaultImage\" \/><img loading=\"lazy\" decoding=\"async\" src=\"https:\/\/www.aphyllanthe.fr\/association\/wp-content\/uploads\/2014\/12\/DSC04137-Moyen-500x350.jpg\" height=\"350\" width=\"500\" data-caption=\"pique-nique &agrave; l&#039;ombre\" alt=\"pique-nique \u00e0 l&#039;ombre\" class=\"slider-343 slide-202 msDefaultImage\" \/><img loading=\"lazy\" decoding=\"async\" src=\"https:\/\/www.aphyllanthe.fr\/association\/wp-content\/uploads\/2014\/12\/DSC04131-Moyen-500x350.jpg\" height=\"350\" width=\"500\" data-caption=\"au Colorado Proven&ccedil;al\" alt=\"au Colorado Proven\u00e7al\" class=\"slider-343 slide-201 msDefaultImage\" \/><img loading=\"lazy\" decoding=\"async\" src=\"https:\/\/www.aphyllanthe.fr\/association\/wp-content\/uploads\/2014\/12\/DSC04111-Moyen-500x350.jpg\" height=\"350\" width=\"500\" data-caption=\"retour de Vach&egrave;res\" alt=\"retour de Vach\u00e8res\" class=\"slider-343 slide-200 msDefaultImage\" \/><img loading=\"lazy\" decoding=\"async\" src=\"https:\/\/www.aphyllanthe.fr\/association\/wp-content\/uploads\/2014\/12\/DSC04107-Moyen-500x350.jpg\" height=\"350\" width=\"500\" data-caption=\"&agrave; Vach&egrave;res\" alt=\"\u00e0 Vach\u00e8res\" class=\"slider-343 slide-199 msDefaultImage\" \/><img loading=\"lazy\" decoding=\"async\" src=\"https:\/\/www.aphyllanthe.fr\/association\/wp-content\/uploads\/2014\/12\/DSC04095-Moyen-500x350.jpg\" height=\"350\" width=\"500\" data-caption=\"la prairie verte\" alt=\"la prairie verte\" class=\"slider-343 slide-198 msDefaultImage\" \/><img loading=\"lazy\" decoding=\"async\" src=\"https:\/\/www.aphyllanthe.fr\/association\/wp-content\/uploads\/2014\/12\/DSC04086-Moyen-500x350.jpg\" height=\"350\" width=\"500\" data-caption=\"&eacute;tranges cailloux\" alt=\"\u00e9tranges cailloux\" class=\"slider-343 slide-197 msDefaultImage\" \/><img loading=\"lazy\" decoding=\"async\" src=\"https:\/\/www.aphyllanthe.fr\/association\/wp-content\/uploads\/2014\/12\/DSC04044-Moyen-500x350.jpg\" height=\"350\" width=\"500\" data-caption=\"d&eacute;part d&#039;Oppedette\" alt=\"d\u00e9part d&#039;Oppedette\" class=\"slider-343 slide-196 msDefaultImage\" \/><img loading=\"lazy\" decoding=\"async\" src=\"https:\/\/www.aphyllanthe.fr\/association\/wp-content\/uploads\/2014\/12\/DSC04157-Moyen-500x350.jpg\" height=\"350\" width=\"500\" data-caption=\"apr&egrave;s-rando au Colorado de Rustrel\" alt=\"apr\u00e8s-rando au Colorado de Rustrel\" class=\"slider-343 slide-204 msDefaultImage\" \/><\/div><\/div>\n        \n    <\/div>\n<\/div>\n<ul>\n<\/ul>\n<ul>\n<li>mai 2012 : 3 jours en randonn\u00e9e au d\u00e9part de Saint-Guilhem-le-D\u00e9sert<\/li>\n<\/ul>\n<div id=\"metaslider-id-344\" style=\"max-width: 500px; margin: 0 auto;\" class=\"ml-slider-3-108-0 metaslider metaslider-nivo metaslider-344 ml-slider has-dots-nav ms-theme-default\" role=\"region\" aria-label=\"2012-guilhem\" data-height=\"350\" data-width=\"500\">\n    <div id=\"metaslider_container_344\">\n        <div class='slider-wrapper theme-default'><div class='ribbon'><\/div><div id='metaslider_344' class='nivoSlider'><img loading=\"lazy\" decoding=\"async\" src=\"https:\/\/www.aphyllanthe.fr\/association\/wp-content\/uploads\/2014\/12\/DSC06552-500x350.jpg\" height=\"350\" width=\"500\" data-caption=\"au cap du Ginestet\" alt=\"au cap du Ginestet\" class=\"slider-344 slide-209 msDefaultImage\" \/><img loading=\"lazy\" decoding=\"async\" src=\"https:\/\/www.aphyllanthe.fr\/association\/wp-content\/uploads\/2014\/12\/DSC06573-500x350.jpg\" height=\"350\" width=\"500\" data-caption=\"le retour de Saint Baudille\" alt=\"le retour de Saint Baudille\" class=\"slider-344 slide-212 msDefaultImage\" \/><img loading=\"lazy\" decoding=\"async\" src=\"https:\/\/www.aphyllanthe.fr\/association\/wp-content\/uploads\/2014\/12\/DSC06544-500x350.jpg\" height=\"350\" width=\"500\" data-caption=\"devant l&#039;ermitage N.D. de Belle Gr&acirc;ce\" alt=\"devant l&#039;ermitage N.D. de Belle Gr\u00e2ce\" class=\"slider-344 slide-208 msDefaultImage\" \/><img loading=\"lazy\" decoding=\"async\" src=\"https:\/\/www.aphyllanthe.fr\/association\/wp-content\/uploads\/2014\/12\/DSC06565-500x350.jpg\" height=\"350\" width=\"500\" data-caption=\"au sommet du Mont Saint Baudille\" alt=\"au sommet du Mont Saint Baudille\" class=\"slider-344 slide-210 msDefaultImage\" \/><img loading=\"lazy\" decoding=\"async\" src=\"https:\/\/www.aphyllanthe.fr\/association\/wp-content\/uploads\/2014\/12\/DSC06511-500x350.jpg\" height=\"350\" width=\"500\" data-caption=\"d&eacute;fil&eacute; au cirque de l&#039;Infernet\" alt=\"d\u00e9fil\u00e9 au cirque de l&#039;Infernet\" class=\"slider-344 slide-207 msDefaultImage\" \/><img loading=\"lazy\" decoding=\"async\" src=\"https:\/\/www.aphyllanthe.fr\/association\/wp-content\/uploads\/2014\/12\/DSC06509-500x350.jpg\" height=\"350\" width=\"500\" data-caption=\"d&eacute;fil&eacute; au cirque de l&#039;Infernet\" alt=\"d\u00e9fil\u00e9 au cirque de l&#039;Infernet\" class=\"slider-344 slide-206 msDefaultImage\" \/><img loading=\"lazy\" decoding=\"async\" src=\"https:\/\/www.aphyllanthe.fr\/association\/wp-content\/uploads\/2014\/12\/DSC06504-500x350.jpg\" height=\"350\" width=\"500\" data-caption=\"cirque de l&#039;Infernet : les Fenestrelles\" alt=\"cirque de l&#039;Infernet : les Fenestrelles\" class=\"slider-344 slide-205 msDefaultImage\" \/><img loading=\"lazy\" decoding=\"async\" src=\"https:\/\/www.aphyllanthe.fr\/association\/wp-content\/uploads\/2014\/12\/DSC06567-500x350.jpg\" height=\"350\" width=\"500\" data-caption=\"randonn&eacute;e : au sommet du Mont Saint Baudille\" alt=\"au sommet du Mont Saint Baudille\" class=\"slider-344 slide-211 msDefaultImage\" \/><\/div><\/div>\n        \n    <\/div>\n<\/div>\n<ul>\n<\/ul>\n<ul>\n<li>juin 2013 : 3 jours \u00e0 C\u00e9ret : la moyenne montagne Pyr\u00e9n\u00e9enne<\/li>\n<\/ul>\n<div id=\"metaslider-id-345\" style=\"max-width: 500px; margin: 0 auto;\" class=\"ml-slider-3-108-0 metaslider metaslider-nivo metaslider-345 ml-slider has-dots-nav ms-theme-default\" role=\"region\" aria-label=\"2013-pyrenees\" data-height=\"350\" data-width=\"500\">\n    <div id=\"metaslider_container_345\">\n        <div class='slider-wrapper theme-default'><div class='ribbon'><\/div><div id='metaslider_345' class='nivoSlider'><img loading=\"lazy\" decoding=\"async\" src=\"https:\/\/www.aphyllanthe.fr\/association\/wp-content\/uploads\/2014\/12\/DSC00373-500x350.jpg\" height=\"350\" width=\"500\" data-caption=\"attention au gu&eacute;\" alt=\"attention au gu\u00e9\" class=\"slider-345 slide-171 msDefaultImage\" \/><img loading=\"lazy\" decoding=\"async\" src=\"https:\/\/www.aphyllanthe.fr\/association\/wp-content\/uploads\/2014\/12\/DSC00300-500x350.jpg\" height=\"350\" width=\"500\" data-caption=\"au sommet du pic des Salines\" alt=\"au sommet du pic des Salines\" class=\"slider-345 slide-170 msDefaultImage\" \/><img loading=\"lazy\" decoding=\"async\" src=\"https:\/\/www.aphyllanthe.fr\/association\/wp-content\/uploads\/2014\/12\/DSC00279-500x350.jpg\" height=\"350\" width=\"500\" data-caption=\"encore un gu&eacute;\" alt=\"encore un gu\u00e9\" class=\"slider-345 slide-169 msDefaultImage\" \/><img loading=\"lazy\" decoding=\"async\" src=\"https:\/\/www.aphyllanthe.fr\/association\/wp-content\/uploads\/2014\/12\/DSC00267-500x350.jpg\" height=\"350\" width=\"500\" data-caption=\"la pause pour souffler\" alt=\"la pause pour souffler\" class=\"slider-345 slide-168 msDefaultImage\" \/><img loading=\"lazy\" decoding=\"async\" src=\"https:\/\/www.aphyllanthe.fr\/association\/wp-content\/uploads\/2014\/12\/DSC00263-500x350.jpg\" height=\"350\" width=\"500\" data-caption=\"la mont&eacute;e\" alt=\"la mont\u00e9e\" class=\"slider-345 slide-167 msDefaultImage\" \/><img loading=\"lazy\" decoding=\"async\" src=\"https:\/\/www.aphyllanthe.fr\/association\/wp-content\/uploads\/2014\/12\/DSC00256-500x350.jpg\" height=\"350\" width=\"500\" data-caption=\"on pose pour la photo\" alt=\"on pose pour la photo\" class=\"slider-345 slide-166 msDefaultImage\" \/><img loading=\"lazy\" decoding=\"async\" src=\"https:\/\/www.aphyllanthe.fr\/association\/wp-content\/uploads\/2014\/12\/DSC00249-500x350.jpg\" height=\"350\" width=\"500\" data-caption=\"en &eacute;quilibre sur les rochers\" alt=\"en \u00e9quilibre sur les rochers\" class=\"slider-345 slide-165 msDefaultImage\" \/><img loading=\"lazy\" decoding=\"async\" src=\"https:\/\/www.aphyllanthe.fr\/association\/wp-content\/uploads\/2014\/12\/DSC00246-500x350.jpg\" height=\"350\" width=\"500\" data-caption=\"crapahuter sur les cailloux\" alt=\"crapahuter sur les cailloux\" class=\"slider-345 slide-164 msDefaultImage\" \/><img loading=\"lazy\" decoding=\"async\" src=\"https:\/\/www.aphyllanthe.fr\/association\/wp-content\/uploads\/2014\/12\/DSC00239-500x350.jpg\" height=\"350\" width=\"500\" data-caption=\"une pause pour admirer le paysage\" alt=\"une pause pour admirer le paysage\" class=\"slider-345 slide-163 msDefaultImage\" \/><\/div><\/div>\n        \n    <\/div>\n<\/div>\n<ul>\n<li>mai 2014 : 2 jours dans la r\u00e9gion de Millau en Aveyron<\/li>\n<li>mai 2015 : 2 jours dans la r\u00e9gion de Forcalquier<\/li>\n<li>mai 2016 : 2 jours dans la r\u00e9gion de Millau en Aveyron<\/li>\n<li>mai 2017 : 2 jours dans la r\u00e9gion du Haut-Languedoc (Lamalou-les-Bains, Roquebrun) <\/li>\n<li>septembre 2018 : 2 jours dans la r\u00e9gion de Banne au sud de l&rsquo;Ard\u00e8che<\/li>\n<li>septembre 2019 : 2 jours dans la r\u00e9gion de Ganges<\/li>\n<\/ul>\n<p>De nombreux albums photos pour ces sorties sont visibles <a href=\"https:\/\/www.aphyllanthe.fr\/association\/accueil\/albums-photo\/\" target=\"_blank\" rel=\"noopener noreferrer\">en cliquant ici<\/a>. <\/p>\n","protected":false},"excerpt":{"rendered":"<p>A propos des randonn\u00e9es A partir de 2008, un groupe de randonneurs s&rsquo;est form\u00e9 \u00e0 l&rsquo;Association. Au d\u00e9but, il y avait des randonn\u00e9es tous les vendredi apr\u00e8s-midis en saison (entre mi-septembre et mi-mai). Par la suite, sont venues se greffer des sorties \u00e0 la journ\u00e9e compl\u00e8te le mardi, 2 fois par mois. Et, \u00e0 partir &hellip; <a href=\"https:\/\/www.aphyllanthe.fr\/association\/randonnee\/\" class=\"more-link\">Continuer la lecture de <span class=\"screen-reader-text\">Randonn\u00e9e<\/span>  <span class=\"meta-nav\">&rarr;<\/span><\/a><\/p>\n","protected":false},"author":1,"featured_media":192,"parent":0,"menu_order":0,"comment_status":"closed","ping_status":"closed","template":"","meta":{"footnotes":""},"class_list":["post-337","page","type-page","status-publish","has-post-thumbnail","hentry"],"_links":{"self":[{"href":"https:\/\/www.aphyllanthe.fr\/association\/wp-json\/wp\/v2\/pages\/337","targetHints":{"allow":["GET"]}}],"collection":[{"href":"https:\/\/www.aphyllanthe.fr\/association\/wp-json\/wp\/v2\/pages"}],"about":[{"href":"https:\/\/www.aphyllanthe.fr\/association\/wp-json\/wp\/v2\/types\/page"}],"author":[{"embeddable":true,"href":"https:\/\/www.aphyllanthe.fr\/association\/wp-json\/wp\/v2\/users\/1"}],"replies":[{"embeddable":true,"href":"https:\/\/www.aphyllanthe.fr\/association\/wp-json\/wp\/v2\/comments?post=337"}],"version-history":[{"count":0,"href":"https:\/\/www.aphyllanthe.fr\/association\/wp-json\/wp\/v2\/pages\/337\/revisions"}],"wp:featuredmedia":[{"embeddable":true,"href":"https:\/\/www.aphyllanthe.fr\/association\/wp-json\/wp\/v2\/media\/192"}],"wp:attachment":[{"href":"https:\/\/www.aphyllanthe.fr\/association\/wp-json\/wp\/v2\/media?parent=337"}],"curies":[{"name":"wp","href":"https:\/\/api.w.org\/{rel}","templated":true}]}}