{"id":370,"date":"2014-12-10T16:49:07","date_gmt":"2014-12-10T16:49:07","guid":{"rendered":"http:\/\/www.aphyllanthe.fr\/association\/?page_id=370"},"modified":"2022-07-21T13:28:59","modified_gmt":"2022-07-21T12:28:59","slug":"tricot-et-couture","status":"publish","type":"page","link":"https:\/\/www.aphyllanthe.fr\/association\/ateliers-creatifs\/tricot-et-couture\/","title":{"rendered":"Tricot et Couture"},"content":{"rendered":"<p>Saison 2021-2022 :<\/p>\n<p><a href=\"https:\/\/www.aphyllanthe.fr\/association\/wp-content\/uploads\/2022\/07\/20210922_141851-scaled.webp\">\u00a0\u00a0\u00a0\u00a0\u00a0\u00a0\u00a0\u00a0\u00a0\u00a0\u00a0\u00a0 <img loading=\"lazy\" decoding=\"async\" class=\"alignnone size-medium wp-image-16895\" src=\"https:\/\/www.aphyllanthe.fr\/association\/wp-content\/uploads\/2022\/07\/20210922_141851-169x300.webp\" alt=\"\" width=\"169\" height=\"300\" srcset=\"https:\/\/www.aphyllanthe.fr\/association\/wp-content\/uploads\/2022\/07\/20210922_141851-169x300.webp 169w, https:\/\/www.aphyllanthe.fr\/association\/wp-content\/uploads\/2022\/07\/20210922_141851-576x1024.webp 576w, https:\/\/www.aphyllanthe.fr\/association\/wp-content\/uploads\/2022\/07\/20210922_141851-768x1365.webp 768w, https:\/\/www.aphyllanthe.fr\/association\/wp-content\/uploads\/2022\/07\/20210922_141851-864x1536.webp 864w, https:\/\/www.aphyllanthe.fr\/association\/wp-content\/uploads\/2022\/07\/20210922_141851-1152x2048.webp 1152w, https:\/\/www.aphyllanthe.fr\/association\/wp-content\/uploads\/2022\/07\/20210922_141851-1320x2347.webp 1320w, https:\/\/www.aphyllanthe.fr\/association\/wp-content\/uploads\/2022\/07\/20210922_141851-scaled.webp 1440w\" sizes=\"auto, (max-width: 169px) 100vw, 169px\" \/><\/a> \u00a0\u00a0 \u00a0\u00a0 \u00a0\u00a0 \u00a0<a href=\"https:\/\/www.aphyllanthe.fr\/association\/wp-content\/uploads\/2022\/07\/PETITS-BONNETS1-scaled.webp\"><img loading=\"lazy\" decoding=\"async\" class=\"alignnone size-medium wp-image-16896\" src=\"https:\/\/www.aphyllanthe.fr\/association\/wp-content\/uploads\/2022\/07\/PETITS-BONNETS1-169x300.webp\" alt=\"\" width=\"169\" height=\"300\" srcset=\"https:\/\/www.aphyllanthe.fr\/association\/wp-content\/uploads\/2022\/07\/PETITS-BONNETS1-169x300.webp 169w, https:\/\/www.aphyllanthe.fr\/association\/wp-content\/uploads\/2022\/07\/PETITS-BONNETS1-576x1024.webp 576w, https:\/\/www.aphyllanthe.fr\/association\/wp-content\/uploads\/2022\/07\/PETITS-BONNETS1-768x1365.webp 768w, https:\/\/www.aphyllanthe.fr\/association\/wp-content\/uploads\/2022\/07\/PETITS-BONNETS1-864x1536.webp 864w, https:\/\/www.aphyllanthe.fr\/association\/wp-content\/uploads\/2022\/07\/PETITS-BONNETS1-1152x2048.webp 1152w, https:\/\/www.aphyllanthe.fr\/association\/wp-content\/uploads\/2022\/07\/PETITS-BONNETS1-1320x2347.webp 1320w, https:\/\/www.aphyllanthe.fr\/association\/wp-content\/uploads\/2022\/07\/PETITS-BONNETS1-scaled.webp 1440w\" sizes=\"auto, (max-width: 169px) 100vw, 169px\" \/><\/a><\/p>\n<div id=\"metaslider-id-16898\" style=\"max-width: 900px; margin: 0 auto;\" class=\"ml-slider-3-108-0 metaslider metaslider-nivo metaslider-16898 ml-slider ms-theme-default\" role=\"region\" aria-label=\"Couture\" data-height=\"600\" data-width=\"900\">\n    <div id=\"metaslider_container_16898\">\n        <div class='slider-wrapper theme-default'><div class='ribbon'><\/div><div id='metaslider_16898' class='nivoSlider'><img loading=\"lazy\" decoding=\"async\" src=\"https:\/\/www.aphyllanthe.fr\/association\/wp-content\/uploads\/2022\/07\/20210922_141656-scaled-900x600.webp\" height=\"600\" width=\"900\" title=\"20210922_141656\" alt=\"\" class=\"slider-16898 slide-16902 msDefaultImage\" \/><img loading=\"lazy\" decoding=\"async\" src=\"https:\/\/www.aphyllanthe.fr\/association\/wp-content\/uploads\/2022\/07\/20210929_145555-scaled-900x600.webp\" height=\"600\" width=\"900\" title=\"20210929_145555\" alt=\"\" class=\"slider-16898 slide-16903 msDefaultImage\" \/><img loading=\"lazy\" decoding=\"async\" src=\"https:\/\/www.aphyllanthe.fr\/association\/wp-content\/uploads\/2022\/07\/PETITS-BONNETS3-scaled-900x600.webp\" height=\"600\" width=\"900\" title=\"PETITS-BONNETS3\" alt=\"\" class=\"slider-16898 slide-16904 msDefaultImage\" \/><\/div><\/div>\n        \n    <\/div>\n<\/div>\n<p><strong>Les Bonnets Innocent<\/strong><\/p>\n<div id=\"bonnets\"><\/div>\n<p>Depuis 2014 les membres de l&rsquo;atelier tricot-th\u00e9 <a href=\"http:\/\/www.aphyllanthe.fr\/association\/bonnets-2017\/\" target=\"_blank\" rel=\"noopener\">\u0153uvrent en faveur des d\u00e9munis<\/a> en faveur des d\u00e9munis. L&rsquo;atelier tricot-th\u00e9 de l&rsquo;Aphyllanthe participe au programme de la soci\u00e9t\u00e9 Innocent en faveur des Petits Fr\u00e8res des Pauvres.<\/p>\n<p>Nos membres confectionnent des petits bonnets tricot\u00e9s qui sont destin\u00e9s \u00e0 chapeauter les smoothies de la marque Innocent. Dans les boulangeries et dans diff\u00e9rents commerces d&rsquo;alimentation de proximit\u00e9, ces bouteilles sont mises en vente coiff\u00e9es d&rsquo;un petit bonnet tricot\u00e9. Pour chaque bouteille coiff\u00e9e vendue, Innocent reverse 0,20 \u20ac \u00e0 l&rsquo;Association des Petit Fr\u00e8res des Pauvres.<div id=\"metaslider-id-372\" style=\"max-width: 500px; margin: 0 auto;\" class=\"ml-slider-3-108-0 metaslider metaslider-nivo metaslider-372 ml-slider has-dots-nav ms-theme-default\" role=\"region\" aria-label=\"bonnets\" data-height=\"600\" data-width=\"500\">\n    <div id=\"metaslider_container_372\">\n        <div class='slider-wrapper theme-default'><div class='ribbon'><\/div><div id='metaslider_372' class='nivoSlider'><img loading=\"lazy\" decoding=\"async\" src=\"https:\/\/www.aphyllanthe.fr\/association\/wp-content\/uploads\/2014\/12\/DSC04832c-500x600.jpg\" height=\"600\" width=\"500\" data-caption=\"les ours\" alt=\"les ours\" class=\"slider-372 slide-79 msDefaultImage\" \/><img loading=\"lazy\" decoding=\"async\" src=\"https:\/\/www.aphyllanthe.fr\/association\/wp-content\/uploads\/2014\/12\/DSC04838c-500x600.jpg\" height=\"600\" width=\"500\" data-caption=\"les bonnets\" alt=\"les bonnets\" class=\"slider-372 slide-82 msDefaultImage\" \/><img loading=\"lazy\" decoding=\"async\" src=\"https:\/\/www.aphyllanthe.fr\/association\/wp-content\/uploads\/2014\/12\/DSC04831c-500x600.jpg\" height=\"600\" width=\"500\" data-caption=\"les lapins\" alt=\"les lapins\" class=\"slider-372 slide-78 msDefaultImage\" \/><img loading=\"lazy\" decoding=\"async\" src=\"https:\/\/www.aphyllanthe.fr\/association\/wp-content\/uploads\/2014\/12\/DSC04819c-500x600.jpg\" height=\"600\" width=\"500\" data-caption=\"la maison d&#039;Orange\" alt=\"la maison d&#039;Orange\" class=\"slider-372 slide-72 msDefaultImage\" \/><img loading=\"lazy\" decoding=\"async\" src=\"https:\/\/www.aphyllanthe.fr\/association\/wp-content\/uploads\/2014\/12\/DSC04820c-500x600.jpg\" height=\"600\" width=\"500\" data-caption=\"les roses bonnets\" alt=\"les roses bonnets\" class=\"slider-372 slide-73 msDefaultImage\" \/><img loading=\"lazy\" decoding=\"async\" src=\"https:\/\/www.aphyllanthe.fr\/association\/wp-content\/uploads\/2014\/12\/DSC04823c-500x600.jpg\" height=\"600\" width=\"500\" data-caption=\"bleu, bleu, bleu\" alt=\"bleu, bleu, bleu\" class=\"slider-372 slide-74 msDefaultImage\" \/><img loading=\"lazy\" decoding=\"async\" src=\"https:\/\/www.aphyllanthe.fr\/association\/wp-content\/uploads\/2014\/12\/DSC04825c-500x600.jpg\" height=\"600\" width=\"500\" data-caption=\"couleurs toniques\" alt=\"couleurs toniques\" class=\"slider-372 slide-75 msDefaultImage\" \/><img loading=\"lazy\" decoding=\"async\" src=\"https:\/\/www.aphyllanthe.fr\/association\/wp-content\/uploads\/2014\/12\/DSC04826c-500x600.jpg\" height=\"600\" width=\"500\" data-caption=\"le p&egrave;re no&euml;l et ses amis\" alt=\"le p\u00e8re no\u00ebl et ses amis\" class=\"slider-372 slide-76 msDefaultImage\" \/><img loading=\"lazy\" decoding=\"async\" src=\"https:\/\/www.aphyllanthe.fr\/association\/wp-content\/uploads\/2014\/12\/DSC04829c-500x600.jpg\" height=\"600\" width=\"500\" data-caption=\"curieux personnages\" alt=\"curieux personnages\" class=\"slider-372 slide-77 msDefaultImage\" \/><img loading=\"lazy\" decoding=\"async\" src=\"https:\/\/www.aphyllanthe.fr\/association\/wp-content\/uploads\/2014\/12\/DSC04814c-500x600.jpg\" height=\"600\" width=\"500\" data-caption=\"le calamar guette\" alt=\"le calamar guette\" class=\"slider-372 slide-70 msDefaultImage\" \/><img loading=\"lazy\" decoding=\"async\" src=\"https:\/\/www.aphyllanthe.fr\/association\/wp-content\/uploads\/2014\/12\/DSC04813c-500x600.jpg\" height=\"600\" width=\"500\" data-caption=\"un penchant pour les bonnets\" alt=\"un penchant pour les bonnets\" class=\"slider-372 slide-69 msDefaultImage\" \/><img loading=\"lazy\" decoding=\"async\" src=\"https:\/\/www.aphyllanthe.fr\/association\/wp-content\/uploads\/2014\/12\/DSC04811c-500x600.jpg\" height=\"600\" width=\"500\" data-caption=\"bonnets chics\" alt=\"bonnets chics\" class=\"slider-372 slide-68 msDefaultImage\" \/><img loading=\"lazy\" decoding=\"async\" src=\"https:\/\/www.aphyllanthe.fr\/association\/wp-content\/uploads\/2014\/12\/DSC04809c-500x600.jpg\" height=\"600\" width=\"500\" data-caption=\"les ponpons\" alt=\"les ponpons\" class=\"slider-372 slide-67 msDefaultImage\" \/><img loading=\"lazy\" decoding=\"async\" src=\"https:\/\/www.aphyllanthe.fr\/association\/wp-content\/uploads\/2014\/12\/DSC04806c-500x600.jpg\" height=\"600\" width=\"500\" data-caption=\"la th&eacute;i&egrave;re\" alt=\"la th\u00e9i\u00e8re\" class=\"slider-372 slide-66 msDefaultImage\" \/><img loading=\"lazy\" decoding=\"async\" src=\"https:\/\/www.aphyllanthe.fr\/association\/wp-content\/uploads\/2014\/12\/DSC04804c-500x600.jpg\" height=\"600\" width=\"500\" data-caption=\"encore un calamar ? \" alt=\"encore un calamar ?\" class=\"slider-372 slide-65 msDefaultImage\" \/><img loading=\"lazy\" decoding=\"async\" src=\"https:\/\/www.aphyllanthe.fr\/association\/wp-content\/uploads\/2014\/12\/DSC04803c-500x600.jpg\" height=\"600\" width=\"500\" data-caption=\"le sourire myst&eacute;rieux\" alt=\"le sourire myst\u00e9rieux\" class=\"slider-372 slide-64 msDefaultImage\" \/><img loading=\"lazy\" decoding=\"async\" src=\"https:\/\/www.aphyllanthe.fr\/association\/wp-content\/uploads\/2014\/12\/DSC04801c-500x600.jpg\" height=\"600\" width=\"500\" data-caption=\"on d&eacute;file\" alt=\"on d\u00e9file\" class=\"slider-372 slide-63 msDefaultImage\" \/><img loading=\"lazy\" decoding=\"async\" src=\"https:\/\/www.aphyllanthe.fr\/association\/wp-content\/uploads\/2014\/12\/DSC04798c-500x600.jpg\" height=\"600\" width=\"500\" data-caption=\"la bo&icirc;te aux lettres &agrave; Londres\" alt=\"la bo\u00eete aux lettres \u00e0 Londres\" class=\"slider-372 slide-62 msDefaultImage\" \/><img loading=\"lazy\" decoding=\"async\" src=\"https:\/\/www.aphyllanthe.fr\/association\/wp-content\/uploads\/2014\/12\/DSC04796c-500x600.jpg\" height=\"600\" width=\"500\" data-caption=\"eureka !\" alt=\"eureka !\" class=\"slider-372 slide-61 msDefaultImage\" \/><img loading=\"lazy\" decoding=\"async\" src=\"https:\/\/www.aphyllanthe.fr\/association\/wp-content\/uploads\/2014\/12\/DSC04795c-500x600.jpg\" height=\"600\" width=\"500\" data-caption=\"l&#039;anticipation\" alt=\"l&#039;anticipation\" class=\"slider-372 slide-60 msDefaultImage\" \/><img loading=\"lazy\" decoding=\"async\" src=\"https:\/\/www.aphyllanthe.fr\/association\/wp-content\/uploads\/2014\/12\/DSC04793c-500x600.jpg\" height=\"600\" width=\"500\" data-caption=\"le lapin aux oreilles roses\" alt=\"le lapin aux oreilles roses\" class=\"slider-372 slide-59 msDefaultImage\" \/><img loading=\"lazy\" decoding=\"async\" src=\"https:\/\/www.aphyllanthe.fr\/association\/wp-content\/uploads\/2014\/12\/DSC04790c-500x600.jpg\" height=\"600\" width=\"500\" data-caption=\"le mal ras&eacute;\" alt=\"le mal ras\u00e9\" class=\"slider-372 slide-58 msDefaultImage\" \/><img loading=\"lazy\" decoding=\"async\" src=\"https:\/\/www.aphyllanthe.fr\/association\/wp-content\/uploads\/2014\/12\/DSC04788c-500x600.jpg\" height=\"600\" width=\"500\" data-caption=\"le bonhomme de neige\" alt=\"le bonhomme de neige\" class=\"slider-372 slide-57 msDefaultImage\" \/><img loading=\"lazy\" decoding=\"async\" src=\"https:\/\/www.aphyllanthe.fr\/association\/wp-content\/uploads\/2014\/12\/DSC04781c-500x600.jpg\" height=\"600\" width=\"500\" data-caption=\"l&#039;alignement\" alt=\"l&#039;alignement\" class=\"slider-372 slide-52 msDefaultImage\" \/><img loading=\"lazy\" decoding=\"async\" src=\"https:\/\/www.aphyllanthe.fr\/association\/wp-content\/uploads\/2014\/12\/DSC04783c-500x600.jpg\" height=\"600\" width=\"500\" data-caption=\"soldats et sorciers\" alt=\"soldats et sorciers\" class=\"slider-372 slide-54 msDefaultImage\" \/><img loading=\"lazy\" decoding=\"async\" src=\"https:\/\/www.aphyllanthe.fr\/association\/wp-content\/uploads\/2014\/12\/DSC04785c-500x600.jpg\" height=\"600\" width=\"500\" data-caption=\"un fant&ocirc;me dans la maison\" alt=\"un fant\u00f4me dans la maison\" class=\"slider-372 slide-55 msDefaultImage\" \/><img loading=\"lazy\" decoding=\"async\" src=\"https:\/\/www.aphyllanthe.fr\/association\/wp-content\/uploads\/2014\/12\/DSC04787c-500x600.jpg\" height=\"600\" width=\"500\" data-caption=\"le bonhomme de neige\" alt=\"le bonhomme de neige\" class=\"slider-372 slide-56 msDefaultImage\" \/><img loading=\"lazy\" decoding=\"async\" src=\"https:\/\/www.aphyllanthe.fr\/association\/wp-content\/uploads\/2014\/12\/DSC04834c-500x600.jpg\" height=\"600\" width=\"500\" data-caption=\"atelier tricot-th&eacute; 2016 : bonnets rouges\" alt=\"bonnets rouges\" class=\"slider-372 slide-80 msDefaultImage\" \/><img loading=\"lazy\" decoding=\"async\" src=\"https:\/\/www.aphyllanthe.fr\/association\/wp-content\/uploads\/2014\/12\/DSC04817c-500x600.jpg\" height=\"600\" width=\"500\" data-caption=\"atelier tricot-th&eacute; : les bonnets de la famille se prom&egrave;ne\" alt=\"la famille se prom\u00e8ne\" class=\"slider-372 slide-71 msDefaultImage\" \/><\/div><\/div>\n        \n    <\/div>\n<\/div><br \/>\nNos membres font entre 100 et 300 bonnets chaque ann\u00e9e, et inventent toutes sortes de mod\u00e8les diff\u00e9rents (voir le diaporama). Les bonnets sont envoy\u00e9s par la poste \u00e0 la fin novembre et se retrouvaient dans le commerce des grandes villes autour de No\u00ebl chaque ann\u00e9e.<\/p>\n<div id=\"tabliers\"><\/div>\n<p><strong>Les Tabliers<\/strong><br \/>\nChaque printemps, l&rsquo;Association organise une tombola et une f\u00eate de l&rsquo;Aphyllanthe exposant les travaux de l\u2019ann\u00e9e. Pour la tombola, l&rsquo;atelier du Tricot-th\u00e9 r\u00e9unit ses talents autour d&rsquo;un th\u00e8me, pour produire, par exemple, une collection de tabliers rebrod\u00e9s. <div id=\"metaslider-id-373\" style=\"max-width: 350px; margin: 0 auto;\" class=\"ml-slider-3-108-0 metaslider metaslider-nivo metaslider-373 ml-slider has-dots-nav ms-theme-default\" role=\"region\" aria-label=\"Tabliers\" data-height=\"500\" data-width=\"350\">\n    <div id=\"metaslider_container_373\">\n        <div class='slider-wrapper theme-default'><div class='ribbon'><\/div><div id='metaslider_373' class='nivoSlider'><img loading=\"lazy\" decoding=\"async\" src=\"https:\/\/www.aphyllanthe.fr\/association\/wp-content\/uploads\/2014\/12\/DSC03136-Moyen-350x500.jpg\" height=\"500\" width=\"350\" data-caption=\"tablier de cuisine\" alt=\"tablier de cuisine\" class=\"slider-373 slide-34 msDefaultImage\" \/><img loading=\"lazy\" decoding=\"async\" src=\"https:\/\/www.aphyllanthe.fr\/association\/wp-content\/uploads\/2014\/12\/DSC03133-Moyen-350x500.jpg\" height=\"500\" width=\"350\" data-caption=\"tablier brod&eacute;\" alt=\"tablier brod\u00e9\" class=\"slider-373 slide-33 msDefaultImage\" \/><img loading=\"lazy\" decoding=\"async\" src=\"https:\/\/www.aphyllanthe.fr\/association\/wp-content\/uploads\/2014\/12\/DSC03130-Moyen-350x500.jpg\" height=\"500\" width=\"350\" data-caption=\"d&eacute;cor de fleurs\" alt=\"d\u00e9cor de fleurs\" class=\"slider-373 slide-32 msDefaultImage\" \/><img loading=\"lazy\" decoding=\"async\" src=\"https:\/\/www.aphyllanthe.fr\/association\/wp-content\/uploads\/2014\/12\/DSC03127-Moyen-350x500.jpg\" height=\"500\" width=\"350\" data-caption=\"tablier des coeurs\" alt=\"tablier des coeurs\" class=\"slider-373 slide-31 msDefaultImage\" \/><img loading=\"lazy\" decoding=\"async\" src=\"https:\/\/www.aphyllanthe.fr\/association\/wp-content\/uploads\/2014\/12\/DSC03124-Moyen-350x500.jpg\" height=\"500\" width=\"350\" data-caption=\"astronomie\" alt=\"astronomie\" class=\"slider-373 slide-30 msDefaultImage\" \/><img loading=\"lazy\" decoding=\"async\" src=\"https:\/\/www.aphyllanthe.fr\/association\/wp-content\/uploads\/2014\/12\/DSC03121-Moyen-350x500.jpg\" height=\"500\" width=\"350\" data-caption=\"l&#039;arrosage\" alt=\"l&#039;arrosage\" class=\"slider-373 slide-29 msDefaultImage\" \/><img loading=\"lazy\" decoding=\"async\" src=\"https:\/\/www.aphyllanthe.fr\/association\/wp-content\/uploads\/2014\/12\/DSC03119-Moyen-350x500.jpg\" height=\"500\" width=\"350\" data-caption=\"coton et dentelle\" alt=\"coton et dentelle\" class=\"slider-373 slide-28 msDefaultImage\" \/><img loading=\"lazy\" decoding=\"async\" src=\"https:\/\/www.aphyllanthe.fr\/association\/wp-content\/uploads\/2014\/12\/DSC03115-Moyen-350x500.jpg\" height=\"500\" width=\"350\" data-caption=\"rayonnant\" alt=\"rayonnant\" class=\"slider-373 slide-27 msDefaultImage\" \/><\/div><\/div>\n        \n    <\/div>\n<\/div><\/p>\n<p><strong>R\u00e9trospectives<\/strong><\/p>\n<p>Participation au march\u00e9 de No\u00ebl d&rsquo;Aigaliers en 2010<\/p>\n<figure id=\"attachment_449\" aria-describedby=\"caption-attachment-449\" style=\"width: 300px\" class=\"wp-caption aligncenter\"><a href=\"http:\/\/www.aphyllanthe.fr\/association\/wp-content\/uploads\/2014\/12\/marche-noel-2010-03.jpg\"><img loading=\"lazy\" decoding=\"async\" class=\"size-medium wp-image-449\" src=\"http:\/\/www.aphyllanthe.fr\/association\/wp-content\/uploads\/2014\/12\/marche-noel-2010-03-300x199.jpg\" alt=\"le march\u00e9 de no\u00ebl en 2010\" width=\"300\" height=\"199\" srcset=\"https:\/\/www.aphyllanthe.fr\/association\/wp-content\/uploads\/2014\/12\/marche-noel-2010-03-300x199.jpg 300w, https:\/\/www.aphyllanthe.fr\/association\/wp-content\/uploads\/2014\/12\/marche-noel-2010-03.jpg 1024w\" sizes=\"auto, (max-width: 300px) 100vw, 300px\" \/><\/a><figcaption id=\"caption-attachment-449\" class=\"wp-caption-text\">le march\u00e9 de no\u00ebl en 2010<\/figcaption><\/figure>\n<p>&nbsp;<\/p>\n<figure id=\"attachment_448\" aria-describedby=\"caption-attachment-448\" style=\"width: 300px\" class=\"wp-caption aligncenter\"><a href=\"http:\/\/www.aphyllanthe.fr\/association\/wp-content\/uploads\/2014\/12\/marche-noel-2010-02.jpg\"><img loading=\"lazy\" decoding=\"async\" class=\"size-medium wp-image-448\" src=\"http:\/\/www.aphyllanthe.fr\/association\/wp-content\/uploads\/2014\/12\/marche-noel-2010-02-300x199.jpg\" alt=\"le march\u00e9 de no\u00ebl en 2010\" width=\"300\" height=\"199\" srcset=\"https:\/\/www.aphyllanthe.fr\/association\/wp-content\/uploads\/2014\/12\/marche-noel-2010-02-300x199.jpg 300w, https:\/\/www.aphyllanthe.fr\/association\/wp-content\/uploads\/2014\/12\/marche-noel-2010-02.jpg 1024w\" sizes=\"auto, (max-width: 300px) 100vw, 300px\" \/><\/a><figcaption id=\"caption-attachment-448\" class=\"wp-caption-text\">le march\u00e9 de no\u00ebl en 2010<\/figcaption><\/figure>\n<p>&nbsp;<\/p>\n<figure id=\"attachment_447\" aria-describedby=\"caption-attachment-447\" style=\"width: 300px\" class=\"wp-caption aligncenter\"><a href=\"http:\/\/www.aphyllanthe.fr\/association\/wp-content\/uploads\/2014\/12\/marche-noel-2010-01.jpg\"><img loading=\"lazy\" decoding=\"async\" class=\"size-medium wp-image-447\" src=\"http:\/\/www.aphyllanthe.fr\/association\/wp-content\/uploads\/2014\/12\/marche-noel-2010-01-300x199.jpg\" alt=\"le march\u00e9 de no\u00ebl en 2010\" width=\"300\" height=\"199\" srcset=\"https:\/\/www.aphyllanthe.fr\/association\/wp-content\/uploads\/2014\/12\/marche-noel-2010-01-300x199.jpg 300w, https:\/\/www.aphyllanthe.fr\/association\/wp-content\/uploads\/2014\/12\/marche-noel-2010-01.jpg 1024w\" sizes=\"auto, (max-width: 300px) 100vw, 300px\" \/><\/a><figcaption id=\"caption-attachment-447\" class=\"wp-caption-text\">le march\u00e9 de no\u00ebl en 2010<\/figcaption><\/figure>\n<p><strong>\u00a0 Ouvrages au<\/strong> <strong>tricot<\/strong><\/p>\n<figure id=\"attachment_433\" aria-describedby=\"caption-attachment-433\" style=\"width: 150px\" class=\"wp-caption alignleft\"><a href=\"http:\/\/www.aphyllanthe.fr\/association\/wp-content\/uploads\/2014\/12\/cafe-tricot-2010-04.jpg\"><img loading=\"lazy\" decoding=\"async\" class=\"size-thumbnail wp-image-433\" src=\"http:\/\/www.aphyllanthe.fr\/association\/wp-content\/uploads\/2014\/12\/cafe-tricot-2010-04-150x150.jpg\" alt=\"atelier caf\u00e9-tricot en 2010\" width=\"150\" height=\"150\" \/><\/a><figcaption id=\"caption-attachment-433\" class=\"wp-caption-text\">atelier caf\u00e9-tricot en 2010<\/figcaption><\/figure>\n<figure id=\"attachment_432\" aria-describedby=\"caption-attachment-432\" style=\"width: 150px\" class=\"wp-caption alignleft\"><a href=\"http:\/\/www.aphyllanthe.fr\/association\/wp-content\/uploads\/2014\/12\/cafe-tricot-2010-03.jpg\"><img loading=\"lazy\" decoding=\"async\" class=\"size-thumbnail wp-image-432\" src=\"http:\/\/www.aphyllanthe.fr\/association\/wp-content\/uploads\/2014\/12\/cafe-tricot-2010-03-150x150.jpg\" alt=\"atelier caf\u00e9-tricot en 2010\" width=\"150\" height=\"150\" \/><\/a><figcaption id=\"caption-attachment-432\" class=\"wp-caption-text\">atelier caf\u00e9-tricot en 2010<\/figcaption><\/figure>\n<figure id=\"attachment_431\" aria-describedby=\"caption-attachment-431\" style=\"width: 150px\" class=\"wp-caption alignleft\"><a href=\"http:\/\/www.aphyllanthe.fr\/association\/wp-content\/uploads\/2014\/12\/cafe-tricot-2010-02.jpg\"><img loading=\"lazy\" decoding=\"async\" class=\"size-thumbnail wp-image-431\" src=\"http:\/\/www.aphyllanthe.fr\/association\/wp-content\/uploads\/2014\/12\/cafe-tricot-2010-02-150x150.jpg\" alt=\"atelier caf\u00e9-tricot en 2010\" width=\"150\" height=\"150\" \/><\/a><figcaption id=\"caption-attachment-431\" class=\"wp-caption-text\">atelier caf\u00e9-tricot en 2010<\/figcaption><\/figure>\n<div style=\"clear: both;\"><strong><a href=\"https:\/\/www.aphyllanthe.fr\/association\/pdf\/charte-tricot-T.pdf\" target=\"_blank\" rel=\"noopener\">Charte de la tricoteuse-Th\u00e9.<\/a><\/strong><\/div>\n","protected":false},"excerpt":{"rendered":"<p>Saison 2021-2022 : \u00a0\u00a0\u00a0\u00a0\u00a0\u00a0\u00a0\u00a0\u00a0\u00a0\u00a0\u00a0 \u00a0\u00a0 \u00a0\u00a0 \u00a0\u00a0 \u00a0 Les Bonnets Innocent Depuis 2014 les membres de l&rsquo;atelier tricot-th\u00e9 \u0153uvrent en faveur des d\u00e9munis en faveur des d\u00e9munis. L&rsquo;atelier tricot-th\u00e9 de l&rsquo;Aphyllanthe participe au programme de la soci\u00e9t\u00e9 Innocent en faveur des Petits Fr\u00e8res des Pauvres. Nos membres confectionnent des petits bonnets tricot\u00e9s qui sont destin\u00e9s &hellip; <a href=\"https:\/\/www.aphyllanthe.fr\/association\/ateliers-creatifs\/tricot-et-couture\/\" class=\"more-link\">Continuer la lecture de <span class=\"screen-reader-text\">Tricot et Couture<\/span>  <span class=\"meta-nav\">&rarr;<\/span><\/a><\/p>\n","protected":false},"author":1,"featured_media":2937,"parent":364,"menu_order":0,"comment_status":"closed","ping_status":"closed","template":"","meta":{"footnotes":""},"class_list":["post-370","page","type-page","status-publish","has-post-thumbnail","hentry"],"_links":{"self":[{"href":"https:\/\/www.aphyllanthe.fr\/association\/wp-json\/wp\/v2\/pages\/370","targetHints":{"allow":["GET"]}}],"collection":[{"href":"https:\/\/www.aphyllanthe.fr\/association\/wp-json\/wp\/v2\/pages"}],"about":[{"href":"https:\/\/www.aphyllanthe.fr\/association\/wp-json\/wp\/v2\/types\/page"}],"author":[{"embeddable":true,"href":"https:\/\/www.aphyllanthe.fr\/association\/wp-json\/wp\/v2\/users\/1"}],"replies":[{"embeddable":true,"href":"https:\/\/www.aphyllanthe.fr\/association\/wp-json\/wp\/v2\/comments?post=370"}],"version-history":[{"count":5,"href":"https:\/\/www.aphyllanthe.fr\/association\/wp-json\/wp\/v2\/pages\/370\/revisions"}],"predecessor-version":[{"id":14834,"href":"https:\/\/www.aphyllanthe.fr\/association\/wp-json\/wp\/v2\/pages\/370\/revisions\/14834"}],"up":[{"embeddable":true,"href":"https:\/\/www.aphyllanthe.fr\/association\/wp-json\/wp\/v2\/pages\/364"}],"wp:featuredmedia":[{"embeddable":true,"href":"https:\/\/www.aphyllanthe.fr\/association\/wp-json\/wp\/v2\/media\/2937"}],"wp:attachment":[{"href":"https:\/\/www.aphyllanthe.fr\/association\/wp-json\/wp\/v2\/media?parent=370"}],"curies":[{"name":"wp","href":"https:\/\/api.w.org\/{rel}","templated":true}]}}