{"id":390,"date":"2014-12-10T17:09:01","date_gmt":"2014-12-10T17:09:01","guid":{"rendered":"http:\/\/www.aphyllanthe.fr\/association\/?page_id=390"},"modified":"2025-08-27T16:21:49","modified_gmt":"2025-08-27T15:21:49","slug":"clas-programme-national","status":"publish","type":"page","link":"https:\/\/www.aphyllanthe.fr\/association\/enfance\/clas-programme-national\/","title":{"rendered":"CLAS : Programme national"},"content":{"rendered":"\n<h5 class=\"wp-block-heading\"><strong>Introduction<\/strong><\/h5>\n\n\n\n<p>Le Contrat Local d&rsquo;Accompagnement \u00e0 la scolarit\u00e9 est un programme national dont la charte a \u00e9t\u00e9 publi\u00e9e en 2001.<\/p>\n\n\n\n<p>L&rsquo;Aphyllanthe participe au Contrat Local de l&rsquo;accompagnement \u00e0 la Scolarit\u00e9 depuis 2003 en intervenant aupr\u00e8s des enfants dans 2 \u00e9coles du regroupement p\u00e9dagogique (Aigaliers, Baron et Foissac) par le biais d&rsquo;animatrices salari\u00e9es poss\u00e9dant les qualifications p\u00e9dagogiques requises, et avec l&rsquo;aide financi\u00e8re du Conseil G\u00e9n\u00e9ral du Gard et de la CAF du Gard.<\/p>\n\n\n\n<p>Ce sont jusqu&rsquo;\u00e0 10 enfants r\u00e9partis sur les 2 \u00e9coles, qui peuvent b\u00e9n\u00e9ficier de ce soutien, suivant la demande et avec l&rsquo;accord des enseignants(tes) et des parents. Le programme est gratuit pour les participants. Certaines ann\u00e9es, l&rsquo;Association a \u00e9galement propos\u00e9 un cours d&rsquo;anglais, une activit\u00e9 de th\u00e9\u00e2tre ou des arts plastiques.<br \/><\/p>\n\n\n\n<h5 class=\"wp-block-heading has-white-color has-text-color has-background has-link-color wp-elements-832d6e72a8aeec2f868908a2f9313dce\" style=\"background:linear-gradient(135deg,rgb(2,3,129) 0%,rgb(105,54,172) 42%,rgb(14,103,246) 100%)\">Ann\u00e9e 2024-2025<\/h5>\n\n\n\n<h5 class=\"wp-block-heading\">La sortie de fin d&rsquo;ann\u00e9e<\/h5>\n\n\n\n<p>La sortie de fin d&rsquo;ann\u00e9e s&rsquo;est faite chez Manue Philip et Simon Wirth, agricole en bio, qui ont  fait  visiter leur exploitation situ\u00e9e \u00e0 Bourdiguet, un hameau d\u2019Aigaliers que beaucoup d\u2019enfants et d\u2019adultes ne connaissaient pas (lire notre <a href=\"https:\/\/www.aphyllanthe.fr\/association\/la-sortie-de-fin-dannee-du-clas\/\" target=\"_blank\" rel=\"noreferrer noopener\">article ici<\/a>).<\/p>\n\n\n\n<h5 class=\"wp-block-heading has-background\" style=\"background:linear-gradient(135deg,rgb(255,206,236) 1%,rgb(152,150,240) 100%)\">Ann\u00e9e 2023-2024<\/h5>\n\n\n\n<p>Cette  ann\u00e9e, le projet du CLAS porte sur <strong>l&rsquo;alimentation<\/strong>. Cette  th\u00e9matique s\u2019inscrit dans le cadre de la promotion d\u2019une \u00e9ducation alimentaire saine et, dans la mesure du possible, de proximit\u00e9 afin de retrouver des pratiques alimentaires de bon sens au sein de la famille.<\/p>\n\n\n\n<p>En effet, l&rsquo;ob\u00e9sit\u00e9, qui  est en forte progression, est devenue un enjeu de sant\u00e9 publique : la moiti\u00e9 de la population fran\u00e7aise pr\u00e9sente un surpoids et 8,5 millions d&rsquo;adultes souffrent d\u2019ob\u00e9sit\u00e9. Cette maladie ne cesse de progresser, surtout chez les jeunes, et favorise l\u2019apparition, ou aggrave l\u2019\u00e9volution, d\u2019autres pathologies chroniques.<\/p>\n\n\n\n<h5 class=\"wp-block-heading\">Les go\u00fbters avec les parents<\/h5>\n\n\n\n<figure class=\"wp-block-gallery has-nested-images columns-default is-cropped wp-block-gallery-2 is-layout-flex wp-block-gallery-is-layout-flex\">\n<figure class=\"wp-block-image size-large\"><a href=\"https:\/\/www.aphyllanthe.fr\/association\/wp-content\/uploads\/2024\/02\/BISCUIT-FABRIQUE-ET-DECORE-PAR-TYLER-ELEVE-EN-CM1-AU-CLAS-DE-BARON-POUR-LE-GOUTER-DE-FIN-DANNEE-scaled.webp\"><img loading=\"lazy\" decoding=\"async\" width=\"768\" height=\"1024\" data-id=\"20780\" src=\"https:\/\/www.aphyllanthe.fr\/association\/wp-content\/uploads\/2024\/02\/BISCUIT-FABRIQUE-ET-DECORE-PAR-TYLER-ELEVE-EN-CM1-AU-CLAS-DE-BARON-POUR-LE-GOUTER-DE-FIN-DANNEE-768x1024.webp\" alt=\"\" class=\"wp-image-20780\" srcset=\"https:\/\/www.aphyllanthe.fr\/association\/wp-content\/uploads\/2024\/02\/BISCUIT-FABRIQUE-ET-DECORE-PAR-TYLER-ELEVE-EN-CM1-AU-CLAS-DE-BARON-POUR-LE-GOUTER-DE-FIN-DANNEE-768x1024.webp 768w, https:\/\/www.aphyllanthe.fr\/association\/wp-content\/uploads\/2024\/02\/BISCUIT-FABRIQUE-ET-DECORE-PAR-TYLER-ELEVE-EN-CM1-AU-CLAS-DE-BARON-POUR-LE-GOUTER-DE-FIN-DANNEE-225x300.webp 225w, https:\/\/www.aphyllanthe.fr\/association\/wp-content\/uploads\/2024\/02\/BISCUIT-FABRIQUE-ET-DECORE-PAR-TYLER-ELEVE-EN-CM1-AU-CLAS-DE-BARON-POUR-LE-GOUTER-DE-FIN-DANNEE-1152x1536.webp 1152w, https:\/\/www.aphyllanthe.fr\/association\/wp-content\/uploads\/2024\/02\/BISCUIT-FABRIQUE-ET-DECORE-PAR-TYLER-ELEVE-EN-CM1-AU-CLAS-DE-BARON-POUR-LE-GOUTER-DE-FIN-DANNEE-1536x2048.webp 1536w, https:\/\/www.aphyllanthe.fr\/association\/wp-content\/uploads\/2024\/02\/BISCUIT-FABRIQUE-ET-DECORE-PAR-TYLER-ELEVE-EN-CM1-AU-CLAS-DE-BARON-POUR-LE-GOUTER-DE-FIN-DANNEE-1320x1760.webp 1320w, https:\/\/www.aphyllanthe.fr\/association\/wp-content\/uploads\/2024\/02\/BISCUIT-FABRIQUE-ET-DECORE-PAR-TYLER-ELEVE-EN-CM1-AU-CLAS-DE-BARON-POUR-LE-GOUTER-DE-FIN-DANNEE-scaled.webp 1920w\" sizes=\"auto, (max-width: 768px) 100vw, 768px\" \/><\/a><figcaption class=\"wp-element-caption\">R\u00e9alis\u00e9 et d\u00e9cor\u00e9 par un artiste<\/figcaption><\/figure>\n\n\n\n<figure class=\"wp-block-image size-large\"><a href=\"https:\/\/www.aphyllanthe.fr\/association\/wp-content\/uploads\/2024\/02\/IMAGE1.webp\"><img loading=\"lazy\" decoding=\"async\" width=\"240\" height=\"320\" data-id=\"20779\" src=\"https:\/\/www.aphyllanthe.fr\/association\/wp-content\/uploads\/2024\/02\/IMAGE1.webp\" alt=\"\" class=\"wp-image-20779\" srcset=\"https:\/\/www.aphyllanthe.fr\/association\/wp-content\/uploads\/2024\/02\/IMAGE1.webp 240w, https:\/\/www.aphyllanthe.fr\/association\/wp-content\/uploads\/2024\/02\/IMAGE1-225x300.webp 225w\" sizes=\"auto, (max-width: 240px) 100vw, 240px\" \/><\/a><figcaption class=\"wp-element-caption\">Tout cela a l&rsquo;air bien bon&#8230;<\/figcaption><\/figure>\n\n\n\n<figure class=\"wp-block-image size-large\"><a href=\"https:\/\/www.aphyllanthe.fr\/association\/wp-content\/uploads\/2024\/02\/IMG_5421-scaled.webp\"><img loading=\"lazy\" decoding=\"async\" width=\"1024\" height=\"768\" data-id=\"20781\" src=\"https:\/\/www.aphyllanthe.fr\/association\/wp-content\/uploads\/2024\/02\/IMG_5421-1024x768.webp\" alt=\"\" class=\"wp-image-20781\" srcset=\"https:\/\/www.aphyllanthe.fr\/association\/wp-content\/uploads\/2024\/02\/IMG_5421-1024x768.webp 1024w, https:\/\/www.aphyllanthe.fr\/association\/wp-content\/uploads\/2024\/02\/IMG_5421-300x225.webp 300w, https:\/\/www.aphyllanthe.fr\/association\/wp-content\/uploads\/2024\/02\/IMG_5421-768x576.webp 768w, https:\/\/www.aphyllanthe.fr\/association\/wp-content\/uploads\/2024\/02\/IMG_5421-1536x1152.webp 1536w, https:\/\/www.aphyllanthe.fr\/association\/wp-content\/uploads\/2024\/02\/IMG_5421-2048x1536.webp 2048w, https:\/\/www.aphyllanthe.fr\/association\/wp-content\/uploads\/2024\/02\/IMG_5421-1320x990.webp 1320w\" sizes=\"auto, (max-width: 1024px) 100vw, 1024px\" \/><\/a><figcaption class=\"wp-element-caption\">&#8230; et nous met l&rsquo;eau \u00e0 la bouche !<\/figcaption><\/figure>\n\n\n\n<figure class=\"wp-block-image size-large\"><a href=\"https:\/\/www.aphyllanthe.fr\/association\/wp-content\/uploads\/2024\/02\/IMG_1494-scaled.webp\"><img loading=\"lazy\" decoding=\"async\" width=\"1024\" height=\"768\" data-id=\"20764\" src=\"https:\/\/www.aphyllanthe.fr\/association\/wp-content\/uploads\/2024\/02\/IMG_1494-1024x768.webp\" alt=\"\" class=\"wp-image-20764\" srcset=\"https:\/\/www.aphyllanthe.fr\/association\/wp-content\/uploads\/2024\/02\/IMG_1494-1024x768.webp 1024w, https:\/\/www.aphyllanthe.fr\/association\/wp-content\/uploads\/2024\/02\/IMG_1494-300x225.webp 300w, https:\/\/www.aphyllanthe.fr\/association\/wp-content\/uploads\/2024\/02\/IMG_1494-768x576.webp 768w, https:\/\/www.aphyllanthe.fr\/association\/wp-content\/uploads\/2024\/02\/IMG_1494-1536x1152.webp 1536w, https:\/\/www.aphyllanthe.fr\/association\/wp-content\/uploads\/2024\/02\/IMG_1494-2048x1536.webp 2048w, https:\/\/www.aphyllanthe.fr\/association\/wp-content\/uploads\/2024\/02\/IMG_1494-1320x990.webp 1320w\" sizes=\"auto, (max-width: 1024px) 100vw, 1024px\" \/><\/a><\/figure>\n\n\n\n<figure class=\"wp-block-image size-large\"><a href=\"https:\/\/www.aphyllanthe.fr\/association\/wp-content\/uploads\/2024\/07\/IMG_1994-1-scaled.webp\"><img loading=\"lazy\" decoding=\"async\" width=\"1024\" height=\"768\" data-id=\"22055\" src=\"https:\/\/www.aphyllanthe.fr\/association\/wp-content\/uploads\/2024\/07\/IMG_1994-1-1024x768.webp\" alt=\"\" class=\"wp-image-22055\" srcset=\"https:\/\/www.aphyllanthe.fr\/association\/wp-content\/uploads\/2024\/07\/IMG_1994-1-1024x768.webp 1024w, https:\/\/www.aphyllanthe.fr\/association\/wp-content\/uploads\/2024\/07\/IMG_1994-1-300x225.webp 300w, https:\/\/www.aphyllanthe.fr\/association\/wp-content\/uploads\/2024\/07\/IMG_1994-1-768x576.webp 768w, https:\/\/www.aphyllanthe.fr\/association\/wp-content\/uploads\/2024\/07\/IMG_1994-1-1536x1152.webp 1536w, https:\/\/www.aphyllanthe.fr\/association\/wp-content\/uploads\/2024\/07\/IMG_1994-1-2048x1536.webp 2048w, https:\/\/www.aphyllanthe.fr\/association\/wp-content\/uploads\/2024\/07\/IMG_1994-1-1320x990.webp 1320w\" sizes=\"auto, (max-width: 1024px) 100vw, 1024px\" \/><\/a><\/figure>\n\n\n\n<figure class=\"wp-block-image size-large\"><a href=\"https:\/\/www.aphyllanthe.fr\/association\/wp-content\/uploads\/2024\/07\/IMG_1999-1-scaled.webp\"><img loading=\"lazy\" decoding=\"async\" width=\"1024\" height=\"768\" data-id=\"22056\" src=\"https:\/\/www.aphyllanthe.fr\/association\/wp-content\/uploads\/2024\/07\/IMG_1999-1-1024x768.webp\" alt=\"\" class=\"wp-image-22056\" srcset=\"https:\/\/www.aphyllanthe.fr\/association\/wp-content\/uploads\/2024\/07\/IMG_1999-1-1024x768.webp 1024w, https:\/\/www.aphyllanthe.fr\/association\/wp-content\/uploads\/2024\/07\/IMG_1999-1-300x225.webp 300w, https:\/\/www.aphyllanthe.fr\/association\/wp-content\/uploads\/2024\/07\/IMG_1999-1-768x576.webp 768w, https:\/\/www.aphyllanthe.fr\/association\/wp-content\/uploads\/2024\/07\/IMG_1999-1-1536x1152.webp 1536w, https:\/\/www.aphyllanthe.fr\/association\/wp-content\/uploads\/2024\/07\/IMG_1999-1-2048x1536.webp 2048w, https:\/\/www.aphyllanthe.fr\/association\/wp-content\/uploads\/2024\/07\/IMG_1999-1-1320x990.webp 1320w\" sizes=\"auto, (max-width: 1024px) 100vw, 1024px\" \/><\/a><\/figure>\n<\/figure>\n\n\n\n<h5 class=\"wp-block-heading\">Les autoportraits de d\u00e9cembre (CE d&rsquo;abords, CM ensuite)<\/h5>\n\n\n\n<figure class=\"wp-block-gallery has-nested-images columns-default is-cropped wp-block-gallery-3 is-layout-flex wp-block-gallery-is-layout-flex\">\n<figure class=\"wp-block-image size-large\"><a href=\"https:\/\/www.aphyllanthe.fr\/association\/wp-content\/uploads\/2024\/02\/IMG_5417-scaled.webp\"><img loading=\"lazy\" decoding=\"async\" width=\"760\" height=\"1024\" data-id=\"20776\" src=\"https:\/\/www.aphyllanthe.fr\/association\/wp-content\/uploads\/2024\/02\/IMG_5417-760x1024.webp\" alt=\"\" class=\"wp-image-20776\" srcset=\"https:\/\/www.aphyllanthe.fr\/association\/wp-content\/uploads\/2024\/02\/IMG_5417-760x1024.webp 760w, https:\/\/www.aphyllanthe.fr\/association\/wp-content\/uploads\/2024\/02\/IMG_5417-223x300.webp 223w, https:\/\/www.aphyllanthe.fr\/association\/wp-content\/uploads\/2024\/02\/IMG_5417-768x1035.webp 768w, https:\/\/www.aphyllanthe.fr\/association\/wp-content\/uploads\/2024\/02\/IMG_5417-1140x1536.webp 1140w, https:\/\/www.aphyllanthe.fr\/association\/wp-content\/uploads\/2024\/02\/IMG_5417-1520x2048.webp 1520w, https:\/\/www.aphyllanthe.fr\/association\/wp-content\/uploads\/2024\/02\/IMG_5417-1320x1779.webp 1320w, https:\/\/www.aphyllanthe.fr\/association\/wp-content\/uploads\/2024\/02\/IMG_5417-scaled.webp 1900w\" sizes=\"auto, (max-width: 760px) 100vw, 760px\" \/><\/a><\/figure>\n\n\n\n<figure class=\"wp-block-image size-large\"><a href=\"https:\/\/www.aphyllanthe.fr\/association\/wp-content\/uploads\/2024\/02\/IMG_5418-scaled.webp\"><img loading=\"lazy\" decoding=\"async\" width=\"785\" height=\"1024\" data-id=\"20775\" src=\"https:\/\/www.aphyllanthe.fr\/association\/wp-content\/uploads\/2024\/02\/IMG_5418-785x1024.webp\" alt=\"\" class=\"wp-image-20775\" srcset=\"https:\/\/www.aphyllanthe.fr\/association\/wp-content\/uploads\/2024\/02\/IMG_5418-785x1024.webp 785w, https:\/\/www.aphyllanthe.fr\/association\/wp-content\/uploads\/2024\/02\/IMG_5418-230x300.webp 230w, https:\/\/www.aphyllanthe.fr\/association\/wp-content\/uploads\/2024\/02\/IMG_5418-768x1002.webp 768w, https:\/\/www.aphyllanthe.fr\/association\/wp-content\/uploads\/2024\/02\/IMG_5418-1177x1536.webp 1177w, https:\/\/www.aphyllanthe.fr\/association\/wp-content\/uploads\/2024\/02\/IMG_5418-1570x2048.webp 1570w, https:\/\/www.aphyllanthe.fr\/association\/wp-content\/uploads\/2024\/02\/IMG_5418-1320x1722.webp 1320w, https:\/\/www.aphyllanthe.fr\/association\/wp-content\/uploads\/2024\/02\/IMG_5418-scaled.webp 1962w\" sizes=\"auto, (max-width: 785px) 100vw, 785px\" \/><\/a><\/figure>\n\n\n\n<figure class=\"wp-block-image size-large\"><a href=\"https:\/\/www.aphyllanthe.fr\/association\/wp-content\/uploads\/2024\/02\/IMG_5420-scaled.webp\"><img loading=\"lazy\" decoding=\"async\" width=\"737\" height=\"1024\" data-id=\"20778\" src=\"https:\/\/www.aphyllanthe.fr\/association\/wp-content\/uploads\/2024\/02\/IMG_5420-737x1024.webp\" alt=\"\" class=\"wp-image-20778\" srcset=\"https:\/\/www.aphyllanthe.fr\/association\/wp-content\/uploads\/2024\/02\/IMG_5420-737x1024.webp 737w, https:\/\/www.aphyllanthe.fr\/association\/wp-content\/uploads\/2024\/02\/IMG_5420-216x300.webp 216w, https:\/\/www.aphyllanthe.fr\/association\/wp-content\/uploads\/2024\/02\/IMG_5420-768x1067.webp 768w, https:\/\/www.aphyllanthe.fr\/association\/wp-content\/uploads\/2024\/02\/IMG_5420-1106x1536.webp 1106w, https:\/\/www.aphyllanthe.fr\/association\/wp-content\/uploads\/2024\/02\/IMG_5420-1474x2048.webp 1474w, https:\/\/www.aphyllanthe.fr\/association\/wp-content\/uploads\/2024\/02\/IMG_5420-1320x1834.webp 1320w, https:\/\/www.aphyllanthe.fr\/association\/wp-content\/uploads\/2024\/02\/IMG_5420-scaled.webp 1843w\" sizes=\"auto, (max-width: 737px) 100vw, 737px\" \/><\/a><\/figure>\n\n\n\n<figure class=\"wp-block-image size-large\"><a href=\"https:\/\/www.aphyllanthe.fr\/association\/wp-content\/uploads\/2024\/02\/IMG_5419-scaled.webp\"><img loading=\"lazy\" decoding=\"async\" width=\"775\" height=\"1024\" data-id=\"20777\" src=\"https:\/\/www.aphyllanthe.fr\/association\/wp-content\/uploads\/2024\/02\/IMG_5419-775x1024.webp\" alt=\"\" class=\"wp-image-20777\" srcset=\"https:\/\/www.aphyllanthe.fr\/association\/wp-content\/uploads\/2024\/02\/IMG_5419-775x1024.webp 775w, https:\/\/www.aphyllanthe.fr\/association\/wp-content\/uploads\/2024\/02\/IMG_5419-227x300.webp 227w, https:\/\/www.aphyllanthe.fr\/association\/wp-content\/uploads\/2024\/02\/IMG_5419-768x1015.webp 768w, https:\/\/www.aphyllanthe.fr\/association\/wp-content\/uploads\/2024\/02\/IMG_5419-1163x1536.webp 1163w, https:\/\/www.aphyllanthe.fr\/association\/wp-content\/uploads\/2024\/02\/IMG_5419-1550x2048.webp 1550w, https:\/\/www.aphyllanthe.fr\/association\/wp-content\/uploads\/2024\/02\/IMG_5419-1320x1744.webp 1320w, https:\/\/www.aphyllanthe.fr\/association\/wp-content\/uploads\/2024\/02\/IMG_5419-scaled.webp 1938w\" sizes=\"auto, (max-width: 775px) 100vw, 775px\" \/><\/a><\/figure>\n<\/figure>\n\n\n\n<figure class=\"wp-block-gallery has-nested-images columns-default is-cropped wp-block-gallery-4 is-layout-flex wp-block-gallery-is-layout-flex\">\n<figure class=\"wp-block-image size-large\"><a href=\"https:\/\/www.aphyllanthe.fr\/association\/wp-content\/uploads\/2024\/02\/IMG_5405-scaled.webp\"><img loading=\"lazy\" decoding=\"async\" width=\"785\" height=\"1024\" data-id=\"20770\" src=\"https:\/\/www.aphyllanthe.fr\/association\/wp-content\/uploads\/2024\/02\/IMG_5405-785x1024.webp\" alt=\"\" class=\"wp-image-20770\" srcset=\"https:\/\/www.aphyllanthe.fr\/association\/wp-content\/uploads\/2024\/02\/IMG_5405-785x1024.webp 785w, https:\/\/www.aphyllanthe.fr\/association\/wp-content\/uploads\/2024\/02\/IMG_5405-230x300.webp 230w, https:\/\/www.aphyllanthe.fr\/association\/wp-content\/uploads\/2024\/02\/IMG_5405-768x1002.webp 768w, https:\/\/www.aphyllanthe.fr\/association\/wp-content\/uploads\/2024\/02\/IMG_5405-1177x1536.webp 1177w, https:\/\/www.aphyllanthe.fr\/association\/wp-content\/uploads\/2024\/02\/IMG_5405-1570x2048.webp 1570w, https:\/\/www.aphyllanthe.fr\/association\/wp-content\/uploads\/2024\/02\/IMG_5405-1320x1722.webp 1320w, https:\/\/www.aphyllanthe.fr\/association\/wp-content\/uploads\/2024\/02\/IMG_5405-scaled.webp 1962w\" sizes=\"auto, (max-width: 785px) 100vw, 785px\" \/><\/a><\/figure>\n\n\n\n<figure class=\"wp-block-image size-large\"><a href=\"https:\/\/www.aphyllanthe.fr\/association\/wp-content\/uploads\/2024\/02\/IMG_5406-scaled.webp\"><img loading=\"lazy\" decoding=\"async\" width=\"873\" height=\"1024\" data-id=\"20769\" src=\"https:\/\/www.aphyllanthe.fr\/association\/wp-content\/uploads\/2024\/02\/IMG_5406-873x1024.webp\" alt=\"\" class=\"wp-image-20769\" srcset=\"https:\/\/www.aphyllanthe.fr\/association\/wp-content\/uploads\/2024\/02\/IMG_5406-873x1024.webp 873w, https:\/\/www.aphyllanthe.fr\/association\/wp-content\/uploads\/2024\/02\/IMG_5406-256x300.webp 256w, https:\/\/www.aphyllanthe.fr\/association\/wp-content\/uploads\/2024\/02\/IMG_5406-768x901.webp 768w, https:\/\/www.aphyllanthe.fr\/association\/wp-content\/uploads\/2024\/02\/IMG_5406-1309x1536.webp 1309w, https:\/\/www.aphyllanthe.fr\/association\/wp-content\/uploads\/2024\/02\/IMG_5406-1745x2048.webp 1745w, https:\/\/www.aphyllanthe.fr\/association\/wp-content\/uploads\/2024\/02\/IMG_5406-1320x1549.webp 1320w\" sizes=\"auto, (max-width: 873px) 100vw, 873px\" \/><\/a><\/figure>\n\n\n\n<figure class=\"wp-block-image size-large\"><a href=\"https:\/\/www.aphyllanthe.fr\/association\/wp-content\/uploads\/2024\/02\/IMG_5407-scaled.webp\"><img loading=\"lazy\" decoding=\"async\" width=\"809\" height=\"1024\" data-id=\"20772\" src=\"https:\/\/www.aphyllanthe.fr\/association\/wp-content\/uploads\/2024\/02\/IMG_5407-809x1024.webp\" alt=\"\" class=\"wp-image-20772\" srcset=\"https:\/\/www.aphyllanthe.fr\/association\/wp-content\/uploads\/2024\/02\/IMG_5407-809x1024.webp 809w, https:\/\/www.aphyllanthe.fr\/association\/wp-content\/uploads\/2024\/02\/IMG_5407-237x300.webp 237w, https:\/\/www.aphyllanthe.fr\/association\/wp-content\/uploads\/2024\/02\/IMG_5407-768x972.webp 768w, https:\/\/www.aphyllanthe.fr\/association\/wp-content\/uploads\/2024\/02\/IMG_5407-1213x1536.webp 1213w, https:\/\/www.aphyllanthe.fr\/association\/wp-content\/uploads\/2024\/02\/IMG_5407-1618x2048.webp 1618w, https:\/\/www.aphyllanthe.fr\/association\/wp-content\/uploads\/2024\/02\/IMG_5407-1320x1671.webp 1320w, https:\/\/www.aphyllanthe.fr\/association\/wp-content\/uploads\/2024\/02\/IMG_5407-scaled.webp 2022w\" sizes=\"auto, (max-width: 809px) 100vw, 809px\" \/><\/a><\/figure>\n\n\n\n<figure class=\"wp-block-image size-large\"><a href=\"https:\/\/www.aphyllanthe.fr\/association\/wp-content\/uploads\/2024\/02\/IMG_5408-scaled.webp\"><img loading=\"lazy\" decoding=\"async\" width=\"796\" height=\"1024\" data-id=\"20774\" src=\"https:\/\/www.aphyllanthe.fr\/association\/wp-content\/uploads\/2024\/02\/IMG_5408-796x1024.webp\" alt=\"\" class=\"wp-image-20774\" srcset=\"https:\/\/www.aphyllanthe.fr\/association\/wp-content\/uploads\/2024\/02\/IMG_5408-796x1024.webp 796w, https:\/\/www.aphyllanthe.fr\/association\/wp-content\/uploads\/2024\/02\/IMG_5408-233x300.webp 233w, https:\/\/www.aphyllanthe.fr\/association\/wp-content\/uploads\/2024\/02\/IMG_5408-768x989.webp 768w, https:\/\/www.aphyllanthe.fr\/association\/wp-content\/uploads\/2024\/02\/IMG_5408-1193x1536.webp 1193w, https:\/\/www.aphyllanthe.fr\/association\/wp-content\/uploads\/2024\/02\/IMG_5408-1591x2048.webp 1591w, https:\/\/www.aphyllanthe.fr\/association\/wp-content\/uploads\/2024\/02\/IMG_5408-1320x1699.webp 1320w, https:\/\/www.aphyllanthe.fr\/association\/wp-content\/uploads\/2024\/02\/IMG_5408-scaled.webp 1989w\" sizes=\"auto, (max-width: 796px) 100vw, 796px\" \/><\/a><\/figure>\n\n\n\n<figure class=\"wp-block-image size-large\"><a href=\"https:\/\/www.aphyllanthe.fr\/association\/wp-content\/uploads\/2024\/02\/IMG_5410-scaled.webp\"><img loading=\"lazy\" decoding=\"async\" width=\"801\" height=\"1024\" data-id=\"20771\" src=\"https:\/\/www.aphyllanthe.fr\/association\/wp-content\/uploads\/2024\/02\/IMG_5410-801x1024.webp\" alt=\"\" class=\"wp-image-20771\" srcset=\"https:\/\/www.aphyllanthe.fr\/association\/wp-content\/uploads\/2024\/02\/IMG_5410-801x1024.webp 801w, https:\/\/www.aphyllanthe.fr\/association\/wp-content\/uploads\/2024\/02\/IMG_5410-235x300.webp 235w, https:\/\/www.aphyllanthe.fr\/association\/wp-content\/uploads\/2024\/02\/IMG_5410-768x981.webp 768w, https:\/\/www.aphyllanthe.fr\/association\/wp-content\/uploads\/2024\/02\/IMG_5410-1202x1536.webp 1202w, https:\/\/www.aphyllanthe.fr\/association\/wp-content\/uploads\/2024\/02\/IMG_5410-1603x2048.webp 1603w, https:\/\/www.aphyllanthe.fr\/association\/wp-content\/uploads\/2024\/02\/IMG_5410-1320x1687.webp 1320w, https:\/\/www.aphyllanthe.fr\/association\/wp-content\/uploads\/2024\/02\/IMG_5410-scaled.webp 2003w\" sizes=\"auto, (max-width: 801px) 100vw, 801px\" \/><\/a><\/figure>\n\n\n\n<figure class=\"wp-block-image size-large\"><a href=\"https:\/\/www.aphyllanthe.fr\/association\/wp-content\/uploads\/2024\/02\/IMG_5411-scaled.webp\"><img loading=\"lazy\" decoding=\"async\" width=\"731\" height=\"1024\" data-id=\"20773\" src=\"https:\/\/www.aphyllanthe.fr\/association\/wp-content\/uploads\/2024\/02\/IMG_5411-731x1024.webp\" alt=\"\" class=\"wp-image-20773\" srcset=\"https:\/\/www.aphyllanthe.fr\/association\/wp-content\/uploads\/2024\/02\/IMG_5411-731x1024.webp 731w, https:\/\/www.aphyllanthe.fr\/association\/wp-content\/uploads\/2024\/02\/IMG_5411-214x300.webp 214w, https:\/\/www.aphyllanthe.fr\/association\/wp-content\/uploads\/2024\/02\/IMG_5411-768x1076.webp 768w, https:\/\/www.aphyllanthe.fr\/association\/wp-content\/uploads\/2024\/02\/IMG_5411-1096x1536.webp 1096w, https:\/\/www.aphyllanthe.fr\/association\/wp-content\/uploads\/2024\/02\/IMG_5411-1461x2048.webp 1461w, https:\/\/www.aphyllanthe.fr\/association\/wp-content\/uploads\/2024\/02\/IMG_5411-1320x1850.webp 1320w, https:\/\/www.aphyllanthe.fr\/association\/wp-content\/uploads\/2024\/02\/IMG_5411-scaled.webp 1827w\" sizes=\"auto, (max-width: 731px) 100vw, 731px\" \/><\/a><\/figure>\n<\/figure>\n\n\n\n<hr class=\"wp-block-separator has-alpha-channel-opacity\"\/>\n\n\n\n<p>Qu&rsquo;y  a-t-il dans le potager ? La r\u00e9ponse en images ci-dessous :<\/p>\n\n\n\n<figure class=\"wp-block-gallery has-nested-images columns-default is-cropped wp-block-gallery-5 is-layout-flex wp-block-gallery-is-layout-flex\">\n<figure class=\"wp-block-image size-large\"><a href=\"https:\/\/www.aphyllanthe.fr\/association\/wp-content\/uploads\/2024\/07\/2024-05-15.webp\"><img loading=\"lazy\" decoding=\"async\" width=\"480\" height=\"640\" data-id=\"22104\" src=\"https:\/\/www.aphyllanthe.fr\/association\/wp-content\/uploads\/2024\/07\/2024-05-15.webp\" alt=\"\" class=\"wp-image-22104\" srcset=\"https:\/\/www.aphyllanthe.fr\/association\/wp-content\/uploads\/2024\/07\/2024-05-15.webp 480w, https:\/\/www.aphyllanthe.fr\/association\/wp-content\/uploads\/2024\/07\/2024-05-15-225x300.webp 225w\" sizes=\"auto, (max-width: 480px) 100vw, 480px\" \/><\/a><figcaption class=\"wp-element-caption\"><strong>Il n&rsquo;y a pas de g\u00e2teaux&#8230;<\/strong><\/figcaption><\/figure>\n\n\n\n<figure class=\"wp-block-image size-large\"><a href=\"https:\/\/www.aphyllanthe.fr\/association\/wp-content\/uploads\/2024\/07\/2024-04-22-1-scaled.webp\"><img loading=\"lazy\" decoding=\"async\" width=\"768\" height=\"1024\" data-id=\"22110\" src=\"https:\/\/www.aphyllanthe.fr\/association\/wp-content\/uploads\/2024\/07\/2024-04-22-1-768x1024.webp\" alt=\"\" class=\"wp-image-22110\" srcset=\"https:\/\/www.aphyllanthe.fr\/association\/wp-content\/uploads\/2024\/07\/2024-04-22-1-768x1024.webp 768w, https:\/\/www.aphyllanthe.fr\/association\/wp-content\/uploads\/2024\/07\/2024-04-22-1-225x300.webp 225w, https:\/\/www.aphyllanthe.fr\/association\/wp-content\/uploads\/2024\/07\/2024-04-22-1-1152x1536.webp 1152w, https:\/\/www.aphyllanthe.fr\/association\/wp-content\/uploads\/2024\/07\/2024-04-22-1-1536x2048.webp 1536w, https:\/\/www.aphyllanthe.fr\/association\/wp-content\/uploads\/2024\/07\/2024-04-22-1-1320x1760.webp 1320w, https:\/\/www.aphyllanthe.fr\/association\/wp-content\/uploads\/2024\/07\/2024-04-22-1-scaled.webp 1920w\" sizes=\"auto, (max-width: 768px) 100vw, 768px\" \/><\/a><figcaption class=\"wp-element-caption\"><strong>&#8230; mais on s&rsquo;est quand m\u00eame bien r\u00e9gal\u00e9s \u00e0 les pr\u00e9parer !<\/strong><\/figcaption><\/figure>\n\n\n\n<figure class=\"wp-block-image size-large\"><a href=\"https:\/\/www.aphyllanthe.fr\/association\/wp-content\/uploads\/2024\/07\/IMAGE3.webp\"><img loading=\"lazy\" decoding=\"async\" width=\"480\" height=\"640\" data-id=\"22101\" src=\"https:\/\/www.aphyllanthe.fr\/association\/wp-content\/uploads\/2024\/07\/IMAGE3.webp\" alt=\"\" class=\"wp-image-22101\" srcset=\"https:\/\/www.aphyllanthe.fr\/association\/wp-content\/uploads\/2024\/07\/IMAGE3.webp 480w, https:\/\/www.aphyllanthe.fr\/association\/wp-content\/uploads\/2024\/07\/IMAGE3-225x300.webp 225w\" sizes=\"auto, (max-width: 480px) 100vw, 480px\" \/><\/a><figcaption class=\"wp-element-caption\"><strong>On recopie la po\u00e9sie&#8230;<\/strong><\/figcaption><\/figure>\n\n\n\n<figure class=\"wp-block-image size-large\"><a href=\"https:\/\/www.aphyllanthe.fr\/association\/wp-content\/uploads\/2024\/07\/IMAGE2.webp\"><img loading=\"lazy\" decoding=\"async\" width=\"480\" height=\"640\" data-id=\"22103\" src=\"https:\/\/www.aphyllanthe.fr\/association\/wp-content\/uploads\/2024\/07\/IMAGE2.webp\" alt=\"\" class=\"wp-image-22103\" srcset=\"https:\/\/www.aphyllanthe.fr\/association\/wp-content\/uploads\/2024\/07\/IMAGE2.webp 480w, https:\/\/www.aphyllanthe.fr\/association\/wp-content\/uploads\/2024\/07\/IMAGE2-225x300.webp 225w\" sizes=\"auto, (max-width: 480px) 100vw, 480px\" \/><\/a><figcaption class=\"wp-element-caption\"><strong>Voici ce que \u00e7a donne avec les d\u00e9corations.<\/strong><\/figcaption><\/figure>\n\n\n\n<figure class=\"wp-block-image size-large\"><a href=\"https:\/\/www.aphyllanthe.fr\/association\/wp-content\/uploads\/2024\/07\/IMG_5778-scaled.webp\"><img loading=\"lazy\" decoding=\"async\" width=\"768\" height=\"1024\" data-id=\"22107\" src=\"https:\/\/www.aphyllanthe.fr\/association\/wp-content\/uploads\/2024\/07\/IMG_5778-768x1024.webp\" alt=\"\" class=\"wp-image-22107\" srcset=\"https:\/\/www.aphyllanthe.fr\/association\/wp-content\/uploads\/2024\/07\/IMG_5778-768x1024.webp 768w, https:\/\/www.aphyllanthe.fr\/association\/wp-content\/uploads\/2024\/07\/IMG_5778-225x300.webp 225w, https:\/\/www.aphyllanthe.fr\/association\/wp-content\/uploads\/2024\/07\/IMG_5778-1152x1536.webp 1152w, https:\/\/www.aphyllanthe.fr\/association\/wp-content\/uploads\/2024\/07\/IMG_5778-1536x2048.webp 1536w, https:\/\/www.aphyllanthe.fr\/association\/wp-content\/uploads\/2024\/07\/IMG_5778-1320x1760.webp 1320w, https:\/\/www.aphyllanthe.fr\/association\/wp-content\/uploads\/2024\/07\/IMG_5778-scaled.webp 1920w\" sizes=\"auto, (max-width: 768px) 100vw, 768px\" \/><\/a><figcaption class=\"wp-element-caption\"><strong>On l&rsquo;associe avec un herbier du jardin&#8230;<\/strong><\/figcaption><\/figure>\n\n\n\n<figure class=\"wp-block-image size-large\"><a href=\"https:\/\/www.aphyllanthe.fr\/association\/wp-content\/uploads\/2024\/07\/IMG_5779-scaled.webp\"><img loading=\"lazy\" decoding=\"async\" width=\"768\" height=\"1024\" data-id=\"22106\" src=\"https:\/\/www.aphyllanthe.fr\/association\/wp-content\/uploads\/2024\/07\/IMG_5779-768x1024.webp\" alt=\"\" class=\"wp-image-22106\" srcset=\"https:\/\/www.aphyllanthe.fr\/association\/wp-content\/uploads\/2024\/07\/IMG_5779-768x1024.webp 768w, https:\/\/www.aphyllanthe.fr\/association\/wp-content\/uploads\/2024\/07\/IMG_5779-225x300.webp 225w, https:\/\/www.aphyllanthe.fr\/association\/wp-content\/uploads\/2024\/07\/IMG_5779-1152x1536.webp 1152w, https:\/\/www.aphyllanthe.fr\/association\/wp-content\/uploads\/2024\/07\/IMG_5779-1536x2048.webp 1536w, https:\/\/www.aphyllanthe.fr\/association\/wp-content\/uploads\/2024\/07\/IMG_5779-1320x1760.webp 1320w, https:\/\/www.aphyllanthe.fr\/association\/wp-content\/uploads\/2024\/07\/IMG_5779-scaled.webp 1920w\" sizes=\"auto, (max-width: 768px) 100vw, 768px\" \/><\/a><figcaption class=\"wp-element-caption\"><strong>&#8230; en fran\u00e7ais et en anglais.<\/strong><\/figcaption><\/figure>\n\n\n\n<figure class=\"wp-block-image size-large\"><a href=\"https:\/\/www.aphyllanthe.fr\/association\/wp-content\/uploads\/2024\/07\/2024-05-07-1-scaled.webp\"><img loading=\"lazy\" decoding=\"async\" width=\"1024\" height=\"768\" data-id=\"22109\" src=\"https:\/\/www.aphyllanthe.fr\/association\/wp-content\/uploads\/2024\/07\/2024-05-07-1-1024x768.webp\" alt=\"\" class=\"wp-image-22109\" srcset=\"https:\/\/www.aphyllanthe.fr\/association\/wp-content\/uploads\/2024\/07\/2024-05-07-1-1024x768.webp 1024w, https:\/\/www.aphyllanthe.fr\/association\/wp-content\/uploads\/2024\/07\/2024-05-07-1-300x225.webp 300w, https:\/\/www.aphyllanthe.fr\/association\/wp-content\/uploads\/2024\/07\/2024-05-07-1-768x576.webp 768w, https:\/\/www.aphyllanthe.fr\/association\/wp-content\/uploads\/2024\/07\/2024-05-07-1-1536x1152.webp 1536w, https:\/\/www.aphyllanthe.fr\/association\/wp-content\/uploads\/2024\/07\/2024-05-07-1-2048x1536.webp 2048w, https:\/\/www.aphyllanthe.fr\/association\/wp-content\/uploads\/2024\/07\/2024-05-07-1-1320x990.webp 1320w\" sizes=\"auto, (max-width: 1024px) 100vw, 1024px\" \/><\/a><figcaption class=\"wp-element-caption\"><strong>Et des fraises !<\/strong><\/figcaption><\/figure>\n<\/figure>\n\n\n\n<p>La sortie de fin d&rsquo;ann\u00e9e s&rsquo;est faite chez un apiculteur de Blauzac, qui intervient r\u00e9guli\u00e8rement pour des \u00e9coles ou des collectivit\u00e9s. Les deux s\u00e9ances restantes ont \u00e9t\u00e9 mises \u00e0 profit pour organiser les go\u00fbters de fin d&rsquo;ann\u00e9e, qui ont \u00e9t\u00e9 gourmands et chaleureux (lire notre <a href=\"https:\/\/www.aphyllanthe.fr\/association\/resume-du-mois-de-juin-avant-les-vacances\/\">article ici<\/a>).<\/p>\n\n\n\n<p class=\"has-text-align-center\">Et pour terminer, voici 3 r\u00e9alisations \u00ab\u00a0plaisir des yeux\u00a0\u00bb :<\/p>\n\n\n\n<figure class=\"wp-block-gallery has-nested-images columns-default is-cropped wp-block-gallery-6 is-layout-flex wp-block-gallery-is-layout-flex\">\n<figure class=\"wp-block-image size-large\"><a href=\"https:\/\/www.aphyllanthe.fr\/association\/wp-content\/uploads\/2024\/07\/2024-05-07-2.webp\"><img loading=\"lazy\" decoding=\"async\" width=\"443\" height=\"535\" data-id=\"22171\" src=\"https:\/\/www.aphyllanthe.fr\/association\/wp-content\/uploads\/2024\/07\/2024-05-07-2.webp\" alt=\"\" class=\"wp-image-22171\" srcset=\"https:\/\/www.aphyllanthe.fr\/association\/wp-content\/uploads\/2024\/07\/2024-05-07-2.webp 443w, https:\/\/www.aphyllanthe.fr\/association\/wp-content\/uploads\/2024\/07\/2024-05-07-2-248x300.webp 248w\" sizes=\"auto, (max-width: 443px) 100vw, 443px\" \/><\/a><\/figure>\n\n\n\n<figure class=\"wp-block-image size-large\"><a href=\"https:\/\/www.aphyllanthe.fr\/association\/wp-content\/uploads\/2024\/07\/2024-05-17.webp\"><img loading=\"lazy\" decoding=\"async\" width=\"446\" height=\"567\" data-id=\"22169\" src=\"https:\/\/www.aphyllanthe.fr\/association\/wp-content\/uploads\/2024\/07\/2024-05-17.webp\" alt=\"\" class=\"wp-image-22169\" srcset=\"https:\/\/www.aphyllanthe.fr\/association\/wp-content\/uploads\/2024\/07\/2024-05-17.webp 446w, https:\/\/www.aphyllanthe.fr\/association\/wp-content\/uploads\/2024\/07\/2024-05-17-236x300.webp 236w\" sizes=\"auto, (max-width: 446px) 100vw, 446px\" \/><\/a><\/figure>\n\n\n\n<figure class=\"wp-block-image size-large\"><a href=\"https:\/\/www.aphyllanthe.fr\/association\/wp-content\/uploads\/2024\/07\/2024-04-30-1.webp\"><img loading=\"lazy\" decoding=\"async\" width=\"500\" height=\"376\" data-id=\"22170\" src=\"https:\/\/www.aphyllanthe.fr\/association\/wp-content\/uploads\/2024\/07\/2024-04-30-1.webp\" alt=\"\" class=\"wp-image-22170\" srcset=\"https:\/\/www.aphyllanthe.fr\/association\/wp-content\/uploads\/2024\/07\/2024-04-30-1.webp 500w, https:\/\/www.aphyllanthe.fr\/association\/wp-content\/uploads\/2024\/07\/2024-04-30-1-300x226.webp 300w\" sizes=\"auto, (max-width: 500px) 100vw, 500px\" \/><\/a><\/figure>\n<\/figure>\n\n\n\n<h6 class=\"wp-block-heading has-text-align-center\">Merci \u00e0 Marie, l&rsquo;animatrice, \u00e0 Myriam et \u00e0 Claude, les deux b\u00e9n\u00e9voles tr\u00e8s impliqu\u00e9es dans les activit\u00e9s du CLAS et le suivi des enfants, sans oublier Florence, la coordinatrice du programme \u00e0 l&rsquo;Aphyllanthe.<\/h6>\n\n\n\n<h5 class=\"wp-block-heading has-pale-ocean-gradient-background has-background\"><strong>Ann\u00e9e 2022-2023<\/strong><\/h5>\n\n\n\n<p><strong>Go\u00fbter de fin d\u2019ann\u00e9e<\/strong><br \/>Les deux groupes du CLAS ont partag\u00e9 un go\u00fbter lors de la derni\u00e8re s\u00e9ance, une mani\u00e8re de remercier les deux animatrices, Marie Ducatel et Myriam Dilphy, qui sont intervenues pour les enfants du SIRP tout au long de l\u2019ann\u00e9e.<a href=\"https:\/\/www.aphyllanthe.fr\/association\/wp-content\/uploads\/2023\/07\/20230612_171359-1-scaled.webp\"><img loading=\"lazy\" decoding=\"async\" width=\"300\" height=\"135\" class=\"alignnone size-medium wp-image-19145\" src=\"https:\/\/www.aphyllanthe.fr\/association\/wp-content\/uploads\/2023\/07\/20230612_171359-1-300x135.webp\" alt=\"\" srcset=\"https:\/\/www.aphyllanthe.fr\/association\/wp-content\/uploads\/2023\/07\/20230612_171359-1-300x135.webp 300w, https:\/\/www.aphyllanthe.fr\/association\/wp-content\/uploads\/2023\/07\/20230612_171359-1-1024x462.webp 1024w, https:\/\/www.aphyllanthe.fr\/association\/wp-content\/uploads\/2023\/07\/20230612_171359-1-768x346.webp 768w, https:\/\/www.aphyllanthe.fr\/association\/wp-content\/uploads\/2023\/07\/20230612_171359-1-1536x692.webp 1536w, https:\/\/www.aphyllanthe.fr\/association\/wp-content\/uploads\/2023\/07\/20230612_171359-1-2048x923.webp 2048w, https:\/\/www.aphyllanthe.fr\/association\/wp-content\/uploads\/2023\/07\/20230612_171359-1-1320x595.webp 1320w\" sizes=\"auto, (max-width: 300px) 100vw, 300px\" \/><\/a><\/p>\n\n\n\n<p>Les enfants ont pu ramener chez eux les horloges qu\u2019ils ont r\u00e9alis\u00e9 pendant l\u2019ann\u00e9e, et qui fonctionnent !<br \/><div id=\"metaslider-id-19334\" style=\"max-width: 900px; margin: 0 auto;\" class=\"ml-slider-3-108-0 metaslider metaslider-nivo metaslider-19334 ml-slider ms-theme-default\" role=\"region\" aria-label=\"CLAS 2022-2023\" data-height=\"600\" data-width=\"900\">\n    <div id=\"metaslider_container_19334\">\n        <div class='slider-wrapper theme-default'><div class='ribbon'><\/div><div id='metaslider_19334' class='nivoSlider'><img loading=\"lazy\" decoding=\"async\" src=\"https:\/\/www.aphyllanthe.fr\/association\/wp-content\/uploads\/2023\/02\/CLAS-MASQUES-scaled-900x600.webp\" height=\"600\" width=\"900\" data-caption=\"Qui se cache derri&egrave;re Shaun le mouton ?\" title=\"CLAS-MASQUES\" alt=\"\" class=\"slider-19334 slide-19335 msDefaultImage\" \/><img loading=\"lazy\" decoding=\"async\" src=\"https:\/\/www.aphyllanthe.fr\/association\/wp-content\/uploads\/2023\/07\/IMG_0968-scaled-900x600.webp\" height=\"600\" width=\"900\" title=\"IMG_0968\" alt=\"\" class=\"slider-19334 slide-19336 msDefaultImage\" \/><img loading=\"lazy\" decoding=\"async\" src=\"https:\/\/www.aphyllanthe.fr\/association\/wp-content\/uploads\/2023\/07\/IMG_0969-scaled-900x600.webp\" height=\"600\" width=\"900\" title=\"IMG_0969\" alt=\"\" class=\"slider-19334 slide-19337 msDefaultImage\" \/><img loading=\"lazy\" decoding=\"async\" src=\"https:\/\/www.aphyllanthe.fr\/association\/wp-content\/uploads\/2023\/07\/IMG_0970-scaled-900x600.webp\" height=\"600\" width=\"900\" title=\"IMG_0970\" alt=\"\" class=\"slider-19334 slide-19338 msDefaultImage\" \/><img loading=\"lazy\" decoding=\"async\" src=\"https:\/\/www.aphyllanthe.fr\/association\/wp-content\/uploads\/2023\/07\/IMG_0971-scaled-900x600.webp\" height=\"600\" width=\"900\" title=\"IMG_0971\" alt=\"\" class=\"slider-19334 slide-19339 msDefaultImage\" \/><img loading=\"lazy\" decoding=\"async\" src=\"https:\/\/www.aphyllanthe.fr\/association\/wp-content\/uploads\/2023\/08\/LECTURE-A-VOIX-HAUTE-scaled-900x600.webp\" height=\"600\" width=\"900\" title=\"LECTURE \u00c0 VOIX HAUTE\" alt=\"\" class=\"slider-19334 slide-19342 msDefaultImage\" \/><\/div><\/div>\n        \n    <\/div>\n<\/div><\/p>\n\n\n\n<p><strong>Visite de l\u2019atelier de reliure <em>Le Livre dans la Peau<\/em> \u00e0 Uz\u00e8s<\/strong><br \/><em>Le mercredi 21 juin \u00e0 18h, certains enfants du CLAS accompagn\u00e9s d\u2019un parent, de Marie Ducatel l\u2019intervenante CLAS et d\u2019un membre du CA de l\u2019Aphyllanthe, ont d\u00e9couvert un atelier de reliure et de restauration de livres \u00e0 Uz\u00e8s.<br \/>Marie a eu cette belle id\u00e9e pour la sortie de fin d\u2019ann\u00e9e et Delphine Dejean nous a accueillis avec bienveillance et enthousiasme dans son atelier de la rue du G\u00e9n\u00e9ral Vincent.<br \/>Les enfants ont pu observer les diff\u00e9rents outils (marteau, cousoir, \u2026) et machines (presses, cisailles\u2026), toucher et sentir les papiers et les cuirs et suivre quelques \u00e9tapes de la reliure d\u2019un livre. Avec \u00e9tonnement et \u00e9merveillement, les enfants ont appris qu\u2019il y en a 60 !<br \/>Ils ont manifest\u00e9 beaucoup d\u2019int\u00e9r\u00eat et ont pos\u00e9 de nombreuses questions. Apr\u00e8s une heure de visite, ils sont repartis le sourire aux l\u00e8vres.<\/em><br \/>Florence<br \/><div id=\"metaslider-id-19343\" style=\"max-width: 900px; margin: 0 auto;\" class=\"ml-slider-3-108-0 metaslider metaslider-nivo metaslider-19343 ml-slider ms-theme-default\" role=\"region\" aria-label=\"CLAS - visite atelier de reliure\" data-height=\"600\" data-width=\"900\">\n    <div id=\"metaslider_container_19343\">\n        <div class='slider-wrapper theme-default'><div class='ribbon'><\/div><div id='metaslider_19343' class='nivoSlider'><img loading=\"lazy\" decoding=\"async\" src=\"https:\/\/www.aphyllanthe.fr\/association\/wp-content\/uploads\/2023\/07\/IMG_0983-scaled-900x600.webp\" height=\"600\" width=\"900\" title=\"IMG_0983\" alt=\"\" class=\"slider-19343 slide-19344 msDefaultImage\" \/><img loading=\"lazy\" decoding=\"async\" src=\"https:\/\/www.aphyllanthe.fr\/association\/wp-content\/uploads\/2023\/07\/IMG_0984-scaled-900x600.webp\" height=\"600\" width=\"900\" title=\"IMG_0984\" alt=\"\" class=\"slider-19343 slide-19345 msDefaultImage\" \/><img loading=\"lazy\" decoding=\"async\" src=\"https:\/\/www.aphyllanthe.fr\/association\/wp-content\/uploads\/2023\/07\/IMG_0987-scaled-900x600.webp\" height=\"600\" width=\"900\" title=\"IMG_0987\" alt=\"\" class=\"slider-19343 slide-19346 msDefaultImage\" \/><\/div><\/div>\n        \n    <\/div>\n<\/div><\/p>\n\n\n\n<p><strong><br \/>R\u00e9alisations 2021 :<\/strong><\/p>\n\n\n<div id=\"metaslider-id-16910\" style=\"max-width: 900px; margin: 0 auto;\" class=\"ml-slider-3-108-0 metaslider metaslider-nivo metaslider-16910 ml-slider ms-theme-default\" role=\"region\" aria-label=\"CLAS 2021\" data-height=\"600\" data-width=\"900\">\n    <div id=\"metaslider_container_16910\">\n        <div class='slider-wrapper theme-default'><div class='ribbon'><\/div><div id='metaslider_16910' class='nivoSlider'><img loading=\"lazy\" decoding=\"async\" src=\"https:\/\/www.aphyllanthe.fr\/association\/wp-content\/uploads\/2022\/07\/AYLEN-scaled-900x600.webp\" height=\"600\" width=\"900\" title=\"Autoportrait 1\" alt=\"\" class=\"slider-16910 slide-16912 msDefaultImage\" \/><img loading=\"lazy\" decoding=\"async\" src=\"https:\/\/www.aphyllanthe.fr\/association\/wp-content\/uploads\/2021\/07\/clas3-550x366.jpg\" height=\"600\" width=\"900\" title=\"clas3\" alt=\"\" class=\"slider-16910 slide-16925 msDefaultImage\" \/><img loading=\"lazy\" decoding=\"async\" src=\"https:\/\/www.aphyllanthe.fr\/association\/wp-content\/uploads\/2021\/07\/clas4-550x366.jpg\" height=\"600\" width=\"900\" title=\"clas4\" alt=\"\" class=\"slider-16910 slide-16926 msDefaultImage\" \/><img loading=\"lazy\" decoding=\"async\" src=\"https:\/\/www.aphyllanthe.fr\/association\/wp-content\/uploads\/2021\/07\/clas5-550x366.jpg\" height=\"600\" width=\"900\" title=\"clas5\" alt=\"\" class=\"slider-16910 slide-16927 msDefaultImage\" \/><img loading=\"lazy\" decoding=\"async\" src=\"https:\/\/www.aphyllanthe.fr\/association\/wp-content\/uploads\/2021\/07\/clas2-550x366.jpg\" height=\"600\" width=\"900\" title=\"clas2\" alt=\"\" class=\"slider-16910 slide-16928 msDefaultImage\" \/><img loading=\"lazy\" decoding=\"async\" src=\"https:\/\/www.aphyllanthe.fr\/association\/wp-content\/uploads\/2021\/07\/clas1-550x366.jpg\" height=\"600\" width=\"900\" title=\"clas1\" alt=\"\" class=\"slider-16910 slide-16929 msDefaultImage\" \/><img loading=\"lazy\" decoding=\"async\" src=\"https:\/\/www.aphyllanthe.fr\/association\/wp-content\/uploads\/2022\/07\/20211216_165407-900x600.webp\" height=\"600\" width=\"900\" title=\"20211216_165407\" alt=\"\" class=\"slider-16910 slide-16934 msDefaultImage\" \/><img loading=\"lazy\" decoding=\"async\" src=\"https:\/\/www.aphyllanthe.fr\/association\/wp-content\/uploads\/2022\/07\/CHRISTOPHE-scaled-900x600.webp\" height=\"600\" width=\"900\" title=\"CHRISTOPHE\" alt=\"\" class=\"slider-16910 slide-16936 msDefaultImage\" \/><img loading=\"lazy\" decoding=\"async\" src=\"https:\/\/www.aphyllanthe.fr\/association\/wp-content\/uploads\/2022\/07\/IMG_0619-scaled-900x600.webp\" height=\"600\" width=\"900\" title=\"IMG_0619\" alt=\"\" class=\"slider-16910 slide-16938 msDefaultImage\" \/><img loading=\"lazy\" decoding=\"async\" src=\"https:\/\/www.aphyllanthe.fr\/association\/wp-content\/uploads\/2022\/07\/MAHENNA-scaled-900x600.webp\" height=\"600\" width=\"900\" title=\"MAHENNA\" alt=\"\" class=\"slider-16910 slide-16940 msDefaultImage\" \/><img loading=\"lazy\" decoding=\"async\" src=\"https:\/\/www.aphyllanthe.fr\/association\/wp-content\/uploads\/2022\/07\/MARGOT-scaled-900x600.webp\" height=\"600\" width=\"900\" title=\"MARGOT\" alt=\"\" class=\"slider-16910 slide-16941 msDefaultImage\" \/><img loading=\"lazy\" decoding=\"async\" src=\"https:\/\/www.aphyllanthe.fr\/association\/wp-content\/uploads\/2022\/07\/MARVIN-scaled-900x600.webp\" height=\"600\" width=\"900\" title=\"MARVIN\" alt=\"\" class=\"slider-16910 slide-16942 msDefaultImage\" \/><img loading=\"lazy\" decoding=\"async\" src=\"https:\/\/www.aphyllanthe.fr\/association\/wp-content\/uploads\/2022\/07\/Theatre-1-900x600.webp\" height=\"600\" width=\"900\" title=\"Th\u00e9\u00e2tre-1\" alt=\"\" class=\"slider-16910 slide-16943 msDefaultImage\" \/><\/div><\/div>\n        \n    <\/div>\n<\/div>\n\n\n\n<p><span style=\"text-decoration: underline;\"><strong>Origine et nature du programme<\/strong><\/span><\/p>\n\n\n\n<p><span style=\"text-decoration: underline;\"><strong>La Charte<\/strong><\/span><br \/><strong><a href=\"http:\/\/www.aphyllanthe.fr\/association\/pdf\/clas_charte_2001.pdf\" target=\"_blank\" rel=\"noopener\" data-wplink-edit=\"true\">La Charte nationale de l\u2019accompagnement \u00e0 la scolarit\u00e9<\/a>, <\/strong>sign\u00e9e le 7 juin 2001, d\u00e9signe l\u2019ensemble des actions qui visent \u00e0 offrir aux enfants et aux adolescents l\u2019appui et les ressources dont ils ont besoin pour r\u00e9ussir \u00e0 l\u2019\u00e9cole, et qu\u2019ils ne trouvent pas toujours dans leur environnement familial et social. Les actions d\u00e9velopp\u00e9es dans le cadre de l\u2019accompagnement \u00e0 la scolarit\u00e9 s\u2019adressent aux enfants et aux jeunes scolaris\u00e9s, de l\u2019\u00e9cole \u00e9l\u00e9mentaire au lyc\u00e9e. Les enfants nouvellement arriv\u00e9s en France peuvent \u00eatre soutenus dans leur scolarit\u00e9 par ces actions.<\/p>\n\n\n\n<p>Elles s\u2019exercent dans un cadre la\u00efc non pros\u00e9lyte, assurant la mixit\u00e9 des gar\u00e7ons et des filles. Elles sont ouvertes sur l\u2019ensemble du territoire et en priorit\u00e9 dans les zones urbaines sensibles et les r\u00e9seaux de l\u2019\u00e9ducation prioritaire (RAR, RRS).<\/p>\n\n\n\n<p>Elles ont lieu en dehors des temps de l\u2019\u00e9cole et sont distinctes de celle que l\u2019\u00c9ducation Nationale met en \u0153uvre pour les \u00e9l\u00e8ves en difficult\u00e9. Elles sont centr\u00e9es sur l\u2019aide aux devoirs et les apports culturels n\u00e9cessaires \u00e0 la r\u00e9ussite scolaire, ainsi que sur les apports m\u00e9thodologiques visant \u00e0 reprendre confiance en soi et \u00e0 d\u00e9passer le sentiment d\u2019\u00e9chec.<\/p>\n\n\n\n<p>Elles contribuent \u00e0 l\u2019\u00e9galit\u00e9 des chances et \u00e0 la pr\u00e9vention de l\u2019\u00e9chec scolaire.<\/p>\n\n\n<div class=\"wp-block-image\">\n<figure class=\"alignleft\"><img decoding=\"async\" src=\"http:\/\/www.aphyllanthe.fr\/association\/wp-content\/uploads\/2014\/12\/a-sept-clas-300x133.jpg\" alt=\"a-sept-clas\" class=\"wp-image-103\"\/><\/figure>\n<\/div>\n\n\n<p><span style=\"text-decoration: underline;\"><strong>Extrait de la Charte Nationale :<\/strong><\/span><br \/><\/p>\n\n\n\n<div style=\"font-size: 0.9em; color: grey;\">\n<p><em>\u00ab\u00a0Le droit \u00e0 l\u2019\u00e9ducation est un droit fondamental dans notre soci\u00e9t\u00e9. Cette exigence d\u00e9mocratique d\u2019une meilleure formation g\u00e9n\u00e9rale et d\u2019un haut niveau de qualification pour tous correspond aux besoins fondamentaux de la Nation. Satisfaire ce droit et r\u00e9pondre \u00e0 ce besoin constituent pour l\u2019\u00c9cole un v\u00e9ritable d\u00e9fi. Elle le rel\u00e8ve en adaptant en permanence ses formations, ses capacit\u00e9s d\u2019accueil, ses structures, ses modes de fonctionnement. Elle d\u00e9veloppe notamment en son sein, dans le cadre des enseignements qu\u2019elle dispense, diverses formes d\u2019aide et de soutien aux \u00e9l\u00e8ves.<\/em><\/p>\n<p>L\u2019\u00c9cole fait tout pour mener \u00e0 la r\u00e9ussite les jeunes qui lui sont confi\u00e9s. Pour remplir cette mission, quand le contexte est difficile, elle doit s\u2019appuyer sur l\u2019ensemble des coop\u00e9rations qui s\u2019offrent \u00e0 elle.<\/p>\n<p>Les familles, toutes les familles, de leur c\u00f4t\u00e9, sont tr\u00e8s attach\u00e9es \u00e0 la r\u00e9ussite de leur enfant \u00e0 l\u2019\u00c9cole.<br \/>L\u2019accompagnement \u00e0 la scolarit\u00e9 joue ce r\u00f4le de compl\u00e9ment et de partenaire de l\u2019\u00c9cole, pour autant qu\u2019il se d\u00e9veloppe dans le respect des comp\u00e9tences et des responsabilit\u00e9s de chacun et des besoins de chaque enfant, sans se substituer aux obligations de l\u2019\u00c9tat en mati\u00e8re scolaire.<\/p>\n<p>Ainsi, toutes les initiatives qui se donnent pour t\u00e2che d\u2019aider les \u00e9l\u00e8ves et qui s\u2019appuient sur les ressources de l\u2019environnement, doivent \u00eatre r\u00e9solument encourag\u00e9es. Dans les territoires les plus d\u00e9favoris\u00e9s, urbains et ruraux, cela constitue m\u00eame une priorit\u00e9.<br \/>D\u2019ores et d\u00e9j\u00e0, ces initiatives sont nombreuses et diverses. Elles t\u00e9moignent de l\u2019importante mobilisation des acteurs, qui r\u00e9pondent aux besoins des \u00e9l\u00e8ves et aux demandes des familles&#8230;.\u00a0\u00bb<\/p>\n<\/div>\n","protected":false},"excerpt":{"rendered":"<p>Introduction Le Contrat Local d&rsquo;Accompagnement \u00e0 la scolarit\u00e9 est un programme national dont la charte a \u00e9t\u00e9 publi\u00e9e en 2001. L&rsquo;Aphyllanthe participe au Contrat Local de l&rsquo;accompagnement \u00e0 la Scolarit\u00e9 depuis 2003 en intervenant aupr\u00e8s des enfants dans 2 \u00e9coles du regroupement p\u00e9dagogique (Aigaliers, Baron et Foissac) par le biais d&rsquo;animatrices salari\u00e9es poss\u00e9dant les qualifications &hellip; <a href=\"https:\/\/www.aphyllanthe.fr\/association\/enfance\/clas-programme-national\/\" class=\"more-link\">Continuer la lecture de <span class=\"screen-reader-text\">CLAS : Programme national<\/span>  <span class=\"meta-nav\">&rarr;<\/span><\/a><\/p>\n","protected":false},"author":1,"featured_media":0,"parent":388,"menu_order":0,"comment_status":"closed","ping_status":"closed","template":"","meta":{"footnotes":""},"class_list":["post-390","page","type-page","status-publish","hentry"],"_links":{"self":[{"href":"https:\/\/www.aphyllanthe.fr\/association\/wp-json\/wp\/v2\/pages\/390","targetHints":{"allow":["GET"]}}],"collection":[{"href":"https:\/\/www.aphyllanthe.fr\/association\/wp-json\/wp\/v2\/pages"}],"about":[{"href":"https:\/\/www.aphyllanthe.fr\/association\/wp-json\/wp\/v2\/types\/page"}],"author":[{"embeddable":true,"href":"https:\/\/www.aphyllanthe.fr\/association\/wp-json\/wp\/v2\/users\/1"}],"replies":[{"embeddable":true,"href":"https:\/\/www.aphyllanthe.fr\/association\/wp-json\/wp\/v2\/comments?post=390"}],"version-history":[{"count":30,"href":"https:\/\/www.aphyllanthe.fr\/association\/wp-json\/wp\/v2\/pages\/390\/revisions"}],"predecessor-version":[{"id":24602,"href":"https:\/\/www.aphyllanthe.fr\/association\/wp-json\/wp\/v2\/pages\/390\/revisions\/24602"}],"up":[{"embeddable":true,"href":"https:\/\/www.aphyllanthe.fr\/association\/wp-json\/wp\/v2\/pages\/388"}],"wp:attachment":[{"href":"https:\/\/www.aphyllanthe.fr\/association\/wp-json\/wp\/v2\/media?parent=390"}],"curies":[{"name":"wp","href":"https:\/\/api.w.org\/{rel}","templated":true}]}}