{"id":392,"date":"2014-12-10T17:09:58","date_gmt":"2014-12-10T17:09:58","guid":{"rendered":"http:\/\/www.aphyllanthe.fr\/association\/?page_id=392"},"modified":"2025-10-21T10:44:18","modified_gmt":"2025-10-21T09:44:18","slug":"accueil","status":"publish","type":"page","link":"https:\/\/www.aphyllanthe.fr\/association\/accueil\/","title":{"rendered":"Accueil"},"content":{"rendered":"\n<p class=\"has-text-align-center has-white-color has-black-background-color has-text-color has-background has-link-color wp-elements-c6582516c50e286e5299b73c118208fb\"><strong>Vous cherchez nos actualit\u00e9s ?\u00a0 C&rsquo;est <a href=\"https:\/\/www.aphyllanthe.fr\/association\/\" target=\"_blank\" rel=\"noreferrer noopener\">ici.<\/a>\u00a0<\/strong><\/p>\n\n\n\n<div class=\"wp-block-columns is-layout-flex wp-container-core-columns-is-layout-9d6595d7 wp-block-columns-is-layout-flex\">\n<div class=\"wp-block-column is-layout-flow wp-block-column-is-layout-flow\" style=\"flex-basis:100%\">\n<div class=\"wp-block-group\"><div class=\"wp-block-group__inner-container is-layout-flow wp-block-group-is-layout-flow\">\n<figure><img loading=\"lazy\" decoding=\"async\" src=\"https:\/\/www.aphyllanthe.fr\/association\/wp-content\/uploads\/2019\/06\/nouvelle-mairie-bibliotheque-02-1024x637.jpg\" sizes=\"auto, (max-width: 474px) 100vw, 474px\" srcset=\"https:\/\/www.aphyllanthe.fr\/association\/wp-content\/uploads\/2019\/06\/nouvelle-mairie-bibliotheque-02-1024x637.jpg 1024w, https:\/\/www.aphyllanthe.fr\/association\/wp-content\/uploads\/2019\/06\/nouvelle-mairie-bibliotheque-02-300x187.jpg 300w, https:\/\/www.aphyllanthe.fr\/association\/wp-content\/uploads\/2019\/06\/nouvelle-mairie-bibliotheque-02-768x478.jpg 768w, https:\/\/www.aphyllanthe.fr\/association\/wp-content\/uploads\/2019\/06\/nouvelle-mairie-bibliotheque-02-1320x821.jpg 1320w, https:\/\/www.aphyllanthe.fr\/association\/wp-content\/uploads\/2019\/06\/nouvelle-mairie-bibliotheque-02.jpg 1736w\" alt=\"\" width=\"474\" height=\"295\" \/>\n<figcaption>la nouvelle biblioth\u00e8que<\/figcaption>\n<\/figure>\n<p><strong>Association l&rsquo;Aphyllanthe<br \/><\/strong>Biblioth\u00e8que, au 1er \u00e9tage de la Mairie,<\/p>\n<p>280, route St\u00e9phane Hessel<br \/>30700 Aigaliers<br \/>T\u00e9l : 04 66 22 10 20<br \/>Mail : aphyllanthe@orange.fr<\/p>\n<p><strong>Horaires du secr\u00e9tariat <br \/><\/strong><\/p>\n<p>Mercredi : 9h00-12h00 et 14h00-18h00<br \/>Jeudi : 9h00-12h15<br \/>Vendredi : 9h00-12h15<\/p>\n<h3 style=\"text-align: center;\">\u00a0<\/h3>\n<p><em>L&rsquo;Aphyllanthe, pr\u00e9sente \u00e0 Aigaliers depuis 2003, propose, selon les ann\u00e9es, des activit\u00e9s hebdomadaires pour enfants et adultes et des soir\u00e9es et sorties \u00e0 th\u00e8mes. Pour les enfants, ce sont des ateliers de th\u00e9\u00e2tre, de poterie, et d&rsquo;arts plastiques.\u00a0 Sont \u00e9galement propos\u00e9es des activit\u00e9s pour adultes comme la\u00a0 gym douce et la gym d\u2019entretien, un atelier tricot-th\u00e9, un atelier de couture et des sorties randonn\u00e9e. Ponctuellement nous organisons des sorties patinoire, des mini-stages d&rsquo;\u00e9quitation, des sorties au cin\u00e9ma, soir\u00e9es bowling et laser-game et des visites guid\u00e9es \u00e0 th\u00e8me. Des b\u00e9n\u00e9voles animent des ateliers de partage de\u00a0 savoirs, des ateliers de d\u00e9coration et bricolage pour des enfants et font r\u00e9guli\u00e8rement la lecture de contes pour les enfants dans le cadre de la coop\u00e9ration scolaire.<\/em><\/p>\n<p>L&rsquo;Association est partenaire de la Caisse des Allocations Familiales du Gard dans le cadre du programme \u00ab\u00a0Espace de Vie Sociale\u00a0\u00bb.<\/p>\n<h2 style=\"text-align: center;\"><a href=\"http:\/\/www.aphyllanthe.fr\/association\/pdf\/statuts-v5.pdf\" target=\"_blank\" rel=\"noopener noreferrer\"><strong>Consulter les statuts<\/strong><\/a><\/h2>\n<figure><\/figure>\n<figure><\/figure>\n<figure><\/figure>\n<figure><\/figure>\n<figure><\/figure>\n<figure><\/figure>\n<figure><\/figure>\n<figure><\/figure>\n<figure><\/figure>\n<figure><\/figure>\n<figure><\/figure>\n<figure><\/figure>\n<figure><\/figure>\n<figure><\/figure>\n<figure><\/figure>\n<figure><\/figure>\n<figure><\/figure>\n<figure><\/figure>\n<figure><\/figure>\n<\/div><\/div>\n<\/div>\n<\/div>\n\n\n\n<figure class=\"wp-block-gallery has-nested-images columns-default is-cropped wp-block-gallery-2 is-layout-flex wp-block-gallery-is-layout-flex\">\n<figure class=\"wp-block-image size-large\"><a href=\"https:\/\/www.aphyllanthe.fr\/association\/wp-content\/uploads\/2021\/11\/DSC05132.webp\"><img loading=\"lazy\" decoding=\"async\" width=\"1024\" height=\"683\" data-id=\"15604\" src=\"https:\/\/www.aphyllanthe.fr\/association\/wp-content\/uploads\/2021\/11\/DSC05132-1024x683.webp\" alt=\"\" class=\"wp-image-15604\" srcset=\"https:\/\/www.aphyllanthe.fr\/association\/wp-content\/uploads\/2021\/11\/DSC05132-1024x683.webp 1024w, https:\/\/www.aphyllanthe.fr\/association\/wp-content\/uploads\/2021\/11\/DSC05132-300x200.webp 300w, https:\/\/www.aphyllanthe.fr\/association\/wp-content\/uploads\/2021\/11\/DSC05132-768x512.webp 768w, https:\/\/www.aphyllanthe.fr\/association\/wp-content\/uploads\/2021\/11\/DSC05132-1536x1024.webp 1536w, https:\/\/www.aphyllanthe.fr\/association\/wp-content\/uploads\/2021\/11\/DSC05132-1320x880.webp 1320w, https:\/\/www.aphyllanthe.fr\/association\/wp-content\/uploads\/2021\/11\/DSC05132.webp 1620w\" sizes=\"auto, (max-width: 1024px) 100vw, 1024px\" \/><\/a><\/figure>\n\n\n\n<figure class=\"wp-block-image size-large\"><a href=\"https:\/\/www.aphyllanthe.fr\/association\/wp-content\/uploads\/2021\/11\/20211105_111041-Grand.webp\"><img loading=\"lazy\" decoding=\"async\" width=\"1024\" height=\"576\" data-id=\"15563\" src=\"https:\/\/www.aphyllanthe.fr\/association\/wp-content\/uploads\/2021\/11\/20211105_111041-Grand-1024x576.webp\" alt=\"\" class=\"wp-image-15563\" srcset=\"https:\/\/www.aphyllanthe.fr\/association\/wp-content\/uploads\/2021\/11\/20211105_111041-Grand-1024x576.webp 1024w, https:\/\/www.aphyllanthe.fr\/association\/wp-content\/uploads\/2021\/11\/20211105_111041-Grand-300x169.webp 300w, https:\/\/www.aphyllanthe.fr\/association\/wp-content\/uploads\/2021\/11\/20211105_111041-Grand-768x432.webp 768w, https:\/\/www.aphyllanthe.fr\/association\/wp-content\/uploads\/2021\/11\/20211105_111041-Grand-1536x864.webp 1536w, https:\/\/www.aphyllanthe.fr\/association\/wp-content\/uploads\/2021\/11\/20211105_111041-Grand-1320x743.webp 1320w, https:\/\/www.aphyllanthe.fr\/association\/wp-content\/uploads\/2021\/11\/20211105_111041-Grand.webp 1920w\" sizes=\"auto, (max-width: 1024px) 100vw, 1024px\" \/><\/a><\/figure>\n\n\n\n<figure class=\"wp-block-image size-large\"><a href=\"https:\/\/www.aphyllanthe.fr\/association\/wp-content\/uploads\/2021\/10\/20211015_091152-Grand_xxx.webp\"><img loading=\"lazy\" decoding=\"async\" width=\"768\" height=\"1024\" data-id=\"15405\" src=\"https:\/\/www.aphyllanthe.fr\/association\/wp-content\/uploads\/2021\/10\/20211015_091152-Grand_xxx-768x1024.webp\" alt=\"Automne sur \u00e9tag\u00e8re\" class=\"wp-image-15405\" srcset=\"https:\/\/www.aphyllanthe.fr\/association\/wp-content\/uploads\/2021\/10\/20211015_091152-Grand_xxx-768x1024.webp 768w, https:\/\/www.aphyllanthe.fr\/association\/wp-content\/uploads\/2021\/10\/20211015_091152-Grand_xxx-225x300.webp 225w, https:\/\/www.aphyllanthe.fr\/association\/wp-content\/uploads\/2021\/10\/20211015_091152-Grand_xxx.webp 1080w\" sizes=\"auto, (max-width: 768px) 100vw, 768px\" \/><\/a><figcaption class=\"wp-element-caption\">Automne sur \u00e9tag\u00e8re<\/figcaption><\/figure>\n\n\n\n<figure class=\"wp-block-image size-large\"><a href=\"https:\/\/www.aphyllanthe.fr\/association\/wp-content\/uploads\/2021\/11\/20211102_114557-Grand.webp\"><img loading=\"lazy\" decoding=\"async\" width=\"1024\" height=\"576\" data-id=\"15550\" src=\"https:\/\/www.aphyllanthe.fr\/association\/wp-content\/uploads\/2021\/11\/20211102_114557-Grand-1024x576.webp\" alt=\"\" class=\"wp-image-15550\" srcset=\"https:\/\/www.aphyllanthe.fr\/association\/wp-content\/uploads\/2021\/11\/20211102_114557-Grand-1024x576.webp 1024w, https:\/\/www.aphyllanthe.fr\/association\/wp-content\/uploads\/2021\/11\/20211102_114557-Grand-300x169.webp 300w, https:\/\/www.aphyllanthe.fr\/association\/wp-content\/uploads\/2021\/11\/20211102_114557-Grand-768x432.webp 768w, https:\/\/www.aphyllanthe.fr\/association\/wp-content\/uploads\/2021\/11\/20211102_114557-Grand-1536x864.webp 1536w, https:\/\/www.aphyllanthe.fr\/association\/wp-content\/uploads\/2021\/11\/20211102_114557-Grand-1320x743.webp 1320w, https:\/\/www.aphyllanthe.fr\/association\/wp-content\/uploads\/2021\/11\/20211102_114557-Grand.webp 1920w\" sizes=\"auto, (max-width: 1024px) 100vw, 1024px\" \/><\/a><\/figure>\n\n\n\n<figure class=\"wp-block-image size-large\"><a href=\"https:\/\/www.aphyllanthe.fr\/association\/wp-content\/uploads\/2021\/09\/inscriptions-IMG-6109.webp\"><img loading=\"lazy\" decoding=\"async\" width=\"768\" height=\"1024\" data-id=\"15017\" src=\"https:\/\/www.aphyllanthe.fr\/association\/wp-content\/uploads\/2021\/09\/inscriptions-IMG-6109-768x1024.webp\" alt=\"\" class=\"wp-image-15017\" srcset=\"https:\/\/www.aphyllanthe.fr\/association\/wp-content\/uploads\/2021\/09\/inscriptions-IMG-6109-768x1024.webp 768w, https:\/\/www.aphyllanthe.fr\/association\/wp-content\/uploads\/2021\/09\/inscriptions-IMG-6109-225x300.webp 225w, https:\/\/www.aphyllanthe.fr\/association\/wp-content\/uploads\/2021\/09\/inscriptions-IMG-6109.webp 1080w\" sizes=\"auto, (max-width: 768px) 100vw, 768px\" \/><\/a><\/figure>\n\n\n\n<figure class=\"wp-block-image size-large\"><a href=\"https:\/\/www.aphyllanthe.fr\/association\/wp-content\/uploads\/2021\/09\/IMG-6105-vernissage.webp\"><img loading=\"lazy\" decoding=\"async\" width=\"1024\" height=\"768\" data-id=\"15016\" src=\"https:\/\/www.aphyllanthe.fr\/association\/wp-content\/uploads\/2021\/09\/IMG-6105-vernissage-1024x768.webp\" alt=\"\" class=\"wp-image-15016\" srcset=\"https:\/\/www.aphyllanthe.fr\/association\/wp-content\/uploads\/2021\/09\/IMG-6105-vernissage-1024x768.webp 1024w, https:\/\/www.aphyllanthe.fr\/association\/wp-content\/uploads\/2021\/09\/IMG-6105-vernissage-300x225.webp 300w, https:\/\/www.aphyllanthe.fr\/association\/wp-content\/uploads\/2021\/09\/IMG-6105-vernissage-768x576.webp 768w, https:\/\/www.aphyllanthe.fr\/association\/wp-content\/uploads\/2021\/09\/IMG-6105-vernissage-1320x990.webp 1320w, https:\/\/www.aphyllanthe.fr\/association\/wp-content\/uploads\/2021\/09\/IMG-6105-vernissage.webp 1440w\" sizes=\"auto, (max-width: 1024px) 100vw, 1024px\" \/><\/a><\/figure>\n\n\n\n<figure class=\"wp-block-image size-large\"><a href=\"https:\/\/www.aphyllanthe.fr\/association\/wp-content\/uploads\/2021\/09\/IMG-6086-vernissage.webp\"><img loading=\"lazy\" decoding=\"async\" width=\"1024\" height=\"768\" data-id=\"15005\" src=\"https:\/\/www.aphyllanthe.fr\/association\/wp-content\/uploads\/2021\/09\/IMG-6086-vernissage-1024x768.webp\" alt=\"\" class=\"wp-image-15005\" srcset=\"https:\/\/www.aphyllanthe.fr\/association\/wp-content\/uploads\/2021\/09\/IMG-6086-vernissage-1024x768.webp 1024w, https:\/\/www.aphyllanthe.fr\/association\/wp-content\/uploads\/2021\/09\/IMG-6086-vernissage-300x225.webp 300w, https:\/\/www.aphyllanthe.fr\/association\/wp-content\/uploads\/2021\/09\/IMG-6086-vernissage-768x576.webp 768w, https:\/\/www.aphyllanthe.fr\/association\/wp-content\/uploads\/2021\/09\/IMG-6086-vernissage-1320x990.webp 1320w, https:\/\/www.aphyllanthe.fr\/association\/wp-content\/uploads\/2021\/09\/IMG-6086-vernissage.webp 1440w\" sizes=\"auto, (max-width: 1024px) 100vw, 1024px\" \/><\/a><\/figure>\n\n\n\n<figure class=\"wp-block-image size-large\"><a href=\"https:\/\/www.aphyllanthe.fr\/association\/wp-content\/uploads\/2021\/09\/20210910_181720-vernissage.webp\"><img loading=\"lazy\" decoding=\"async\" width=\"1024\" height=\"768\" data-id=\"14998\" src=\"https:\/\/www.aphyllanthe.fr\/association\/wp-content\/uploads\/2021\/09\/20210910_181720-vernissage-1024x768.webp\" alt=\"\" class=\"wp-image-14998\" srcset=\"https:\/\/www.aphyllanthe.fr\/association\/wp-content\/uploads\/2021\/09\/20210910_181720-vernissage-1024x768.webp 1024w, https:\/\/www.aphyllanthe.fr\/association\/wp-content\/uploads\/2021\/09\/20210910_181720-vernissage-300x225.webp 300w, https:\/\/www.aphyllanthe.fr\/association\/wp-content\/uploads\/2021\/09\/20210910_181720-vernissage-768x576.webp 768w, https:\/\/www.aphyllanthe.fr\/association\/wp-content\/uploads\/2021\/09\/20210910_181720-vernissage.webp 1280w\" sizes=\"auto, (max-width: 1024px) 100vw, 1024px\" \/><\/a><\/figure>\n\n\n\n<figure class=\"wp-block-image size-large\"><a href=\"https:\/\/www.aphyllanthe.fr\/association\/wp-content\/uploads\/2021\/07\/20210621_182845-scaled.jpg\"><img loading=\"lazy\" decoding=\"async\" width=\"1024\" height=\"576\" data-id=\"14552\" src=\"https:\/\/www.aphyllanthe.fr\/association\/wp-content\/uploads\/2021\/07\/20210621_182845-1024x576.jpg\" alt=\"\" class=\"wp-image-14552\" srcset=\"https:\/\/www.aphyllanthe.fr\/association\/wp-content\/uploads\/2021\/07\/20210621_182845-1024x576.jpg 1024w, https:\/\/www.aphyllanthe.fr\/association\/wp-content\/uploads\/2021\/07\/20210621_182845-300x169.jpg 300w, https:\/\/www.aphyllanthe.fr\/association\/wp-content\/uploads\/2021\/07\/20210621_182845-768x432.jpg 768w, https:\/\/www.aphyllanthe.fr\/association\/wp-content\/uploads\/2021\/07\/20210621_182845-1536x864.jpg 1536w, https:\/\/www.aphyllanthe.fr\/association\/wp-content\/uploads\/2021\/07\/20210621_182845-2048x1152.jpg 2048w, https:\/\/www.aphyllanthe.fr\/association\/wp-content\/uploads\/2021\/07\/20210621_182845-1320x743.jpg 1320w\" sizes=\"auto, (max-width: 1024px) 100vw, 1024px\" \/><\/a><\/figure>\n\n\n\n<figure class=\"wp-block-image size-large\"><a href=\"https:\/\/www.aphyllanthe.fr\/association\/wp-content\/uploads\/2021\/07\/gouter1.jpg\"><img loading=\"lazy\" decoding=\"async\" width=\"500\" height=\"375\" data-id=\"14534\" src=\"https:\/\/www.aphyllanthe.fr\/association\/wp-content\/uploads\/2021\/07\/gouter1.jpg\" alt=\"\" class=\"wp-image-14534\" srcset=\"https:\/\/www.aphyllanthe.fr\/association\/wp-content\/uploads\/2021\/07\/gouter1.jpg 500w, https:\/\/www.aphyllanthe.fr\/association\/wp-content\/uploads\/2021\/07\/gouter1-300x225.jpg 300w\" sizes=\"auto, (max-width: 500px) 100vw, 500px\" \/><\/a><\/figure>\n\n\n\n<figure class=\"wp-block-image size-large\"><a href=\"https:\/\/www.aphyllanthe.fr\/association\/wp-content\/uploads\/2021\/07\/20210621_182659-scaled.jpg\"><img loading=\"lazy\" decoding=\"async\" width=\"576\" height=\"1024\" data-id=\"14562\" src=\"https:\/\/www.aphyllanthe.fr\/association\/wp-content\/uploads\/2021\/07\/20210621_182659-576x1024.jpg\" alt=\"\" class=\"wp-image-14562\" srcset=\"https:\/\/www.aphyllanthe.fr\/association\/wp-content\/uploads\/2021\/07\/20210621_182659-576x1024.jpg 576w, https:\/\/www.aphyllanthe.fr\/association\/wp-content\/uploads\/2021\/07\/20210621_182659-169x300.jpg 169w, https:\/\/www.aphyllanthe.fr\/association\/wp-content\/uploads\/2021\/07\/20210621_182659-768x1365.jpg 768w, https:\/\/www.aphyllanthe.fr\/association\/wp-content\/uploads\/2021\/07\/20210621_182659-864x1536.jpg 864w, https:\/\/www.aphyllanthe.fr\/association\/wp-content\/uploads\/2021\/07\/20210621_182659-1152x2048.jpg 1152w, https:\/\/www.aphyllanthe.fr\/association\/wp-content\/uploads\/2021\/07\/20210621_182659-1320x2347.jpg 1320w, https:\/\/www.aphyllanthe.fr\/association\/wp-content\/uploads\/2021\/07\/20210621_182659-scaled.jpg 1440w\" sizes=\"auto, (max-width: 576px) 100vw, 576px\" \/><\/a><\/figure>\n\n\n\n<figure class=\"wp-block-image size-large\"><a href=\"https:\/\/www.aphyllanthe.fr\/association\/wp-content\/uploads\/2021\/06\/canards.jpg\"><img loading=\"lazy\" decoding=\"async\" width=\"716\" height=\"426\" data-id=\"14381\" src=\"https:\/\/www.aphyllanthe.fr\/association\/wp-content\/uploads\/2021\/06\/canards.jpg\" alt=\"\" class=\"wp-image-14381\" srcset=\"https:\/\/www.aphyllanthe.fr\/association\/wp-content\/uploads\/2021\/06\/canards.jpg 716w, https:\/\/www.aphyllanthe.fr\/association\/wp-content\/uploads\/2021\/06\/canards-300x178.jpg 300w\" sizes=\"auto, (max-width: 716px) 100vw, 716px\" \/><\/a><figcaption class=\"wp-element-caption\">Photo Marl\u00e8ne Colin<\/figcaption><\/figure>\n\n\n\n<figure class=\"wp-block-image size-large\"><a href=\"https:\/\/www.aphyllanthe.fr\/association\/wp-content\/uploads\/2020\/12\/2020-12-06-deco-noel-bib-005-rotated.jpg\"><img loading=\"lazy\" decoding=\"async\" width=\"768\" height=\"1024\" data-id=\"13810\" src=\"https:\/\/www.aphyllanthe.fr\/association\/wp-content\/uploads\/2020\/12\/2020-12-06-deco-noel-bib-005-768x1024.jpg\" alt=\"\" class=\"wp-image-13810\" srcset=\"https:\/\/www.aphyllanthe.fr\/association\/wp-content\/uploads\/2020\/12\/2020-12-06-deco-noel-bib-005-768x1024.jpg 768w, https:\/\/www.aphyllanthe.fr\/association\/wp-content\/uploads\/2020\/12\/2020-12-06-deco-noel-bib-005-225x300.jpg 225w, https:\/\/www.aphyllanthe.fr\/association\/wp-content\/uploads\/2020\/12\/2020-12-06-deco-noel-bib-005-rotated.jpg 1080w\" sizes=\"auto, (max-width: 768px) 100vw, 768px\" \/><\/a><\/figure>\n\n\n\n<figure class=\"wp-block-image size-large\"><a href=\"https:\/\/www.aphyllanthe.fr\/association\/wp-content\/uploads\/2021\/05\/lecture-de-contes.jpeg\"><img loading=\"lazy\" decoding=\"async\" width=\"960\" height=\"720\" data-id=\"14288\" src=\"https:\/\/www.aphyllanthe.fr\/association\/wp-content\/uploads\/2021\/05\/lecture-de-contes.jpeg\" alt=\"\" class=\"wp-image-14288\" srcset=\"https:\/\/www.aphyllanthe.fr\/association\/wp-content\/uploads\/2021\/05\/lecture-de-contes.jpeg 960w, https:\/\/www.aphyllanthe.fr\/association\/wp-content\/uploads\/2021\/05\/lecture-de-contes-300x225.jpeg 300w, https:\/\/www.aphyllanthe.fr\/association\/wp-content\/uploads\/2021\/05\/lecture-de-contes-768x576.jpeg 768w\" sizes=\"auto, (max-width: 960px) 100vw, 960px\" \/><\/a><\/figure>\n<\/figure>\n\n\n\n<p><\/p>\n","protected":false},"excerpt":{"rendered":"<p>Vous cherchez nos actualit\u00e9s ?\u00a0 C&rsquo;est ici.\u00a0 la nouvelle biblioth\u00e8que Association l&rsquo;AphyllantheBiblioth\u00e8que, au 1er \u00e9tage de la Mairie, 280, route St\u00e9phane Hessel30700 AigaliersT\u00e9l : 04 66 22 10 20Mail : aphyllanthe@orange.fr Horaires du secr\u00e9tariat Mercredi : 9h00-12h00 et 14h00-18h00Jeudi : 9h00-12h15Vendredi : 9h00-12h15 \u00a0 L&rsquo;Aphyllanthe, pr\u00e9sente \u00e0 Aigaliers depuis 2003, propose, selon les ann\u00e9es, des &hellip; <a href=\"https:\/\/www.aphyllanthe.fr\/association\/accueil\/\" class=\"more-link\">Continuer la lecture de <span class=\"screen-reader-text\">Accueil<\/span>  <span class=\"meta-nav\">&rarr;<\/span><\/a><\/p>\n","protected":false},"author":1,"featured_media":0,"parent":0,"menu_order":-10,"comment_status":"closed","ping_status":"closed","template":"","meta":{"footnotes":""},"class_list":["post-392","page","type-page","status-publish","hentry"],"_links":{"self":[{"href":"https:\/\/www.aphyllanthe.fr\/association\/wp-json\/wp\/v2\/pages\/392","targetHints":{"allow":["GET"]}}],"collection":[{"href":"https:\/\/www.aphyllanthe.fr\/association\/wp-json\/wp\/v2\/pages"}],"about":[{"href":"https:\/\/www.aphyllanthe.fr\/association\/wp-json\/wp\/v2\/types\/page"}],"author":[{"embeddable":true,"href":"https:\/\/www.aphyllanthe.fr\/association\/wp-json\/wp\/v2\/users\/1"}],"replies":[{"embeddable":true,"href":"https:\/\/www.aphyllanthe.fr\/association\/wp-json\/wp\/v2\/comments?post=392"}],"version-history":[{"count":10,"href":"https:\/\/www.aphyllanthe.fr\/association\/wp-json\/wp\/v2\/pages\/392\/revisions"}],"predecessor-version":[{"id":25386,"href":"https:\/\/www.aphyllanthe.fr\/association\/wp-json\/wp\/v2\/pages\/392\/revisions\/25386"}],"wp:attachment":[{"href":"https:\/\/www.aphyllanthe.fr\/association\/wp-json\/wp\/v2\/media?parent=392"}],"curies":[{"name":"wp","href":"https:\/\/api.w.org\/{rel}","templated":true}]}}